{"id":25,"date":"2025-02-13T20:16:20","date_gmt":"2025-02-13T19:16:20","guid":{"rendered":"http:\/\/festivalduplancton.fr\/?page_id=25"},"modified":"2025-04-07T21:02:04","modified_gmt":"2025-04-07T19:02:04","slug":"contact","status":"publish","type":"page","link":"https:\/\/festivalduplancton.fr\/index.php\/contact\/","title":{"rendered":"Contact"},"content":{"rendered":"\n<div style=\"height:100px\" aria-hidden=\"true\" class=\"wp-block-spacer\"><\/div>\n\n\n\n<h1 class=\"wp-block-heading has-text-align-center\">Nous contacter<\/h1>\n\n\n\n<p>\u26a0\ufe0f Attention, toutes les inscriptions au Festival du Plancton sont \u00e0 faire sur la page d\u00e9di\u00e9e. Aucune inscription ne sera faite par mail. <a href=\"https:\/\/festivalduplancton.fr\/#programme-2025\">Cliquez ici pour y acc\u00e9der<\/a>.<\/p>\n\n\n<style id=\"wpforms-css-vars-470-block-d3009528-e93c-4b90-b154-15f15a9c0f9a\">\n\t\t\t\t#wpforms-470.wpforms-block-d3009528-e93c-4b90-b154-15f15a9c0f9a {\n\t\t\t\t--wpforms-label-color: var(--ast-global-color-7);\n--wpforms-label-sublabel-color: var(--ast-global-color-7);\n--wpforms-field-border-radius: 5px;\n--wpforms-field-background-color: var(--ast-global-color-7);\n--wpforms-field-border-color: var(--ast-global-color-0);\n--wpforms-field-border-color-spare: var(--ast-global-color-0);\n--wpforms-field-text-color: var(--ast-global-color-0);\n--wpforms-field-menu-color: var(--ast-global-color-7);\n--wpforms-button-border-style: solid;\n--wpforms-button-border-radius: 5px;\n--wpforms-button-background-color: var(--ast-global-color-1);\n--wpforms-button-text-color: var(--ast-global-color-0);\n--wpforms-button-border-color: var(--ast-global-color-0);\n--wpforms-field-size-input-height: 43px;\n--wpforms-field-size-input-spacing: 15px;\n--wpforms-field-size-font-size: 16px;\n--wpforms-field-size-line-height: 19px;\n--wpforms-field-size-padding-h: 14px;\n--wpforms-field-size-checkbox-size: 16px;\n--wpforms-field-size-sublabel-spacing: 5px;\n--wpforms-field-size-icon-size: 1;\n--wpforms-label-size-font-size: 16px;\n--wpforms-label-size-line-height: 19px;\n--wpforms-label-size-sublabel-font-size: 14px;\n--wpforms-label-size-sublabel-line-height: 17px;\n--wpforms-button-size-font-size: 17px;\n--wpforms-button-size-height: 41px;\n--wpforms-button-size-padding-h: 15px;\n--wpforms-button-size-margin-top: 10px;\n\t\t\t}\n\t\t\t<\/style><div class=\"wpforms-container wpforms-container-full wpforms-block wpforms-block-d3009528-e93c-4b90-b154-15f15a9c0f9a wpforms-render-modern\" id=\"wpforms-470\"><form id=\"wpforms-form-470\" class=\"wpforms-validate wpforms-form wpforms-ajax-form\" data-formid=\"470\" method=\"post\" enctype=\"multipart\/form-data\" action=\"\/index.php\/wp-json\/wp\/v2\/pages\/25\" data-token=\"4fe2594e3239dc5e3bf2d04963ca8fab\" data-token-time=\"1777214961\"><noscript class=\"wpforms-error-noscript\">Please enable JavaScript in your browser to complete this form.<\/noscript><div id=\"wpforms-error-noscript\" style=\"display: none;\">Please enable JavaScript in your browser to complete this form.<\/div><div class=\"wpforms-field-container\"><div id=\"wpforms-470-field_1-container\" class=\"wpforms-field wpforms-field-name\" data-field-id=\"1\"><fieldset><legend class=\"wpforms-field-label\">Nom <span class=\"wpforms-required-label\" aria-hidden=\"true\">*<\/span><\/legend><div class=\"wpforms-field-row wpforms-field-medium\"><div class=\"wpforms-field-row-block wpforms-first wpforms-one-half\"><input type=\"text\" id=\"wpforms-470-field_1\" class=\"wpforms-field-name-first wpforms-field-required\" name=\"wpforms[fields][1][first]\" aria-errormessage=\"wpforms-470-field_1-error\" required><label for=\"wpforms-470-field_1\" class=\"wpforms-field-sublabel after\">First<\/label><\/div><div class=\"wpforms-field-row-block wpforms-one-half\"><input type=\"text\" id=\"wpforms-470-field_1-last\" class=\"wpforms-field-name-last wpforms-field-required\" name=\"wpforms[fields][1][last]\" aria-errormessage=\"wpforms-470-field_1-last-error\" required><label for=\"wpforms-470-field_1-last\" class=\"wpforms-field-sublabel after\">Last<\/label><\/div><\/div><\/fieldset><\/div><div id=\"wpforms-470-field_2-container\" class=\"wpforms-field wpforms-field-email\" data-field-id=\"2\"><label class=\"wpforms-field-label\" for=\"wpforms-470-field_2\">E-mail <span class=\"wpforms-required-label\" aria-hidden=\"true\">*<\/span><\/label><input type=\"email\" id=\"wpforms-470-field_2\" class=\"wpforms-field-medium wpforms-field-required\" name=\"wpforms[fields][2]\" spellcheck=\"false\" aria-errormessage=\"wpforms-470-field_2-error\" required><\/div>\t\t<div id=\"wpforms-470-field_4-container\"\n\t\t\tclass=\"wpforms-field wpforms-field-text\"\n\t\t\tdata-field-type=\"text\"\n\t\t\tdata-field-id=\"4\"\n\t\t\t>\n\t\t\t<label class=\"wpforms-field-label\" for=\"wpforms-470-field_4\" >message ou Commentaire<\/label>\n\t\t\t<input type=\"text\" id=\"wpforms-470-field_4\" class=\"wpforms-field-medium\" name=\"wpforms[fields][4]\" >\n\t\t<\/div>\n\t\t<div id=\"wpforms-470-field_3-container\" class=\"wpforms-field wpforms-field-textarea\" data-field-id=\"3\"><label class=\"wpforms-field-label\" for=\"wpforms-470-field_3\">Commentaire ou message<\/label><textarea id=\"wpforms-470-field_3\" class=\"wpforms-field-medium\" name=\"wpforms[fields][3]\" aria-errormessage=\"wpforms-470-field_3-error\" ><\/textarea><\/div><script>\n\t\t\t\t( function() {\n\t\t\t\t\tconst style = document.createElement( 'style' );\n\t\t\t\t\tstyle.appendChild( document.createTextNode( '#wpforms-470-field_4-container { position: absolute !important; overflow: hidden !important; display: inline !important; height: 1px !important; width: 1px !important; z-index: -1000 !important; padding: 0 !important; } #wpforms-470-field_4-container input { visibility: hidden; } #wpforms-conversational-form-page #wpforms-470-field_4-container label { counter-increment: none; }' ) );\n\t\t\t\t\tdocument.head.appendChild( style );\n\t\t\t\t\tdocument.currentScript?.remove();\n\t\t\t\t} )();\n\t\t\t<\/script><\/div><!-- .wpforms-field-container --><div class=\"wpforms-recaptcha-container wpforms-is-recaptcha wpforms-is-recaptcha-type-invisible\" ><div class=\"g-recaptcha\" data-sitekey=\"6Lc0fQorAAAAAFDqGrmeijdzv_KB2TkJZNXDHZ3w\" data-size=\"invisible\"><\/div><\/div><div class=\"wpforms-submit-container\" ><input type=\"hidden\" name=\"wpforms[id]\" value=\"470\"><input type=\"hidden\" name=\"page_title\" value=\"\"><input type=\"hidden\" name=\"page_url\" value=\"https:\/\/festivalduplancton.fr\/index.php\/wp-json\/wp\/v2\/pages\/25\"><input type=\"hidden\" name=\"url_referer\" value=\"\"><button type=\"submit\" name=\"wpforms[submit]\" id=\"wpforms-submit-470\" class=\"wpforms-submit\" data-alt-text=\"Envoi...\" data-submit-text=\"Envoyer\" aria-live=\"assertive\" value=\"wpforms-submit\">Envoyer<\/button><img loading=\"lazy\" decoding=\"async\" src=\"https:\/\/festivalduplancton.fr\/wp-content\/plugins\/wpforms-lite\/assets\/images\/submit-spin.svg\" class=\"wpforms-submit-spinner\" style=\"display: none;\" width=\"26\" height=\"26\" alt=\"Loading\"><\/div><\/form><\/div>  <!-- .wpforms-container -->\n\n\n<div style=\"height:100px\" aria-hidden=\"true\" class=\"wp-block-spacer\"><\/div>\n\n\n<style>.kb-gallery-id-25_6d0668-b2.kb-gallery-ul.kb-gallery-type-fluidcarousel .kt-blocks-carousel figure .kb-gal-image-radius, .kb-gallery-id-25_6d0668-b2.kb-gallery-ul.kb-gallery-type-fluidcarousel .kt-blocks-carousel figure .kb-gal-image-radius img{height:200px;}.kb-gallery-id-25_6d0668-b2 .kadence-blocks-gallery-item .kb-gal-image-radius, .kb-gallery-id-25_6d0668-b2 .kb-slide-item .kb-gal-image-radius img{border-radius:0px 0px 0px 0px;;}.kb-gallery-wrap-id-25_6d0668-b2.wp-block-kadence-advancedgallery{overflow:visible;}.kb-gallery-wrap-id-25_6d0668-b2.wp-block-kadence-advancedgallery .kt-blocks-carousel{overflow:visible;max-width:100%;}@media all and (max-width: 767px){.kb-gallery-id-25_6d0668-b2.kb-gallery-ul.kb-gallery-type-fluidcarousel .kt-blocks-carousel figure .kb-gal-image-radius, .kb-gallery-id-25_6d0668-b2.kb-gallery-ul.kb-gallery-type-fluidcarousel .kt-blocks-carousel figure .kb-gal-image-radius img{height:120px;}}<\/style><div class=\"kb-gallery-wrap-id-25_6d0668-b2 alignnone wp-block-kadence-advancedgallery\"><div class=\"kb-gallery-ul kb-gallery-non-static kb-gallery-type-fluidcarousel kb-gallery-id-25_6d0668-b2 kb-gallery-caption-style-bottom-hover kb-gallery-filter-none\" data-image-filter=\"none\" data-lightbox-caption=\"true\"><div class=\"kt-blocks-carousel splide kt-carousel-container-dotstyle-none kt-carousel-arrowstyle-none kt-carousel-dotstyle-none kb-slider-group-arrow kb-slider-arrow-position-center kb-carousel-mode-align-left\" data-slider-anim-speed=\"3000\" data-slider-scroll=\"1\" data-slider-arrows=\"false\" data-slider-dots=\"false\" data-slider-hover-pause=\"false\" data-slider-auto=\"1\" data-slider-speed=\"7000\" data-slider-type=\"fluidcarousel\" data-slider-center-mode=\"false\" data-slider-gap=\"20px\" data-slider-gap-tablet=\"20px\" data-slider-gap-mobile=\"20px\" data-show-pause-button=\"false\"><div class=\"splide__track\"><ul class=\"kt-blocks-carousel-init kb-blocks-fluid-carousel splide__list\"><li class=\"kb-slide-item kb-gallery-carousel-item splide__slide\"><div class=\"kadence-blocks-gallery-item\"><div class=\"kadence-blocks-gallery-item-inner\"><figure class=\"kb-gallery-figure kb-gallery-item-has-link kadence-blocks-gallery-item-hide-caption\"><a href=\"https:\/\/www.saintgillescroixdevie.fr\/\" class=\"kb-gallery-item-link\" target=\"_blank\" rel=\"noopener noreferrer\"><div class=\"kb-gal-image-radius\"><div class=\"kb-gallery-image-contain\" ><img loading=\"lazy\" decoding=\"async\" src=\"https:\/\/festivalduplancton.fr\/wp-content\/uploads\/2025\/04\/Festival-du-Plancton-Logo-Ville-de-Saint-Gilles-Croix-de-Vie.jpg\" width=\"800\" height=\"800\" alt=\"Festival du Plancton - Logo Ville de Saint-Gilles-Croix-de-Vie\" data-full-image=\"https:\/\/festivalduplancton.fr\/wp-content\/uploads\/2025\/04\/Festival-du-Plancton-Logo-Ville-de-Saint-Gilles-Croix-de-Vie.jpg\" data-light-image=\"https:\/\/festivalduplancton.fr\/wp-content\/uploads\/2025\/04\/Festival-du-Plancton-Logo-Ville-de-Saint-Gilles-Croix-de-Vie.jpg\" data-id=\"434\" class=\"wp-image-434 skip-lazy\" srcset=\"https:\/\/festivalduplancton.fr\/wp-content\/uploads\/2025\/04\/Festival-du-Plancton-Logo-Ville-de-Saint-Gilles-Croix-de-Vie.jpg 800w, https:\/\/festivalduplancton.fr\/wp-content\/uploads\/2025\/04\/Festival-du-Plancton-Logo-Ville-de-Saint-Gilles-Croix-de-Vie-300x300.jpg 300w, https:\/\/festivalduplancton.fr\/wp-content\/uploads\/2025\/04\/Festival-du-Plancton-Logo-Ville-de-Saint-Gilles-Croix-de-Vie-150x150.jpg 150w, https:\/\/festivalduplancton.fr\/wp-content\/uploads\/2025\/04\/Festival-du-Plancton-Logo-Ville-de-Saint-Gilles-Croix-de-Vie-768x768.jpg 768w\" sizes=\"auto, (max-width: 800px) 100vw, 800px\" \/><\/div><\/div><\/a><\/figure><\/div><\/div><\/li><li class=\"kb-slide-item kb-gallery-carousel-item splide__slide\"><div class=\"kadence-blocks-gallery-item\"><div class=\"kadence-blocks-gallery-item-inner\"><figure class=\"kb-gallery-figure kb-gallery-item-has-link kadence-blocks-gallery-item-hide-caption\"><a href=\"https:\/\/payssaintgilles.fr\/\" class=\"kb-gallery-item-link\" target=\"_blank\" rel=\"noopener noreferrer\"><div class=\"kb-gal-image-radius\"><div class=\"kb-gallery-image-contain\" ><img loading=\"lazy\" decoding=\"async\" src=\"https:\/\/festivalduplancton.fr\/wp-content\/uploads\/2025\/04\/Festival-du-Plancton-Agglomeration-Saint-Gilles-Croix-de-Vie.jpg\" width=\"675\" height=\"948\" alt=\"Festival du Plancton - Agglom\u00e9ration Saint-Gilles-Croix-de-Vie\" data-full-image=\"https:\/\/festivalduplancton.fr\/wp-content\/uploads\/2025\/04\/Festival-du-Plancton-Agglomeration-Saint-Gilles-Croix-de-Vie.jpg\" data-light-image=\"https:\/\/festivalduplancton.fr\/wp-content\/uploads\/2025\/04\/Festival-du-Plancton-Agglomeration-Saint-Gilles-Croix-de-Vie.jpg\" data-id=\"435\" class=\"wp-image-435 skip-lazy\" srcset=\"https:\/\/festivalduplancton.fr\/wp-content\/uploads\/2025\/04\/Festival-du-Plancton-Agglomeration-Saint-Gilles-Croix-de-Vie.jpg 675w, https:\/\/festivalduplancton.fr\/wp-content\/uploads\/2025\/04\/Festival-du-Plancton-Agglomeration-Saint-Gilles-Croix-de-Vie-214x300.jpg 214w\" sizes=\"auto, (max-width: 675px) 100vw, 675px\" \/><\/div><\/div><\/a><\/figure><\/div><\/div><\/li><li class=\"kb-slide-item kb-gallery-carousel-item splide__slide\"><div class=\"kadence-blocks-gallery-item\"><div class=\"kadence-blocks-gallery-item-inner\"><figure class=\"kb-gallery-figure kb-gallery-item-has-link kadence-blocks-gallery-item-hide-caption\"><a href=\"https:\/\/www.groupesatov.fr\/\" class=\"kb-gallery-item-link\" target=\"_blank\" rel=\"noopener noreferrer\"><div class=\"kb-gal-image-radius\"><div class=\"kb-gallery-image-contain\" ><img loading=\"lazy\" decoding=\"async\" src=\"https:\/\/festivalduplancton.fr\/wp-content\/uploads\/2025\/04\/Festival-du-Plancton-Logo-Satov.jpg\" width=\"1234\" height=\"941\" alt=\"Festival du Plancton - Logo Satov\" data-full-image=\"https:\/\/festivalduplancton.fr\/wp-content\/uploads\/2025\/04\/Festival-du-Plancton-Logo-Satov.jpg\" data-light-image=\"https:\/\/festivalduplancton.fr\/wp-content\/uploads\/2025\/04\/Festival-du-Plancton-Logo-Satov.jpg\" data-id=\"436\" class=\"wp-image-436 skip-lazy\" srcset=\"https:\/\/festivalduplancton.fr\/wp-content\/uploads\/2025\/04\/Festival-du-Plancton-Logo-Satov.jpg 1234w, https:\/\/festivalduplancton.fr\/wp-content\/uploads\/2025\/04\/Festival-du-Plancton-Logo-Satov-300x229.jpg 300w, https:\/\/festivalduplancton.fr\/wp-content\/uploads\/2025\/04\/Festival-du-Plancton-Logo-Satov-1024x781.jpg 1024w, https:\/\/festivalduplancton.fr\/wp-content\/uploads\/2025\/04\/Festival-du-Plancton-Logo-Satov-768x586.jpg 768w\" sizes=\"auto, (max-width: 1234px) 100vw, 1234px\" \/><\/div><\/div><\/a><\/figure><\/div><\/div><\/li><li class=\"kb-slide-item kb-gallery-carousel-item splide__slide\"><div class=\"kadence-blocks-gallery-item\"><div class=\"kadence-blocks-gallery-item-inner\"><figure class=\"kb-gallery-figure kb-gallery-item-has-link kadence-blocks-gallery-item-hide-caption\"><a href=\"https:\/\/lions-saintgillescroixdevie.myassoc.org\/\" class=\"kb-gallery-item-link\" target=\"_blank\" rel=\"noopener noreferrer\"><div class=\"kb-gal-image-radius\"><div class=\"kb-gallery-image-contain\" ><img loading=\"lazy\" decoding=\"async\" src=\"https:\/\/festivalduplancton.fr\/wp-content\/uploads\/2025\/04\/Festival-du-Plancton-Logo-LIONS-CLUB.jpg\" width=\"250\" height=\"233\" alt=\"Festival du Plancton - Logo LIONS CLUB\" data-full-image=\"https:\/\/festivalduplancton.fr\/wp-content\/uploads\/2025\/04\/Festival-du-Plancton-Logo-LIONS-CLUB.jpg\" data-light-image=\"https:\/\/festivalduplancton.fr\/wp-content\/uploads\/2025\/04\/Festival-du-Plancton-Logo-LIONS-CLUB.jpg\" data-id=\"437\" class=\"wp-image-437 skip-lazy\"\/><\/div><\/div><\/a><\/figure><\/div><\/div><\/li><li class=\"kb-slide-item kb-gallery-carousel-item splide__slide\"><div class=\"kadence-blocks-gallery-item\"><div class=\"kadence-blocks-gallery-item-inner\"><figure class=\"kb-gallery-figure kb-gallery-item-has-link kadence-blocks-gallery-item-hide-caption\"><a href=\"https:\/\/www.laperledesdieux.com\/\" class=\"kb-gallery-item-link\" target=\"_blank\" rel=\"noopener noreferrer\"><div class=\"kb-gal-image-radius\"><div class=\"kb-gallery-image-contain\" ><img loading=\"lazy\" decoding=\"async\" src=\"https:\/\/festivalduplancton.fr\/wp-content\/uploads\/2025\/04\/Festival-du-Plancton-Logo-LPDD.jpg\" width=\"1705\" height=\"1711\" alt=\"Festival du Plancton - Logo LPDD\" data-full-image=\"https:\/\/festivalduplancton.fr\/wp-content\/uploads\/2025\/04\/Festival-du-Plancton-Logo-LPDD.jpg\" data-light-image=\"https:\/\/festivalduplancton.fr\/wp-content\/uploads\/2025\/04\/Festival-du-Plancton-Logo-LPDD.jpg\" data-id=\"438\" class=\"wp-image-438 skip-lazy\" srcset=\"https:\/\/festivalduplancton.fr\/wp-content\/uploads\/2025\/04\/Festival-du-Plancton-Logo-LPDD.jpg 1705w, https:\/\/festivalduplancton.fr\/wp-content\/uploads\/2025\/04\/Festival-du-Plancton-Logo-LPDD-300x300.jpg 300w, https:\/\/festivalduplancton.fr\/wp-content\/uploads\/2025\/04\/Festival-du-Plancton-Logo-LPDD-1020x1024.jpg 1020w, https:\/\/festivalduplancton.fr\/wp-content\/uploads\/2025\/04\/Festival-du-Plancton-Logo-LPDD-150x150.jpg 150w, https:\/\/festivalduplancton.fr\/wp-content\/uploads\/2025\/04\/Festival-du-Plancton-Logo-LPDD-768x771.jpg 768w, https:\/\/festivalduplancton.fr\/wp-content\/uploads\/2025\/04\/Festival-du-Plancton-Logo-LPDD-1531x1536.jpg 1531w\" sizes=\"auto, (max-width: 1705px) 100vw, 1705px\" \/><\/div><\/div><\/a><\/figure><\/div><\/div><\/li><li class=\"kb-slide-item kb-gallery-carousel-item splide__slide\"><div class=\"kadence-blocks-gallery-item\"><div class=\"kadence-blocks-gallery-item-inner\"><figure class=\"kb-gallery-figure kb-gallery-item-has-link kadence-blocks-gallery-item-hide-caption\"><a href=\"https:\/\/www.saintgillescroixdevie.fr\/contacts\/action-saint-gilles-croix-de-vie-union-des-commercants\/#:~:text=L&#039;Union%20des%20Professionnels%20de,Saint%20Gilles%20croix%20de%20Vie.\" class=\"kb-gallery-item-link\" target=\"_blank\" rel=\"noopener noreferrer\"><div class=\"kb-gal-image-radius\"><div class=\"kb-gallery-image-contain\" ><img loading=\"lazy\" decoding=\"async\" src=\"https:\/\/festivalduplancton.fr\/wp-content\/uploads\/2025\/04\/Festival-du-Plancton-Logo-Union-des-Professionnels-de-SGA.jpg\" width=\"668\" height=\"426\" alt=\"Festival du Plancton - Logo Union des Professionnels de SGA\" data-full-image=\"https:\/\/festivalduplancton.fr\/wp-content\/uploads\/2025\/04\/Festival-du-Plancton-Logo-Union-des-Professionnels-de-SGA.jpg\" data-light-image=\"https:\/\/festivalduplancton.fr\/wp-content\/uploads\/2025\/04\/Festival-du-Plancton-Logo-Union-des-Professionnels-de-SGA.jpg\" data-id=\"439\" class=\"wp-image-439 skip-lazy\" srcset=\"https:\/\/festivalduplancton.fr\/wp-content\/uploads\/2025\/04\/Festival-du-Plancton-Logo-Union-des-Professionnels-de-SGA.jpg 668w, https:\/\/festivalduplancton.fr\/wp-content\/uploads\/2025\/04\/Festival-du-Plancton-Logo-Union-des-Professionnels-de-SGA-300x191.jpg 300w\" sizes=\"auto, (max-width: 668px) 100vw, 668px\" \/><\/div><\/div><\/a><\/figure><\/div><\/div><\/li><li class=\"kb-slide-item kb-gallery-carousel-item splide__slide\"><div class=\"kadence-blocks-gallery-item\"><div class=\"kadence-blocks-gallery-item-inner\"><figure class=\"kb-gallery-figure kb-gallery-item-has-link kadence-blocks-gallery-item-hide-caption\"><a href=\"https:\/\/www.sgxv.fr\/\" class=\"kb-gallery-item-link\" target=\"_blank\" rel=\"noopener noreferrer\"><div class=\"kb-gal-image-radius\"><div class=\"kb-gallery-image-contain\" ><img loading=\"lazy\" decoding=\"async\" src=\"https:\/\/festivalduplancton.fr\/wp-content\/uploads\/2025\/04\/Festival-du-Plancton-Logo-SGXV.jpg\" width=\"355\" height=\"355\" alt=\"Festival du Plancton - Logo SGXV\" data-full-image=\"https:\/\/festivalduplancton.fr\/wp-content\/uploads\/2025\/04\/Festival-du-Plancton-Logo-SGXV.jpg\" data-light-image=\"https:\/\/festivalduplancton.fr\/wp-content\/uploads\/2025\/04\/Festival-du-Plancton-Logo-SGXV.jpg\" data-id=\"440\" class=\"wp-image-440 skip-lazy\" srcset=\"https:\/\/festivalduplancton.fr\/wp-content\/uploads\/2025\/04\/Festival-du-Plancton-Logo-SGXV.jpg 355w, https:\/\/festivalduplancton.fr\/wp-content\/uploads\/2025\/04\/Festival-du-Plancton-Logo-SGXV-300x300.jpg 300w, https:\/\/festivalduplancton.fr\/wp-content\/uploads\/2025\/04\/Festival-du-Plancton-Logo-SGXV-150x150.jpg 150w\" sizes=\"auto, (max-width: 355px) 100vw, 355px\" \/><\/div><\/div><\/a><\/figure><\/div><\/div><\/li><li class=\"kb-slide-item kb-gallery-carousel-item splide__slide\"><div class=\"kadence-blocks-gallery-item\"><div class=\"kadence-blocks-gallery-item-inner\"><figure class=\"kb-gallery-figure kb-gallery-item-has-link kadence-blocks-gallery-item-hide-caption\"><a href=\"https:\/\/www.layourtefrancaise.fr\/\" class=\"kb-gallery-item-link\" target=\"_blank\" rel=\"noopener noreferrer\"><div class=\"kb-gal-image-radius\"><div class=\"kb-gallery-image-contain\" ><img loading=\"lazy\" decoding=\"async\" src=\"https:\/\/festivalduplancton.fr\/wp-content\/uploads\/2025\/04\/Festival-du-Plancton-Logo-La-yourte-Fr.jpg\" width=\"712\" height=\"712\" alt=\"Festival du Plancton - Logo La yourte Fr\" data-full-image=\"https:\/\/festivalduplancton.fr\/wp-content\/uploads\/2025\/04\/Festival-du-Plancton-Logo-La-yourte-Fr.jpg\" data-light-image=\"https:\/\/festivalduplancton.fr\/wp-content\/uploads\/2025\/04\/Festival-du-Plancton-Logo-La-yourte-Fr.jpg\" data-id=\"441\" class=\"wp-image-441 skip-lazy\" srcset=\"https:\/\/festivalduplancton.fr\/wp-content\/uploads\/2025\/04\/Festival-du-Plancton-Logo-La-yourte-Fr.jpg 712w, https:\/\/festivalduplancton.fr\/wp-content\/uploads\/2025\/04\/Festival-du-Plancton-Logo-La-yourte-Fr-300x300.jpg 300w, https:\/\/festivalduplancton.fr\/wp-content\/uploads\/2025\/04\/Festival-du-Plancton-Logo-La-yourte-Fr-150x150.jpg 150w\" sizes=\"auto, (max-width: 712px) 100vw, 712px\" \/><\/div><\/div><\/a><\/figure><\/div><\/div><\/li><li class=\"kb-slide-item kb-gallery-carousel-item splide__slide\"><div class=\"kadence-blocks-gallery-item\"><div class=\"kadence-blocks-gallery-item-inner\"><figure class=\"kb-gallery-figure kb-gallery-item-has-link kadence-blocks-gallery-item-hide-caption\"><a href=\"https:\/\/www.portlavie.fr\/fr\/\" class=\"kb-gallery-item-link\" target=\"_blank\" rel=\"noopener noreferrer\"><div class=\"kb-gal-image-radius\"><div class=\"kb-gallery-image-contain\" ><img loading=\"lazy\" decoding=\"async\" src=\"https:\/\/festivalduplancton.fr\/wp-content\/uploads\/2025\/04\/Festival-du-Plancton-Logo-Port-la-Vie-JPG.jpg\" width=\"1700\" height=\"2338\" alt=\"Festival du Plancton - Logo Port la Vie JPG\" data-full-image=\"https:\/\/festivalduplancton.fr\/wp-content\/uploads\/2025\/04\/Festival-du-Plancton-Logo-Port-la-Vie-JPG.jpg\" data-light-image=\"https:\/\/festivalduplancton.fr\/wp-content\/uploads\/2025\/04\/Festival-du-Plancton-Logo-Port-la-Vie-JPG.jpg\" data-id=\"442\" class=\"wp-image-442 skip-lazy\" srcset=\"https:\/\/festivalduplancton.fr\/wp-content\/uploads\/2025\/04\/Festival-du-Plancton-Logo-Port-la-Vie-JPG.jpg 1700w, https:\/\/festivalduplancton.fr\/wp-content\/uploads\/2025\/04\/Festival-du-Plancton-Logo-Port-la-Vie-JPG-218x300.jpg 218w, https:\/\/festivalduplancton.fr\/wp-content\/uploads\/2025\/04\/Festival-du-Plancton-Logo-Port-la-Vie-JPG-745x1024.jpg 745w, https:\/\/festivalduplancton.fr\/wp-content\/uploads\/2025\/04\/Festival-du-Plancton-Logo-Port-la-Vie-JPG-768x1056.jpg 768w, https:\/\/festivalduplancton.fr\/wp-content\/uploads\/2025\/04\/Festival-du-Plancton-Logo-Port-la-Vie-JPG-1117x1536.jpg 1117w, https:\/\/festivalduplancton.fr\/wp-content\/uploads\/2025\/04\/Festival-du-Plancton-Logo-Port-la-Vie-JPG-1489x2048.jpg 1489w\" sizes=\"auto, (max-width: 1700px) 100vw, 1700px\" \/><\/div><\/div><\/a><\/figure><\/div><\/div><\/li><li class=\"kb-slide-item kb-gallery-carousel-item splide__slide\"><div class=\"kadence-blocks-gallery-item\"><div class=\"kadence-blocks-gallery-item-inner\"><figure class=\"kb-gallery-figure kb-gallery-item-has-link kadence-blocks-gallery-item-hide-caption\"><a href=\"https:\/\/institut-ocean.sorbonne-universite.fr\/\" class=\"kb-gallery-item-link\" target=\"_blank\" rel=\"noopener noreferrer\"><div class=\"kb-gal-image-radius\"><div class=\"kb-gallery-image-contain\" ><img loading=\"lazy\" decoding=\"async\" src=\"https:\/\/festivalduplancton.fr\/wp-content\/uploads\/2025\/04\/Festival-du-Plancton-Logo-Institut-de-locean.jpg\" width=\"378\" height=\"133\" alt=\"Festival du Plancton - Logo Institut de l&#039;oce\u0301an\" data-full-image=\"https:\/\/festivalduplancton.fr\/wp-content\/uploads\/2025\/04\/Festival-du-Plancton-Logo-Institut-de-locean.jpg\" data-light-image=\"https:\/\/festivalduplancton.fr\/wp-content\/uploads\/2025\/04\/Festival-du-Plancton-Logo-Institut-de-locean.jpg\" data-id=\"443\" class=\"wp-image-443 skip-lazy\" srcset=\"https:\/\/festivalduplancton.fr\/wp-content\/uploads\/2025\/04\/Festival-du-Plancton-Logo-Institut-de-locean.jpg 378w, https:\/\/festivalduplancton.fr\/wp-content\/uploads\/2025\/04\/Festival-du-Plancton-Logo-Institut-de-locean-300x106.jpg 300w\" sizes=\"auto, (max-width: 378px) 100vw, 378px\" \/><\/div><\/div><\/a><\/figure><\/div><\/div><\/li><li class=\"kb-slide-item kb-gallery-carousel-item splide__slide\"><div class=\"kadence-blocks-gallery-item\"><div class=\"kadence-blocks-gallery-item-inner\"><figure class=\"kb-gallery-figure kb-gallery-item-has-link kadence-blocks-gallery-item-hide-caption\"><a href=\"https:\/\/fr.foncia.com\/agence-immobiliere\/saint-jean-de-monts-85160\/agence-immobiliere\/foncia-vendee-1923\" class=\"kb-gallery-item-link\" target=\"_blank\" rel=\"noopener noreferrer\"><div class=\"kb-gal-image-radius\"><div class=\"kb-gallery-image-contain\" ><img loading=\"lazy\" decoding=\"async\" src=\"https:\/\/festivalduplancton.fr\/wp-content\/uploads\/2025\/04\/Festival-du-Plancton-Logo-Foncia.jpg\" width=\"499\" height=\"458\" alt=\"Festival du Plancton - Logo Foncia\" data-full-image=\"https:\/\/festivalduplancton.fr\/wp-content\/uploads\/2025\/04\/Festival-du-Plancton-Logo-Foncia.jpg\" data-light-image=\"https:\/\/festivalduplancton.fr\/wp-content\/uploads\/2025\/04\/Festival-du-Plancton-Logo-Foncia.jpg\" data-id=\"444\" class=\"wp-image-444 skip-lazy\" srcset=\"https:\/\/festivalduplancton.fr\/wp-content\/uploads\/2025\/04\/Festival-du-Plancton-Logo-Foncia.jpg 499w, https:\/\/festivalduplancton.fr\/wp-content\/uploads\/2025\/04\/Festival-du-Plancton-Logo-Foncia-300x275.jpg 300w\" sizes=\"auto, (max-width: 499px) 100vw, 499px\" \/><\/div><\/div><\/a><\/figure><\/div><\/div><\/li><li class=\"kb-slide-item kb-gallery-carousel-item splide__slide\"><div class=\"kadence-blocks-gallery-item\"><div class=\"kadence-blocks-gallery-item-inner\"><figure class=\"kb-gallery-figure kb-gallery-item-has-link kadence-blocks-gallery-item-hide-caption\"><a href=\"https:\/\/www.biodiversarium.fr\/fr\/\" class=\"kb-gallery-item-link\" target=\"_blank\" rel=\"noopener noreferrer\"><div class=\"kb-gal-image-radius\"><div class=\"kb-gallery-image-contain\" ><img loading=\"lazy\" decoding=\"async\" src=\"https:\/\/festivalduplancton.fr\/wp-content\/uploads\/2025\/04\/Festival-du-Plancton-Logo-Biodiversarium.jpg\" width=\"632\" height=\"184\" alt=\"Festival du Plancton - Logo Biodiversarium\" data-full-image=\"https:\/\/festivalduplancton.fr\/wp-content\/uploads\/2025\/04\/Festival-du-Plancton-Logo-Biodiversarium.jpg\" data-light-image=\"https:\/\/festivalduplancton.fr\/wp-content\/uploads\/2025\/04\/Festival-du-Plancton-Logo-Biodiversarium.jpg\" data-id=\"445\" class=\"wp-image-445 skip-lazy\" srcset=\"https:\/\/festivalduplancton.fr\/wp-content\/uploads\/2025\/04\/Festival-du-Plancton-Logo-Biodiversarium.jpg 632w, https:\/\/festivalduplancton.fr\/wp-content\/uploads\/2025\/04\/Festival-du-Plancton-Logo-Biodiversarium-300x87.jpg 300w\" sizes=\"auto, (max-width: 632px) 100vw, 632px\" \/><\/div><\/div><\/a><\/figure><\/div><\/div><\/li><li class=\"kb-slide-item kb-gallery-carousel-item splide__slide\"><div class=\"kadence-blocks-gallery-item\"><div class=\"kadence-blocks-gallery-item-inner\"><figure class=\"kb-gallery-figure kb-gallery-item-has-link kadence-blocks-gallery-item-hide-caption\"><a href=\"https:\/\/borea.mnhn.fr\/\" class=\"kb-gallery-item-link\" target=\"_blank\" rel=\"noopener noreferrer\"><div class=\"kb-gal-image-radius\"><div class=\"kb-gallery-image-contain\" ><img loading=\"lazy\" decoding=\"async\" src=\"https:\/\/festivalduplancton.fr\/wp-content\/uploads\/2025\/04\/Festival-du-Plancton-Logo-BOREA.jpg\" width=\"1237\" height=\"508\" alt=\"Festival du Plancton - Logo BOREA\" data-full-image=\"https:\/\/festivalduplancton.fr\/wp-content\/uploads\/2025\/04\/Festival-du-Plancton-Logo-BOREA.jpg\" data-light-image=\"https:\/\/festivalduplancton.fr\/wp-content\/uploads\/2025\/04\/Festival-du-Plancton-Logo-BOREA.jpg\" data-id=\"446\" class=\"wp-image-446 skip-lazy\" srcset=\"https:\/\/festivalduplancton.fr\/wp-content\/uploads\/2025\/04\/Festival-du-Plancton-Logo-BOREA.jpg 1237w, https:\/\/festivalduplancton.fr\/wp-content\/uploads\/2025\/04\/Festival-du-Plancton-Logo-BOREA-300x123.jpg 300w, https:\/\/festivalduplancton.fr\/wp-content\/uploads\/2025\/04\/Festival-du-Plancton-Logo-BOREA-1024x421.jpg 1024w, https:\/\/festivalduplancton.fr\/wp-content\/uploads\/2025\/04\/Festival-du-Plancton-Logo-BOREA-768x315.jpg 768w\" sizes=\"auto, (max-width: 1237px) 100vw, 1237px\" \/><\/div><\/div><\/a><\/figure><\/div><\/div><\/li><li class=\"kb-slide-item kb-gallery-carousel-item splide__slide\"><div class=\"kadence-blocks-gallery-item\"><div class=\"kadence-blocks-gallery-item-inner\"><figure class=\"kb-gallery-figure kb-gallery-item-has-link kadence-blocks-gallery-item-hide-caption\"><a href=\"https:\/\/www.cine-marine.com\/\" class=\"kb-gallery-item-link\" target=\"_blank\" rel=\"noopener noreferrer\"><div class=\"kb-gal-image-radius\"><div class=\"kb-gallery-image-contain\" ><img loading=\"lazy\" decoding=\"async\" src=\"https:\/\/festivalduplancton.fr\/wp-content\/uploads\/2025\/04\/Festival-du-Plancton-Logo-Cinemarine.jpg\" width=\"2048\" height=\"2048\" alt=\"Festival du Plancton - Logo Cin\u00e9marine\" data-full-image=\"https:\/\/festivalduplancton.fr\/wp-content\/uploads\/2025\/04\/Festival-du-Plancton-Logo-Cinemarine.jpg\" data-light-image=\"https:\/\/festivalduplancton.fr\/wp-content\/uploads\/2025\/04\/Festival-du-Plancton-Logo-Cinemarine.jpg\" data-id=\"447\" class=\"wp-image-447 skip-lazy\" srcset=\"https:\/\/festivalduplancton.fr\/wp-content\/uploads\/2025\/04\/Festival-du-Plancton-Logo-Cinemarine.jpg 2048w, https:\/\/festivalduplancton.fr\/wp-content\/uploads\/2025\/04\/Festival-du-Plancton-Logo-Cinemarine-300x300.jpg 300w, https:\/\/festivalduplancton.fr\/wp-content\/uploads\/2025\/04\/Festival-du-Plancton-Logo-Cinemarine-1024x1024.jpg 1024w, https:\/\/festivalduplancton.fr\/wp-content\/uploads\/2025\/04\/Festival-du-Plancton-Logo-Cinemarine-150x150.jpg 150w, https:\/\/festivalduplancton.fr\/wp-content\/uploads\/2025\/04\/Festival-du-Plancton-Logo-Cinemarine-768x768.jpg 768w, https:\/\/festivalduplancton.fr\/wp-content\/uploads\/2025\/04\/Festival-du-Plancton-Logo-Cinemarine-1536x1536.jpg 1536w\" sizes=\"auto, (max-width: 2048px) 100vw, 2048px\" \/><\/div><\/div><\/a><\/figure><\/div><\/div><\/li><li class=\"kb-slide-item kb-gallery-carousel-item splide__slide\"><div class=\"kadence-blocks-gallery-item\"><div class=\"kadence-blocks-gallery-item-inner\"><figure class=\"kb-gallery-figure kb-gallery-item-has-link kadence-blocks-gallery-item-hide-caption\"><a href=\"https:\/\/www.macronautes.com\/fr\" class=\"kb-gallery-item-link\" target=\"_blank\" rel=\"noopener noreferrer\"><div class=\"kb-gal-image-radius\"><div class=\"kb-gallery-image-contain\" ><img loading=\"lazy\" decoding=\"async\" src=\"https:\/\/festivalduplancton.fr\/wp-content\/uploads\/2025\/04\/Festival-du-Plancton-Logo-Les-Macronautes.jpg\" width=\"648\" height=\"132\" alt=\"Festival du Plancton - Logo Les Macronautes\" data-full-image=\"https:\/\/festivalduplancton.fr\/wp-content\/uploads\/2025\/04\/Festival-du-Plancton-Logo-Les-Macronautes.jpg\" data-light-image=\"https:\/\/festivalduplancton.fr\/wp-content\/uploads\/2025\/04\/Festival-du-Plancton-Logo-Les-Macronautes.jpg\" data-id=\"543\" class=\"wp-image-543 skip-lazy\" srcset=\"https:\/\/festivalduplancton.fr\/wp-content\/uploads\/2025\/04\/Festival-du-Plancton-Logo-Les-Macronautes.jpg 648w, https:\/\/festivalduplancton.fr\/wp-content\/uploads\/2025\/04\/Festival-du-Plancton-Logo-Les-Macronautes-300x61.jpg 300w\" sizes=\"auto, (max-width: 648px) 100vw, 648px\" \/><\/div><\/div><\/a><\/figure><\/div><\/div><\/li><\/ul><\/div><\/div><\/div><\/div>\n\n\n<div style=\"height:100px\" aria-hidden=\"true\" class=\"wp-block-spacer\"><\/div>\n","protected":false},"excerpt":{"rendered":"<p>Nous contacter \u26a0\ufe0f Attention, toutes les inscriptions au Festival du Plancton sont \u00e0 faire sur la page d\u00e9di\u00e9e. Aucune inscription [&hellip;]<\/p>\n","protected":false},"author":1,"featured_media":0,"parent":0,"menu_order":0,"comment_status":"closed","ping_status":"closed","template":"","meta":{"_uag_custom_page_level_css":"","site-sidebar-layout":"default","site-content-layout":"","ast-site-content-layout":"","site-content-style":"default","site-sidebar-style":"default","ast-global-header-display":"","ast-banner-title-visibility":"","ast-main-header-display":"","ast-hfb-above-header-display":"","ast-hfb-below-header-display":"","ast-hfb-mobile-header-display":"","site-post-title":"disabled","ast-breadcrumbs-content":"","ast-featured-img":"","footer-sml-layout":"","theme-transparent-header-meta":"","adv-header-id-meta":"","stick-header-meta":"","header-above-stick-meta":"","header-main-stick-meta":"","header-below-stick-meta":"","astra-migrate-meta-layouts":"default","ast-page-background-enabled":"default","ast-page-background-meta":{"desktop":{"background-color":"var(--ast-global-color-5)","background-image":"","background-repeat":"repeat","background-position":"center center","background-size":"auto","background-attachment":"scroll","background-type":"","background-media":"","overlay-type":"","overlay-color":"","overlay-opacity":"","overlay-gradient":""},"tablet":{"background-color":"","background-image":"","background-repeat":"repeat","background-position":"center center","background-size":"auto","background-attachment":"scroll","background-type":"","background-media":"","overlay-type":"","overlay-color":"","overlay-opacity":"","overlay-gradient":""},"mobile":{"background-color":"","background-image":"","background-repeat":"repeat","background-position":"center center","background-size":"auto","background-attachment":"scroll","background-type":"","background-media":"","overlay-type":"","overlay-color":"","overlay-opacity":"","overlay-gradient":""}},"ast-content-background-meta":{"desktop":{"background-color":"var(--ast-global-color-4)","background-image":"","background-repeat":"repeat","background-position":"center center","background-size":"auto","background-attachment":"scroll","background-type":"","background-media":"","overlay-type":"","overlay-color":"","overlay-opacity":"","overlay-gradient":""},"tablet":{"background-color":"var(--ast-global-color-4)","background-image":"","background-repeat":"repeat","background-position":"center center","background-size":"auto","background-attachment":"scroll","background-type":"","background-media":"","overlay-type":"","overlay-color":"","overlay-opacity":"","overlay-gradient":""},"mobile":{"background-color":"var(--ast-global-color-4)","background-image":"","background-repeat":"repeat","background-position":"center center","background-size":"auto","background-attachment":"scroll","background-type":"","background-media":"","overlay-type":"","overlay-color":"","overlay-opacity":"","overlay-gradient":""}},"footnotes":""},"class_list":["post-25","page","type-page","status-publish","hentry"],"yoast_head":"<!-- This site is optimized with the Yoast SEO plugin v27.4 - https:\/\/yoast.com\/product\/yoast-seo-wordpress\/ -->\n<title>Festival du Plancton - Contact<\/title>\n<meta name=\"description\" content=\"Prenez contact avec notre \u00e9quipe de b\u00e9n\u00e9voles. \u00c0 bient\u00f4t au Festival du Plancton !\" \/>\n<meta name=\"robots\" content=\"index, follow, max-snippet:-1, max-image-preview:large, max-video-preview:-1\" \/>\n<link rel=\"canonical\" href=\"https:\/\/festivalduplancton.fr\/index.php\/contact\/\" \/>\n<meta property=\"og:locale\" content=\"en_US\" \/>\n<meta property=\"og:type\" content=\"article\" \/>\n<meta property=\"og:title\" content=\"Festival du plancton - Contact\" \/>\n<meta property=\"og:description\" content=\"Prenez contact avec notre \u00e9quipe de b\u00e9n\u00e9voles. \u00c0 bient\u00f4t au Festival du Plancton !\" \/>\n<meta property=\"og:url\" content=\"https:\/\/festivalduplancton.fr\/index.php\/contact\/\" \/>\n<meta property=\"og:site_name\" content=\"Festival du Plancton\" \/>\n<meta property=\"article:modified_time\" content=\"2025-04-07T19:02:04+00:00\" \/>\n<meta property=\"og:image\" content=\"https:\/\/festivalduplancton.fr\/wp-content\/uploads\/2025\/04\/Unknown-2-e1744050210714.png\" \/>\n\t<meta property=\"og:image:width\" content=\"1876\" \/>\n\t<meta property=\"og:image:height\" content=\"1062\" \/>\n\t<meta property=\"og:image:type\" content=\"image\/png\" \/>\n<meta name=\"twitter:card\" content=\"summary_large_image\" \/>\n<meta name=\"twitter:title\" content=\"Festival du plancton - Contact\" \/>\n<meta name=\"twitter:description\" content=\"Prenez contact avec notre \u00e9quipe de b\u00e9n\u00e9voles. \u00c0 bient\u00f4t au Festival du Plancton !\" \/>\n<meta name=\"twitter:image\" content=\"https:\/\/festivalduplancton.fr\/wp-content\/uploads\/2025\/04\/Unknown-2-e1744050210714.png\" \/>\n<meta name=\"twitter:label1\" content=\"Est. reading time\" \/>\n\t<meta name=\"twitter:data1\" content=\"1 minute\" \/>\n<script type=\"application\/ld+json\" class=\"yoast-schema-graph\">{\"@context\":\"https:\\\/\\\/schema.org\",\"@graph\":[{\"@type\":[\"WebPage\",\"ContactPage\"],\"@id\":\"https:\\\/\\\/festivalduplancton.fr\\\/index.php\\\/contact\\\/\",\"url\":\"https:\\\/\\\/festivalduplancton.fr\\\/index.php\\\/contact\\\/\",\"name\":\"Festival du Plancton - Contact\",\"isPartOf\":{\"@id\":\"https:\\\/\\\/festivalduplancton.fr\\\/#website\"},\"datePublished\":\"2025-02-13T19:16:20+00:00\",\"dateModified\":\"2025-04-07T19:02:04+00:00\",\"description\":\"Prenez contact avec notre \u00e9quipe de b\u00e9n\u00e9voles. \u00c0 bient\u00f4t au Festival du Plancton !\",\"breadcrumb\":{\"@id\":\"https:\\\/\\\/festivalduplancton.fr\\\/index.php\\\/contact\\\/#breadcrumb\"},\"inLanguage\":\"en-US\",\"potentialAction\":[{\"@type\":\"ReadAction\",\"target\":[\"https:\\\/\\\/festivalduplancton.fr\\\/index.php\\\/contact\\\/\"]}]},{\"@type\":\"BreadcrumbList\",\"@id\":\"https:\\\/\\\/festivalduplancton.fr\\\/index.php\\\/contact\\\/#breadcrumb\",\"itemListElement\":[{\"@type\":\"ListItem\",\"position\":1,\"name\":\"Accueil\",\"item\":\"https:\\\/\\\/festivalduplancton.fr\\\/\"},{\"@type\":\"ListItem\",\"position\":2,\"name\":\"Contact\"}]},{\"@type\":\"WebSite\",\"@id\":\"https:\\\/\\\/festivalduplancton.fr\\\/#website\",\"url\":\"https:\\\/\\\/festivalduplancton.fr\\\/\",\"name\":\"Festival du Plancton\",\"description\":\"\",\"publisher\":{\"@id\":\"https:\\\/\\\/festivalduplancton.fr\\\/#organization\"},\"potentialAction\":[{\"@type\":\"SearchAction\",\"target\":{\"@type\":\"EntryPoint\",\"urlTemplate\":\"https:\\\/\\\/festivalduplancton.fr\\\/?s={search_term_string}\"},\"query-input\":{\"@type\":\"PropertyValueSpecification\",\"valueRequired\":true,\"valueName\":\"search_term_string\"}}],\"inLanguage\":\"en-US\"},{\"@type\":\"Organization\",\"@id\":\"https:\\\/\\\/festivalduplancton.fr\\\/#organization\",\"name\":\"Festival du Plancton\",\"url\":\"https:\\\/\\\/festivalduplancton.fr\\\/\",\"logo\":{\"@type\":\"ImageObject\",\"inLanguage\":\"en-US\",\"@id\":\"https:\\\/\\\/festivalduplancton.fr\\\/#\\\/schema\\\/logo\\\/image\\\/\",\"url\":\"https:\\\/\\\/festivalduplancton.fr\\\/wp-content\\\/uploads\\\/2025\\\/03\\\/cropped-LOGO-SANSFONDcouleurs-scaled.png\",\"contentUrl\":\"https:\\\/\\\/festivalduplancton.fr\\\/wp-content\\\/uploads\\\/2025\\\/03\\\/cropped-LOGO-SANSFONDcouleurs-scaled.png\",\"width\":2560,\"height\":1169,\"caption\":\"Festival du Plancton\"},\"image\":{\"@id\":\"https:\\\/\\\/festivalduplancton.fr\\\/#\\\/schema\\\/logo\\\/image\\\/\"}}]}<\/script>\n<!-- \/ Yoast SEO plugin. -->","yoast_head_json":{"title":"Festival du Plancton - Contact","description":"Prenez contact avec notre \u00e9quipe de b\u00e9n\u00e9voles. \u00c0 bient\u00f4t au Festival du Plancton !","robots":{"index":"index","follow":"follow","max-snippet":"max-snippet:-1","max-image-preview":"max-image-preview:large","max-video-preview":"max-video-preview:-1"},"canonical":"https:\/\/festivalduplancton.fr\/index.php\/contact\/","og_locale":"en_US","og_type":"article","og_title":"Festival du plancton - Contact","og_description":"Prenez contact avec notre \u00e9quipe de b\u00e9n\u00e9voles. \u00c0 bient\u00f4t au Festival du Plancton !","og_url":"https:\/\/festivalduplancton.fr\/index.php\/contact\/","og_site_name":"Festival du Plancton","article_modified_time":"2025-04-07T19:02:04+00:00","og_image":[{"width":1876,"height":1062,"url":"https:\/\/festivalduplancton.fr\/wp-content\/uploads\/2025\/04\/Unknown-2-e1744050210714.png","type":"image\/png"}],"twitter_card":"summary_large_image","twitter_title":"Festival du plancton - Contact","twitter_description":"Prenez contact avec notre \u00e9quipe de b\u00e9n\u00e9voles. \u00c0 bient\u00f4t au Festival du Plancton !","twitter_image":"https:\/\/festivalduplancton.fr\/wp-content\/uploads\/2025\/04\/Unknown-2-e1744050210714.png","twitter_misc":{"Est. reading time":"1 minute"},"schema":{"@context":"https:\/\/schema.org","@graph":[{"@type":["WebPage","ContactPage"],"@id":"https:\/\/festivalduplancton.fr\/index.php\/contact\/","url":"https:\/\/festivalduplancton.fr\/index.php\/contact\/","name":"Festival du Plancton - Contact","isPartOf":{"@id":"https:\/\/festivalduplancton.fr\/#website"},"datePublished":"2025-02-13T19:16:20+00:00","dateModified":"2025-04-07T19:02:04+00:00","description":"Prenez contact avec notre \u00e9quipe de b\u00e9n\u00e9voles. \u00c0 bient\u00f4t au Festival du Plancton !","breadcrumb":{"@id":"https:\/\/festivalduplancton.fr\/index.php\/contact\/#breadcrumb"},"inLanguage":"en-US","potentialAction":[{"@type":"ReadAction","target":["https:\/\/festivalduplancton.fr\/index.php\/contact\/"]}]},{"@type":"BreadcrumbList","@id":"https:\/\/festivalduplancton.fr\/index.php\/contact\/#breadcrumb","itemListElement":[{"@type":"ListItem","position":1,"name":"Accueil","item":"https:\/\/festivalduplancton.fr\/"},{"@type":"ListItem","position":2,"name":"Contact"}]},{"@type":"WebSite","@id":"https:\/\/festivalduplancton.fr\/#website","url":"https:\/\/festivalduplancton.fr\/","name":"Festival du Plancton","description":"","publisher":{"@id":"https:\/\/festivalduplancton.fr\/#organization"},"potentialAction":[{"@type":"SearchAction","target":{"@type":"EntryPoint","urlTemplate":"https:\/\/festivalduplancton.fr\/?s={search_term_string}"},"query-input":{"@type":"PropertyValueSpecification","valueRequired":true,"valueName":"search_term_string"}}],"inLanguage":"en-US"},{"@type":"Organization","@id":"https:\/\/festivalduplancton.fr\/#organization","name":"Festival du Plancton","url":"https:\/\/festivalduplancton.fr\/","logo":{"@type":"ImageObject","inLanguage":"en-US","@id":"https:\/\/festivalduplancton.fr\/#\/schema\/logo\/image\/","url":"https:\/\/festivalduplancton.fr\/wp-content\/uploads\/2025\/03\/cropped-LOGO-SANSFONDcouleurs-scaled.png","contentUrl":"https:\/\/festivalduplancton.fr\/wp-content\/uploads\/2025\/03\/cropped-LOGO-SANSFONDcouleurs-scaled.png","width":2560,"height":1169,"caption":"Festival du Plancton"},"image":{"@id":"https:\/\/festivalduplancton.fr\/#\/schema\/logo\/image\/"}}]}},"uagb_featured_image_src":{"full":false,"thumbnail":false,"medium":false,"medium_large":false,"large":false,"1536x1536":false,"2048x2048":false},"uagb_author_info":{"display_name":"admin1561","author_link":"https:\/\/festivalduplancton.fr\/index.php\/author\/admin1561\/"},"uagb_comment_info":0,"uagb_excerpt":"Nous contacter \u26a0\ufe0f Attention, toutes les inscriptions au Festival du Plancton sont \u00e0 faire sur la page d\u00e9di\u00e9e. Aucune inscription [&hellip;]","_links":{"self":[{"href":"https:\/\/festivalduplancton.fr\/index.php\/wp-json\/wp\/v2\/pages\/25","targetHints":{"allow":["GET"]}}],"collection":[{"href":"https:\/\/festivalduplancton.fr\/index.php\/wp-json\/wp\/v2\/pages"}],"about":[{"href":"https:\/\/festivalduplancton.fr\/index.php\/wp-json\/wp\/v2\/types\/page"}],"author":[{"embeddable":true,"href":"https:\/\/festivalduplancton.fr\/index.php\/wp-json\/wp\/v2\/users\/1"}],"replies":[{"embeddable":true,"href":"https:\/\/festivalduplancton.fr\/index.php\/wp-json\/wp\/v2\/comments?post=25"}],"version-history":[{"count":8,"href":"https:\/\/festivalduplancton.fr\/index.php\/wp-json\/wp\/v2\/pages\/25\/revisions"}],"predecessor-version":[{"id":816,"href":"https:\/\/festivalduplancton.fr\/index.php\/wp-json\/wp\/v2\/pages\/25\/revisions\/816"}],"wp:attachment":[{"href":"https:\/\/festivalduplancton.fr\/index.php\/wp-json\/wp\/v2\/media?parent=25"}],"curies":[{"name":"wp","href":"https:\/\/api.w.org\/{rel}","templated":true}]}}