{"id":8,"date":"2025-02-13T20:02:21","date_gmt":"2025-02-13T19:02:21","guid":{"rendered":"http:\/\/festivalduplancton.fr\/?page_id=8"},"modified":"2025-08-09T22:27:10","modified_gmt":"2025-08-09T20:27:10","slug":"accueil","status":"publish","type":"page","link":"https:\/\/festivalduplancton.fr\/","title":{"rendered":"Accueil"},"content":{"rendered":"\n<div class=\"wp-block-cover alignfull\" style=\"margin-top:0;margin-bottom:0;min-height:92vh;aspect-ratio:unset;\"><img loading=\"lazy\" decoding=\"async\" width=\"4789\" height=\"1080\" class=\"wp-block-cover__image-background wp-image-321\" alt=\"Festival du Plancton - Banni\u00e8re\" src=\"http:\/\/festivalduplancton.fr\/wp-content\/uploads\/2025\/03\/Unknown-2.png\" data-object-fit=\"cover\" srcset=\"https:\/\/festivalduplancton.fr\/wp-content\/uploads\/2025\/03\/Unknown-2.png 4789w, https:\/\/festivalduplancton.fr\/wp-content\/uploads\/2025\/03\/Unknown-2-300x68.png 300w, https:\/\/festivalduplancton.fr\/wp-content\/uploads\/2025\/03\/Unknown-2-1024x231.png 1024w, https:\/\/festivalduplancton.fr\/wp-content\/uploads\/2025\/03\/Unknown-2-768x173.png 768w, https:\/\/festivalduplancton.fr\/wp-content\/uploads\/2025\/03\/Unknown-2-1536x346.png 1536w, https:\/\/festivalduplancton.fr\/wp-content\/uploads\/2025\/03\/Unknown-2-2048x462.png 2048w\" sizes=\"auto, (max-width: 4789px) 100vw, 4789px\" \/><span aria-hidden=\"true\" class=\"wp-block-cover__background has-background-dim-0 has-background-dim\"><\/span><div class=\"wp-block-cover__inner-container is-layout-flow wp-container-core-cover-is-layout-b7a159c5 wp-block-cover-is-layout-flow\">\n<div class=\"inherit-container-width wp-block-group alignwide is-layout-constrained wp-container-core-group-is-layout-82d7f719 wp-block-group-is-layout-constrained\">\n<div class=\"wp-block-media-text alignwide has-media-on-the-right is-stacked-on-mobile is-vertically-aligned-bottom\" style=\"grid-template-columns:auto 15%\"><div class=\"wp-block-media-text__content\">\n<h6 class=\"wp-block-heading has-text-align-left has-ast-global-color-7-color has-text-color\">Venez d\u00e9couvrir les for\u00eats invisibles de l\u2019oc\u00e9an !<\/h6>\n\n\n\n<p>Rendez-vous en 2027 pour la prochaine \u00e9dition.<\/p>\n\n\n\n<div class=\"wp-block-buttons is-layout-flex wp-block-buttons-is-layout-flex\">\n<div class=\"wp-block-button\"><a class=\"wp-block-button__link wp-element-button\" href=\"#programme-2025\">Voir le programme 2025<\/a><\/div>\n<\/div>\n<\/div><figure class=\"wp-block-media-text__media\"><\/figure><\/div>\n\n\n\n<div style=\"height:0px\" aria-hidden=\"true\" class=\"wp-block-spacer\"><\/div>\n<\/div>\n<\/div><\/div>\n\n\n\n<div class=\"wp-block-columns is-layout-flex wp-container-core-columns-is-layout-c89ef3f2 wp-block-columns-is-layout-flex\" style=\"margin-top:-3vh;margin-bottom:100px;padding-top:0rem;padding-right:0;padding-bottom:0rem;padding-left:0\">\n<div class=\"wp-block-column is-layout-flow wp-block-column-is-layout-flow\">\n<figure class=\"wp-block-image size-large has-custom-border zoom-image image-devant\"><a href=\"#programme-2025\"><img loading=\"lazy\" decoding=\"async\" width=\"1024\" height=\"768\" src=\"https:\/\/festivalduplancton.fr\/wp-content\/uploads\/2025\/03\/Festival-du-Plancton-Programme-2025-1-1024x768.jpg\" alt=\"\" class=\"has-border-color has-ast-global-color-1-border-color wp-image-183\" style=\"border-width:3px;border-radius:16px\" srcset=\"https:\/\/festivalduplancton.fr\/wp-content\/uploads\/2025\/03\/Festival-du-Plancton-Programme-2025-1-1024x768.jpg 1024w, https:\/\/festivalduplancton.fr\/wp-content\/uploads\/2025\/03\/Festival-du-Plancton-Programme-2025-1-300x225.jpg 300w, https:\/\/festivalduplancton.fr\/wp-content\/uploads\/2025\/03\/Festival-du-Plancton-Programme-2025-1-768x576.jpg 768w, https:\/\/festivalduplancton.fr\/wp-content\/uploads\/2025\/03\/Festival-du-Plancton-Programme-2025-1-1536x1152.jpg 1536w, https:\/\/festivalduplancton.fr\/wp-content\/uploads\/2025\/03\/Festival-du-Plancton-Programme-2025-1-2048x1536.jpg 2048w\" sizes=\"auto, (max-width: 1024px) 100vw, 1024px\" \/><\/a><\/figure>\n<\/div>\n\n\n\n<div class=\"wp-block-column is-layout-flow wp-block-column-is-layout-flow\">\n<figure class=\"wp-block-image size-large has-custom-border zoom-image image-devant\"><a href=\"#infos-pratiques\"><img loading=\"lazy\" decoding=\"async\" width=\"1024\" height=\"768\" src=\"https:\/\/festivalduplancton.fr\/wp-content\/uploads\/2025\/03\/Festival-du-Plancton-Infos-pratiques-1024x768.jpg\" alt=\"\" class=\"has-border-color wp-image-337\" style=\"border-color:var(--ast-global-color-2);border-width:3px;border-radius:16px\" srcset=\"https:\/\/festivalduplancton.fr\/wp-content\/uploads\/2025\/03\/Festival-du-Plancton-Infos-pratiques-1024x768.jpg 1024w, https:\/\/festivalduplancton.fr\/wp-content\/uploads\/2025\/03\/Festival-du-Plancton-Infos-pratiques-300x225.jpg 300w, https:\/\/festivalduplancton.fr\/wp-content\/uploads\/2025\/03\/Festival-du-Plancton-Infos-pratiques-768x576.jpg 768w, https:\/\/festivalduplancton.fr\/wp-content\/uploads\/2025\/03\/Festival-du-Plancton-Infos-pratiques-1536x1152.jpg 1536w, https:\/\/festivalduplancton.fr\/wp-content\/uploads\/2025\/03\/Festival-du-Plancton-Infos-pratiques-2048x1536.jpg 2048w\" sizes=\"auto, (max-width: 1024px) 100vw, 1024px\" \/><\/a><\/figure>\n<\/div>\n\n\n\n<div class=\"wp-block-column is-layout-flow wp-block-column-is-layout-flow\">\n<figure class=\"wp-block-image size-large has-custom-border zoom-image image-devant\"><a href=\"#notre-equipe\"><img loading=\"lazy\" decoding=\"async\" width=\"1024\" height=\"768\" src=\"https:\/\/festivalduplancton.fr\/wp-content\/uploads\/2025\/03\/Festival-du-Plancton-Notre-equipe-1024x768.jpg\" alt=\"\" class=\"has-border-color wp-image-185\" style=\"border-color:var(--ast-global-color-3);border-width:3px;border-radius:16px\" srcset=\"https:\/\/festivalduplancton.fr\/wp-content\/uploads\/2025\/03\/Festival-du-Plancton-Notre-equipe-1024x768.jpg 1024w, https:\/\/festivalduplancton.fr\/wp-content\/uploads\/2025\/03\/Festival-du-Plancton-Notre-equipe-300x225.jpg 300w, https:\/\/festivalduplancton.fr\/wp-content\/uploads\/2025\/03\/Festival-du-Plancton-Notre-equipe-768x576.jpg 768w, https:\/\/festivalduplancton.fr\/wp-content\/uploads\/2025\/03\/Festival-du-Plancton-Notre-equipe-1536x1152.jpg 1536w, https:\/\/festivalduplancton.fr\/wp-content\/uploads\/2025\/03\/Festival-du-Plancton-Notre-equipe-2048x1536.jpg 2048w\" sizes=\"auto, (max-width: 1024px) 100vw, 1024px\" \/><\/a><\/figure>\n<\/div>\n<\/div>\n\n\n\n<h1 class=\"wp-block-heading has-ast-global-color-7-color has-text-color has-link-color wp-elements-3239261ec6ac9ea444a04a48a4eda177\">Plongez dans l&#8217;univers du plancton<\/h1>\n\n\n\n<div class=\"wp-block-columns is-layout-flex wp-container-core-columns-is-layout-07b7b7eb wp-block-columns-is-layout-flex\" style=\"padding-top:0;padding-right:0;padding-bottom:0;padding-left:0\">\n<div class=\"wp-block-column is-layout-flow wp-block-column-is-layout-flow\" style=\"flex-basis:50%\">\n<div class=\"wp-block-group is-nowrap is-layout-flex wp-container-core-group-is-layout-6c531013 wp-block-group-is-layout-flex\">\n<figure class=\"wp-block-image size-large has-custom-border\"><img loading=\"lazy\" decoding=\"async\" width=\"1024\" height=\"683\" src=\"https:\/\/festivalduplancton.fr\/wp-content\/uploads\/2025\/02\/Festival-du-Plancton-Photo_scolaires_2024-1024x683.jpg\" alt=\"\" class=\"wp-image-153\" style=\"border-radius:16px\" srcset=\"https:\/\/festivalduplancton.fr\/wp-content\/uploads\/2025\/02\/Festival-du-Plancton-Photo_scolaires_2024-1024x683.jpg 1024w, https:\/\/festivalduplancton.fr\/wp-content\/uploads\/2025\/02\/Festival-du-Plancton-Photo_scolaires_2024-300x200.jpg 300w, https:\/\/festivalduplancton.fr\/wp-content\/uploads\/2025\/02\/Festival-du-Plancton-Photo_scolaires_2024-768x512.jpg 768w, https:\/\/festivalduplancton.fr\/wp-content\/uploads\/2025\/02\/Festival-du-Plancton-Photo_scolaires_2024-1536x1024.jpg 1536w, https:\/\/festivalduplancton.fr\/wp-content\/uploads\/2025\/02\/Festival-du-Plancton-Photo_scolaires_2024-2048x1365.jpg 2048w\" sizes=\"auto, (max-width: 1024px) 100vw, 1024px\" \/><\/figure>\n<\/div>\n<\/div>\n\n\n\n<div class=\"wp-block-column is-layout-flow wp-block-column-is-layout-flow\">\n<p>Le Festival du Plancton revient pour une 2\u1d49 \u00e9dition \u00e0 Saint-Gilles-Croix-de-Vie ! Pendant quatre jours, explorez l&#8217;univers fascinant du plancton \u00e0 travers des exp\u00e9riences immersives, des rencontres avec des scientifiques et des artistes, ainsi que des d\u00e9couvertes ludiques et interactives.<\/p>\n\n\n\n<p>Cet \u00e9v\u00e9nement gratuit et ouvert \u00e0 tous met en lumi\u00e8re l&#8217;importance du plancton dans nos \u00e9cosyst\u00e8mes, tout en proposant un programme riche et vari\u00e9 accessible aux petits comme aux grands.<\/p>\n<\/div>\n<\/div>\n\n\n\n<div style=\"height:50px\" aria-hidden=\"true\" class=\"wp-block-spacer\"><\/div>\n\n\n\n<div class=\"wp-block-buttons is-content-justification-center is-layout-flex wp-container-core-buttons-is-layout-a89b3969 wp-block-buttons-is-layout-flex\">\n<div class=\"wp-block-button\"><a class=\"wp-block-button__link wp-element-button\" href=\"http:\/\/festivalduplancton.fr\/wp-content\/uploads\/2025\/06\/Affiche-Festival-du-Plancton-21x30cm.jpeg\" target=\"_blank\" rel=\"noreferrer noopener\">T\u00e9l\u00e9charger l&#8217;affiche de l&#8217;\u00e9dition 2025<\/a><\/div>\n<\/div>\n\n\n\n<div style=\"height:100px\" aria-hidden=\"true\" class=\"wp-block-spacer\"><\/div>\n\n\n\n<h1 class=\"wp-block-heading\" id=\"programme-2025\">Programme 2025<\/h1>\n\n\n\n<h2 class=\"wp-block-heading has-ast-global-color-7-color has-text-color has-link-color wp-elements-71fb17a8b86013fc585b213e898f3158\">Des expositions et animations en libre acc\u00e8s<\/h2>\n\n\n\n<p>L&#8217;entr\u00e9e au Festival est gratuite et ouverte \u00e0 tous. D\u00e9couvrez sur place des expositions et animations immersives. Ouverture des portes au public le samedi 21 Juin de 9h \u00e0 22h et le dimanche 22 Juin de 9h \u00e0 17h.<\/p>\n\n\n\n<div class=\"wp-block-buttons is-content-justification-center is-layout-flex wp-container-core-buttons-is-layout-a89b3969 wp-block-buttons-is-layout-flex\">\n<div class=\"wp-block-button\"><a class=\"wp-block-button__link has-border-color has-ast-global-color-0-border-color wp-element-button\" href=\"#infos-pratiques\" style=\"border-width:1px\">Infos pratiques<\/a><\/div>\n<\/div>\n\n\n\n<h2 class=\"wp-block-heading has-ast-global-color-7-color has-text-color has-link-color wp-elements-fa66c164b062794d678e30df77f4795e\">Des ateliers et soir\u00e9es sur inscriptions<\/h2>\n\n\n\n<p>Cliquez sur chaque journ\u00e9e pour d\u00e9couvrir les nombreuses activit\u00e9s organis\u00e9es.<\/p>\n\n\n\n<div class=\"wp-block-uagb-tabs uagb-block-dfb2609e uagb-tabs__wrap uagb-tabs__hstyle1-desktop uagb-tabs__vstyle6-tablet uagb-tabs__stack1-mobile uag-hide-mob\" data-tab-active=\"1\"><ul class=\"uagb-tabs__panel uagb-tabs__align-left\" role=\"tablist\"><li class=\"uagb-tab \" role=\"none\"><a href=\"#uagb-tabs__tab0\" class=\"uagb-tabs-list uagb-tabs__icon-position-left\" data-tab=\"0\" role=\"tab\"><div>\ud83d\udccd Tout<\/div><\/a><\/li><li class=\"uagb-tab uagb-tabs__active\" role=\"none\"><a href=\"#uagb-tabs__tab1\" class=\"uagb-tabs-list uagb-tabs__icon-position-left\" data-tab=\"1\" role=\"tab\"><div>\ud83d\udcc6 Jeudi 19 juin<\/div><\/a><\/li><li class=\"uagb-tab \" role=\"none\"><a href=\"#uagb-tabs__tab2\" class=\"uagb-tabs-list uagb-tabs__icon-position-left\" data-tab=\"2\" role=\"tab\"><div>\ud83d\udcc6 Vendredi 20 juin<\/div><\/a><\/li><li class=\"uagb-tab \" role=\"none\"><a href=\"#uagb-tabs__tab3\" class=\"uagb-tabs-list uagb-tabs__icon-position-left\" data-tab=\"3\" role=\"tab\"><div>\ud83d\udcc6 Samedi 21 juin <\/div><\/a><\/li><li class=\"uagb-tab \" role=\"none\"><a href=\"#uagb-tabs__tab4\" class=\"uagb-tabs-list uagb-tabs__icon-position-left\" data-tab=\"4\" role=\"tab\"><div>\ud83d\udcc6 Dimanche 22 juin<\/div><\/a><\/li><\/ul><div class=\"uagb-tabs__body-wrap\">\n<div class=\"wp-block-uagb-tabs-child uagb-tabs__body-container uagb-inner-tab-0 uag-hide-mob\" aria-labelledby=\"uagb-tabs__tab0\">\n<div class=\"wp-block-columns is-layout-flex wp-container-core-columns-is-layout-8351d469 wp-block-columns-is-layout-flex\" style=\"margin-bottom:var(--wp--preset--spacing--50)\">\n<div class=\"wp-block-column is-layout-flow wp-block-column-is-layout-flow\">\n<div class=\"wp-block-uagb-modal uagb-block-02d9e872 uagb-modal-wrapper zoom-image\" data-escpress=\"enable\" data-overlayclick=\"enable\"><img decoding=\"async\" src=\"http:\/\/festivalduplancton.fr\/wp-content\/uploads\/2025\/04\/Festival-du-Plancton-Soiree-dexploration-Vendredi-1.png\" alt=\"\" class=\"uagb-modal-trigger\" width=\"4000\" height=\"3000\" loading=\"lazy\"\/><div class=\"uagb-effect-default uagb-modal-popup uagb-block-02d9e872 uagb-modal-type-undefined\"><div class=\"uagb-modal-popup-wrap\"><div class=\"uagb-modal-popup-content\">\n<div class=\"wp-block-uagb-info-box uagb-block-16658ee0 uagb-infobox__content-wrap  uagb-infobox-icon-above-title uagb-infobox-image-valign-top\"><div class=\"uagb-ifb-content\"><div class=\"uagb-ifb-icon-wrap\"><svg xmlns=\"https:\/\/www.w3.org\/2000\/svg\" viewBox=\"0 0 512 512\"><path d=\"M511.1 367.1c0 44.18-42.98 80-95.1 80s-95.1-35.82-95.1-79.1c0-44.18 42.98-79.1 95.1-79.1c11.28 0 21.95 1.92 32.01 4.898V148.1L192 224l-.0023 208.1C191.1 476.2 149 512 95.1 512S0 476.2 0 432c0-44.18 42.98-79.1 95.1-79.1c11.28 0 21.95 1.92 32 4.898V126.5c0-12.97 10.06-26.63 22.41-30.52l319.1-94.49C472.1 .6615 477.3 0 480 0c17.66 0 31.97 14.34 32 31.99L511.1 367.1z\"><\/path><\/svg><\/div><div class=\"uagb-ifb-title-wrap\"><h3 class=\"uagb-ifb-title-prefix\">Soir\u00e9e sur l&#8217;exploration<\/h3><h5 class=\"uagb-ifb-title\">\u23f0 20h |\ud83d\udccdCin\u00e9 Marine<\/h5><\/div><p class=\"uagb-ifb-desc\">L\u2019exploration oc\u00e9anique : pourquoi, comment et jusqu\u2019o\u00f9 ? Table ronde artistique avec Jean-Louis \u00c9tienne, Colomban de Vargas, Wilfried N\u2019Sond\u00e9 et Marie-Kell de Cannart.<\/p><div class=\"uagb-ifb-button-wrapper wp-block-button\"><a href=\"https:\/\/www.helloasso.com\/associations\/missions-citoyennes-oceanes\/evenements\/soiree-sur-l-exploration-marine\" class=\"uagb-infobox-cta-link wp-block-button__link\" target=\"_blank\" rel=\"noopener noreferrer\" onclick=\"return true;\"><span class=\"uagb-inline-editing\">Inscriptions (prix libre)<\/span><\/a><\/div><\/div><\/div>\n<\/div><button class=\"uagb-modal-popup-close\" aria-label=\"Close Modal\"><svg xmlns=\"https:\/\/www.w3.org\/2000\/svg\" viewBox=\"0 0 320 512\"><path d=\"M310.6 361.4c12.5 12.5 12.5 32.75 0 45.25C304.4 412.9 296.2 416 288 416s-16.38-3.125-22.62-9.375L160 301.3L54.63 406.6C48.38 412.9 40.19 416 32 416S15.63 412.9 9.375 406.6c-12.5-12.5-12.5-32.75 0-45.25l105.4-105.4L9.375 150.6c-12.5-12.5-12.5-32.75 0-45.25s32.75-12.5 45.25 0L160 210.8l105.4-105.4c12.5-12.5 32.75-12.5 45.25 0s12.5 32.75 0 45.25l-105.4 105.4L310.6 361.4z\"><\/path><\/svg><\/button><\/div><\/div><\/div>\n<\/div>\n\n\n\n<div class=\"wp-block-column is-layout-flow wp-block-column-is-layout-flow\">\n<div class=\"wp-block-uagb-modal uagb-block-5f791eac uagb-modal-wrapper zoom-image\" data-escpress=\"enable\" data-overlayclick=\"enable\"><img decoding=\"async\" src=\"http:\/\/festivalduplancton.fr\/wp-content\/uploads\/2025\/04\/Festival-du-Plancton-Ateliers-scientifiques-Samedi-et-dimanche-1-scaled.jpg\" alt=\"Festival du Plancton - Ateliers scientifiques - Samedi et dimanche\" class=\"uagb-modal-trigger\" width=\"2560\" height=\"1920\" loading=\"lazy\"\/><div class=\"uagb-effect-default uagb-modal-popup uagb-block-5f791eac uagb-modal-type-undefined\"><div class=\"uagb-modal-popup-wrap\"><div class=\"uagb-modal-popup-content\">\n<div class=\"wp-block-uagb-info-box uagb-block-b6c6b175 uagb-infobox__content-wrap  uagb-infobox-icon-above-title uagb-infobox-image-valign-top\"><div class=\"uagb-ifb-content\"><div class=\"uagb-ifb-icon-wrap\"><svg xmlns=\"https:\/\/www.w3.org\/2000\/svg\" viewBox=\"0 0 512 512\"><path d=\"M500.3 443.7l-119.7-119.7c27.22-40.41 40.65-90.9 33.46-144.7C401.8 87.79 326.8 13.32 235.2 1.723C99.01-15.51-15.51 99.01 1.724 235.2c11.6 91.64 86.08 166.7 177.6 178.9c53.8 7.189 104.3-6.236 144.7-33.46l119.7 119.7c15.62 15.62 40.95 15.62 56.57 0C515.9 484.7 515.9 459.3 500.3 443.7zM79.1 208c0-70.58 57.42-128 128-128s128 57.42 128 128c0 70.58-57.42 128-128 128S79.1 278.6 79.1 208z\"><\/path><\/svg><\/div><div class=\"uagb-ifb-title-wrap\"><h3 class=\"uagb-ifb-title-prefix\">Ateliers scientifiques<\/h3><h5 class=\"uagb-ifb-title\">\u23f0 10h &#8211; 18h |\ud83d\udccdSalle Marie-de-Beaucaire<\/h5><\/div><p class=\"uagb-ifb-desc\">Par groupe de 10 personnes, partez \u00e0 la d\u00e9couverte du plancton sous forme d\u2019ateliers encadr\u00e9s par un scientifique de l\u2019\u00e9quipe.<\/p><div class=\"uagb-ifb-button-wrapper wp-block-button\"><a href=\"https:\/\/www.helloasso.com\/associations\/missions-citoyennes-oceanes\/evenements\/ateliers-scientifiques-samedi-21-juin\" class=\"uagb-infobox-cta-link wp-block-button__link\" target=\"_blank\" rel=\"noopener noreferrer\" onclick=\"return true;\"><span class=\"uagb-inline-editing\">Inscriptions (prix libre)<\/span><\/a><\/div><\/div><\/div>\n<\/div><button class=\"uagb-modal-popup-close\" aria-label=\"Close Modal\"><svg xmlns=\"https:\/\/www.w3.org\/2000\/svg\" viewBox=\"0 0 320 512\"><path d=\"M310.6 361.4c12.5 12.5 12.5 32.75 0 45.25C304.4 412.9 296.2 416 288 416s-16.38-3.125-22.62-9.375L160 301.3L54.63 406.6C48.38 412.9 40.19 416 32 416S15.63 412.9 9.375 406.6c-12.5-12.5-12.5-32.75 0-45.25l105.4-105.4L9.375 150.6c-12.5-12.5-12.5-32.75 0-45.25s32.75-12.5 45.25 0L160 210.8l105.4-105.4c12.5-12.5 32.75-12.5 45.25 0s12.5 32.75 0 45.25l-105.4 105.4L310.6 361.4z\"><\/path><\/svg><\/button><\/div><\/div><\/div>\n<\/div>\n\n\n\n<div class=\"wp-block-column is-layout-flow wp-block-column-is-layout-flow\">\n<div class=\"wp-block-uagb-modal uagb-block-39d74ff0 uagb-modal-wrapper zoom-image\" data-escpress=\"enable\" data-overlayclick=\"enable\"><img decoding=\"async\" src=\"http:\/\/festivalduplancton.fr\/wp-content\/uploads\/2025\/04\/Festival-du-Plancton-Conte-musical-Jeudi-scaled.jpg\" alt=\"Festival du Plancton - Conte musical - Jeudi\" class=\"uagb-modal-trigger\" width=\"2560\" height=\"1920\" loading=\"lazy\"\/><div class=\"uagb-effect-default uagb-modal-popup uagb-block-39d74ff0 uagb-modal-type-undefined\"><div class=\"uagb-modal-popup-wrap\"><div class=\"uagb-modal-popup-content\">\n<div class=\"wp-block-uagb-info-box uagb-block-1e8d35ad uagb-infobox__content-wrap  uagb-infobox-icon-above-title uagb-infobox-image-valign-top\"><div class=\"uagb-ifb-content\"><div class=\"uagb-ifb-icon-wrap\"><svg xmlns=\"https:\/\/www.w3.org\/2000\/svg\" viewBox=\"0 0 576 512\"><path d=\"M180.5 141.5C219.7 108.5 272.6 80 336 80C399.4 80 452.3 108.5 491.5 141.5C530.5 174.5 558.3 213.1 572.4 241.3C577.2 250.5 577.2 261.5 572.4 270.7C558.3 298 530.5 337.5 491.5 370.5C452.3 403.5 399.4 432 336 432C272.6 432 219.7 403.5 180.5 370.5C164.3 356.7 150 341.9 137.8 327.3L48.12 379.6C35.61 386.9 19.76 384.9 9.474 374.7C-.8133 364.5-2.97 348.7 4.216 336.1L50 256L4.216 175.9C-2.97 163.3-.8133 147.5 9.474 137.3C19.76 127.1 35.61 125.1 48.12 132.4L137.8 184.7C150 170.1 164.3 155.3 180.5 141.5L180.5 141.5zM416 224C398.3 224 384 238.3 384 256C384 273.7 398.3 288 416 288C433.7 288 448 273.7 448 256C448 238.3 433.7 224 416 224z\"><\/path><\/svg><\/div><div class=\"uagb-ifb-title-wrap\"><h3 class=\"uagb-ifb-title-prefix\">Conte musical <\/h3><h5 class=\"uagb-ifb-title\">\u23f0 20h |\ud83d\udccdSalle Marie-de-Beaucaire<\/h5><\/div><p class=\"uagb-ifb-desc\">Soir\u00e9e d\u2019ouverture du Festival. Spectacle musical \u201cSur le Pont\u201d par Isabelle Autissier et Pascal Ducourtioux.<\/p><div class=\"uagb-ifb-button-wrapper wp-block-button\"><a href=\"https:\/\/www.helloasso.com\/associations\/missions-citoyennes-oceanes\/evenements\/atelier-scientifique\" class=\"uagb-infobox-cta-link wp-block-button__link\" target=\"_blank\" rel=\"noopener noreferrer\" onclick=\"return true;\"><span class=\"uagb-inline-editing\">Inscriptions (prix libre)<\/span><\/a><\/div><\/div><\/div>\n<\/div><button class=\"uagb-modal-popup-close\" aria-label=\"Close Modal\"><svg xmlns=\"https:\/\/www.w3.org\/2000\/svg\" viewBox=\"0 0 320 512\"><path d=\"M310.6 361.4c12.5 12.5 12.5 32.75 0 45.25C304.4 412.9 296.2 416 288 416s-16.38-3.125-22.62-9.375L160 301.3L54.63 406.6C48.38 412.9 40.19 416 32 416S15.63 412.9 9.375 406.6c-12.5-12.5-12.5-32.75 0-45.25l105.4-105.4L9.375 150.6c-12.5-12.5-12.5-32.75 0-45.25s32.75-12.5 45.25 0L160 210.8l105.4-105.4c12.5-12.5 32.75-12.5 45.25 0s12.5 32.75 0 45.25l-105.4 105.4L310.6 361.4z\"><\/path><\/svg><\/button><\/div><\/div><\/div>\n<\/div>\n<\/div>\n\n\n\n<div style=\"height:15px\" aria-hidden=\"true\" class=\"wp-block-spacer uag-hide-desktop uag-hide-tab\"><\/div>\n\n\n\n<div class=\"wp-block-columns is-layout-flex wp-container-core-columns-is-layout-8351d469 wp-block-columns-is-layout-flex\" style=\"margin-bottom:var(--wp--preset--spacing--50)\">\n<div class=\"wp-block-column is-layout-flow wp-block-column-is-layout-flow\">\n<div class=\"wp-block-uagb-modal uagb-block-4a111623 uagb-modal-wrapper zoom-image\" data-escpress=\"enable\" data-overlayclick=\"enable\"><img decoding=\"async\" src=\"http:\/\/festivalduplancton.fr\/wp-content\/uploads\/2025\/04\/Festival-du-Plancton-Dedicaces-Christian-Sardet-Samedi-scaled.jpg\" alt=\"Festival du Plancton - D\u00e9dicaces Christian Sardet - Samedi\" class=\"uagb-modal-trigger\" width=\"2560\" height=\"1920\" loading=\"lazy\"\/><div class=\"uagb-effect-default uagb-modal-popup uagb-block-4a111623 uagb-modal-type-undefined\"><div class=\"uagb-modal-popup-wrap\"><div class=\"uagb-modal-popup-content\">\n<div class=\"wp-block-uagb-info-box uagb-block-b54c4c1f uagb-infobox__content-wrap  uagb-infobox-icon-above-title uagb-infobox-image-valign-top\"><div class=\"uagb-ifb-content\"><div class=\"uagb-ifb-icon-wrap\"><svg xmlns=\"https:\/\/www.w3.org\/2000\/svg\" viewBox=\"0 0 448 512\"><path d=\"M448 336v-288C448 21.49 426.5 0 400 0H352v191.1c0 13.41-15.52 20.88-25.1 12.49L272 160L217.1 204.5C207.5 212.8 192 205.4 192 191.1V0H96C42.98 0 0 42.98 0 96v320c0 53.02 42.98 96 96 96h320c17.67 0 32-14.33 32-32c0-11.72-6.607-21.52-16-27.1v-81.36C441.8 362.8 448 350.2 448 336zM384 448H96c-17.67 0-32-14.33-32-32c0-17.67 14.33-32 32-32h288V448z\"><\/path><\/svg><\/div><div class=\"uagb-ifb-title-wrap\"><h3 class=\"uagb-ifb-title-prefix\">D\u00e9dicaces<\/h3><h5 class=\"uagb-ifb-title\">\u23f0 14h30 |\ud83d\udccdSalle Marie-de-Beaucaire<\/h5><\/div><p class=\"uagb-ifb-desc\">Rencontres et d\u00e9dicaces avec les auteurs Christian Sardet et Wilfried N\u2019Sond\u00e9.<\/p><div class=\"uagb-ifb-button-wrapper wp-block-button\"><a href=\"#\" class=\"uagb-infobox-cta-link wp-block-button__link\" target=\"_blank\" rel=\"noopener noreferrer\" onclick=\"return false;\"><span class=\"uagb-inline-editing\">Pas d&#8217;inscriptions (entr\u00e9e libre)<\/span><\/a><\/div><\/div><\/div>\n<\/div><button class=\"uagb-modal-popup-close\" aria-label=\"Close Modal\"><svg xmlns=\"https:\/\/www.w3.org\/2000\/svg\" viewBox=\"0 0 320 512\"><path d=\"M310.6 361.4c12.5 12.5 12.5 32.75 0 45.25C304.4 412.9 296.2 416 288 416s-16.38-3.125-22.62-9.375L160 301.3L54.63 406.6C48.38 412.9 40.19 416 32 416S15.63 412.9 9.375 406.6c-12.5-12.5-12.5-32.75 0-45.25l105.4-105.4L9.375 150.6c-12.5-12.5-12.5-32.75 0-45.25s32.75-12.5 45.25 0L160 210.8l105.4-105.4c12.5-12.5 32.75-12.5 45.25 0s12.5 32.75 0 45.25l-105.4 105.4L310.6 361.4z\"><\/path><\/svg><\/button><\/div><\/div><\/div>\n<\/div>\n\n\n\n<div class=\"wp-block-column is-layout-flow wp-block-column-is-layout-flow\">\n<div class=\"wp-block-uagb-modal uagb-block-c9703b15 uagb-modal-wrapper zoom-image\" data-escpress=\"enable\" data-overlayclick=\"enable\"><img decoding=\"async\" src=\"http:\/\/festivalduplancton.fr\/wp-content\/uploads\/2025\/04\/Festival-du-Plancton-Atelier-decriture-Dimanche-3.png\" alt=\"\" class=\"uagb-modal-trigger\" width=\"1920\" height=\"1440\" loading=\"lazy\"\/><div class=\"uagb-effect-default uagb-modal-popup uagb-block-c9703b15 uagb-modal-type-undefined\"><div class=\"uagb-modal-popup-wrap\"><div class=\"uagb-modal-popup-content\">\n<div class=\"wp-block-uagb-info-box uagb-block-657b6809 uagb-infobox__content-wrap  uagb-infobox-icon-above-title uagb-infobox-image-valign-top\"><div class=\"uagb-ifb-content\"><div class=\"uagb-ifb-icon-wrap\"><svg xmlns=\"https:\/\/www.w3.org\/2000\/svg\" viewBox=\"0 0 512 512\"><path d=\"M421.7 220.3L188.5 453.4L154.6 419.5L158.1 416H112C103.2 416 96 408.8 96 400V353.9L92.51 357.4C87.78 362.2 84.31 368 82.42 374.4L59.44 452.6L137.6 429.6C143.1 427.7 149.8 424.2 154.6 419.5L188.5 453.4C178.1 463.8 165.2 471.5 151.1 475.6L30.77 511C22.35 513.5 13.24 511.2 7.03 504.1C.8198 498.8-1.502 489.7 .976 481.2L36.37 360.9C40.53 346.8 48.16 333.9 58.57 323.5L291.7 90.34L421.7 220.3zM492.7 58.75C517.7 83.74 517.7 124.3 492.7 149.3L444.3 197.7L314.3 67.72L362.7 19.32C387.7-5.678 428.3-5.678 453.3 19.32L492.7 58.75z\"><\/path><\/svg><\/div><div class=\"uagb-ifb-title-wrap\"><h3 class=\"uagb-ifb-title-prefix\">Atelier d&#8217;\u00e9criture<\/h3><h5 class=\"uagb-ifb-title\">\u23f0 10h |\ud83d\udccdSalle Marie-de-Beaucaire<\/h5><\/div><p class=\"uagb-ifb-desc\"> Informations \u00e0 venir.&nbsp;<\/p><div class=\"uagb-ifb-button-wrapper wp-block-button\"><a href=\"#\" class=\"uagb-infobox-cta-link wp-block-button__link\" target=\"_blank\" rel=\"noopener noreferrer\" onclick=\"return false;\"><span class=\"uagb-inline-editing\">\u00c0 partir du 26 mai<\/span><\/a><\/div><\/div><\/div>\n<\/div><button class=\"uagb-modal-popup-close\" aria-label=\"Close Modal\"><svg xmlns=\"https:\/\/www.w3.org\/2000\/svg\" viewBox=\"0 0 320 512\"><path d=\"M310.6 361.4c12.5 12.5 12.5 32.75 0 45.25C304.4 412.9 296.2 416 288 416s-16.38-3.125-22.62-9.375L160 301.3L54.63 406.6C48.38 412.9 40.19 416 32 416S15.63 412.9 9.375 406.6c-12.5-12.5-12.5-32.75 0-45.25l105.4-105.4L9.375 150.6c-12.5-12.5-12.5-32.75 0-45.25s32.75-12.5 45.25 0L160 210.8l105.4-105.4c12.5-12.5 32.75-12.5 45.25 0s12.5 32.75 0 45.25l-105.4 105.4L310.6 361.4z\"><\/path><\/svg><\/button><\/div><\/div><\/div>\n<\/div>\n\n\n\n<div class=\"wp-block-column is-layout-flow wp-block-column-is-layout-flow\">\n<div class=\"wp-block-uagb-modal uagb-block-65581d6f uagb-modal-wrapper zoom-image\" data-escpress=\"enable\" data-overlayclick=\"enable\"><img decoding=\"async\" src=\"http:\/\/festivalduplancton.fr\/wp-content\/uploads\/2025\/05\/Festival-du-Plancton-Pitch-ta-these-Dimanche.png\" alt=\"\" class=\"uagb-modal-trigger\" width=\"2000\" height=\"1500\" loading=\"lazy\"\/><div class=\"uagb-effect-default uagb-modal-popup uagb-block-65581d6f uagb-modal-type-undefined\"><div class=\"uagb-modal-popup-wrap\"><div class=\"uagb-modal-popup-content\">\n<div class=\"wp-block-uagb-info-box uagb-block-beda32c9 uagb-infobox__content-wrap  uagb-infobox-icon-above-title uagb-infobox-image-valign-top\"><div class=\"uagb-ifb-content\"><div class=\"uagb-ifb-icon-wrap\"><svg xmlns=\"https:\/\/www.w3.org\/2000\/svg\" viewBox=\"0 0 640 512\"><path d=\"M623.1 136.9l-282.7-101.2c-13.73-4.91-28.7-4.91-42.43 0L16.05 136.9C6.438 140.4 0 149.6 0 160s6.438 19.65 16.05 23.09L76.07 204.6c-11.89 15.8-20.26 34.16-24.55 53.95C40.05 263.4 32 274.8 32 288c0 9.953 4.814 18.49 11.94 24.36l-24.83 149C17.48 471.1 25 480 34.89 480H93.11c9.887 0 17.41-8.879 15.78-18.63l-24.83-149C91.19 306.5 96 297.1 96 288c0-10.29-5.174-19.03-12.72-24.89c4.252-17.76 12.88-33.82 24.94-47.03l190.6 68.23c13.73 4.91 28.7 4.91 42.43 0l282.7-101.2C633.6 179.6 640 170.4 640 160S633.6 140.4 623.1 136.9zM351.1 314.4C341.7 318.1 330.9 320 320 320c-10.92 0-21.69-1.867-32-5.555L142.8 262.5L128 405.3C128 446.6 213.1 480 320 480c105.1 0 192-33.4 192-74.67l-14.78-142.9L351.1 314.4z\"><\/path><\/svg><\/div><div class=\"uagb-ifb-title-wrap\"><h3 class=\"uagb-ifb-title-prefix\">Rencontre  chercheurs<\/h3><h5 class=\"uagb-ifb-title\">\u23f0 17h30 |\ud83d\udccdSalle Marie-de-Beaucaire<\/h5><\/div><p class=\"uagb-ifb-desc\">Rencontre entre des jeunes chercheurs sur le front de la connaissance du plancton et le public, anim\u00e9e par Colomban de Vargas<br><br>Ouvert \u00e0 tout public &#8211; Entr\u00e9e libre<\/p><div class=\"uagb-ifb-button-wrapper wp-block-button\"><a href=\"https:\/\/www.helloasso.com\/associations\/missions-citoyennes-oceanes\/evenements\/inscriptions-des-doctorants\" class=\"uagb-infobox-cta-link wp-block-button__link\" target=\"_blank\" rel=\"noopener noreferrer\" onclick=\"return true;\"><span class=\"uagb-inline-editing\">Inscription des doctorants<\/span><\/a><\/div><\/div><\/div>\n<\/div><button class=\"uagb-modal-popup-close\" aria-label=\"Close Modal\"><svg xmlns=\"https:\/\/www.w3.org\/2000\/svg\" viewBox=\"0 0 320 512\"><path d=\"M310.6 361.4c12.5 12.5 12.5 32.75 0 45.25C304.4 412.9 296.2 416 288 416s-16.38-3.125-22.62-9.375L160 301.3L54.63 406.6C48.38 412.9 40.19 416 32 416S15.63 412.9 9.375 406.6c-12.5-12.5-12.5-32.75 0-45.25l105.4-105.4L9.375 150.6c-12.5-12.5-12.5-32.75 0-45.25s32.75-12.5 45.25 0L160 210.8l105.4-105.4c12.5-12.5 32.75-12.5 45.25 0s12.5 32.75 0 45.25l-105.4 105.4L310.6 361.4z\"><\/path><\/svg><\/button><\/div><\/div><\/div>\n<\/div>\n<\/div>\n\n\n\n<div style=\"height:15px\" aria-hidden=\"true\" class=\"wp-block-spacer uag-hide-desktop uag-hide-tab\"><\/div>\n\n\n\n<div class=\"wp-block-columns is-layout-flex wp-container-core-columns-is-layout-8351d469 wp-block-columns-is-layout-flex\" style=\"margin-bottom:var(--wp--preset--spacing--50)\">\n<div class=\"wp-block-column is-layout-flow wp-block-column-is-layout-flow\">\n<div class=\"wp-block-uagb-modal uagb-block-a85798a6 uagb-modal-wrapper zoom-image\" data-escpress=\"enable\" data-overlayclick=\"enable\"><img decoding=\"async\" src=\"http:\/\/festivalduplancton.fr\/wp-content\/uploads\/2025\/04\/Festival-du-Plancton-Remise-des-prix-concours-Jeune-biologiste-Dimanche-scaled.jpg\" alt=\"\" class=\"uagb-modal-trigger\" width=\"2560\" height=\"1920\" loading=\"lazy\"\/><div class=\"uagb-effect-default uagb-modal-popup uagb-block-a85798a6 uagb-modal-type-undefined\"><div class=\"uagb-modal-popup-wrap\"><div class=\"uagb-modal-popup-content\">\n<div class=\"wp-block-uagb-info-box uagb-block-a2c90cd8 uagb-infobox__content-wrap  uagb-infobox-icon-above-title uagb-infobox-image-valign-top\"><div class=\"uagb-ifb-content\"><div class=\"uagb-ifb-icon-wrap\"><svg xmlns=\"https:\/\/www.w3.org\/2000\/svg\" viewBox=\"0 0 512 512\"><path d=\"M223.7 130.8L149.1 7.77C147.1 2.949 141.9 0 136.3 0H16.03c-12.95 0-20.53 14.58-13.1 25.18l111.3 158.9C143.9 156.4 181.7 137.3 223.7 130.8zM256 160c-97.25 0-176 78.75-176 176S158.8 512 256 512s176-78.75 176-176S353.3 160 256 160zM348.5 317.3l-37.88 37l8.875 52.25c1.625 9.25-8.25 16.5-16.63 12l-46.88-24.62L209.1 418.5c-8.375 4.5-18.25-2.75-16.63-12l8.875-52.25l-37.88-37C156.6 310.6 160.5 299 169.9 297.6l52.38-7.625L245.7 242.5c2-4.25 6.125-6.375 10.25-6.375S264.2 238.3 266.2 242.5l23.5 47.5l52.38 7.625C351.6 299 355.4 310.6 348.5 317.3zM495.1 0H375.7c-5.621 0-10.83 2.949-13.72 7.77l-73.76 122.1c42 6.5 79.88 25.62 109.5 53.38l111.3-158.9C516.5 14.58 508.9 0 495.1 0z\"><\/path><\/svg><\/div><div class=\"uagb-ifb-title-wrap\"><h3 class=\"uagb-ifb-title-prefix\">Remise des prix du concours \u201cla p\u00eache au plancton\u201d <\/h3><h5 class=\"uagb-ifb-title\">\u23f0 16h30 |\ud83d\udccdSalle Marie-de-Beaucaire<\/h5><\/div><p class=\"uagb-ifb-desc\">De nombreux lots \u00e0 gagner.<\/p><div class=\"uagb-ifb-button-wrapper wp-block-button\"><a href=\"#concours\" class=\"uagb-infobox-cta-link wp-block-button__link\" target=\"_self\" rel=\"noopener noreferrer\" onclick=\"return true;\"><span class=\"uagb-inline-editing\">Participez au jeu concours<\/span><\/a><\/div><\/div><\/div>\n<\/div><button class=\"uagb-modal-popup-close\" aria-label=\"Close Modal\"><svg xmlns=\"https:\/\/www.w3.org\/2000\/svg\" viewBox=\"0 0 320 512\"><path d=\"M310.6 361.4c12.5 12.5 12.5 32.75 0 45.25C304.4 412.9 296.2 416 288 416s-16.38-3.125-22.62-9.375L160 301.3L54.63 406.6C48.38 412.9 40.19 416 32 416S15.63 412.9 9.375 406.6c-12.5-12.5-12.5-32.75 0-45.25l105.4-105.4L9.375 150.6c-12.5-12.5-12.5-32.75 0-45.25s32.75-12.5 45.25 0L160 210.8l105.4-105.4c12.5-12.5 32.75-12.5 45.25 0s12.5 32.75 0 45.25l-105.4 105.4L310.6 361.4z\"><\/path><\/svg><\/button><\/div><\/div><\/div>\n<\/div>\n\n\n\n<div class=\"wp-block-column is-layout-flow wp-block-column-is-layout-flow\">\n<div class=\"wp-block-uagb-modal uagb-block-215da2cb uagb-modal-wrapper zoom-image\" data-escpress=\"enable\" data-overlayclick=\"enable\"><img decoding=\"async\" src=\"http:\/\/festivalduplancton.fr\/wp-content\/uploads\/2025\/04\/Festival-du-Plancton-Atelier-artistique-Samedi-1-scaled.jpg\" alt=\"Festival du Plancton - Atelier artistique - Samedi\" class=\"uagb-modal-trigger\" width=\"2560\" height=\"1920\" loading=\"lazy\"\/><div class=\"uagb-effect-default uagb-modal-popup uagb-block-215da2cb uagb-modal-type-undefined\"><div class=\"uagb-modal-popup-wrap\"><div class=\"uagb-modal-popup-content\">\n<div class=\"wp-block-uagb-info-box uagb-block-21232bbe uagb-infobox__content-wrap  uagb-infobox-icon-above-title uagb-infobox-image-valign-top\"><div class=\"uagb-ifb-content\"><div class=\"uagb-ifb-icon-wrap\"><svg xmlns=\"https:\/\/www.w3.org\/2000\/svg\" viewBox=\"0 0 576 512\"><path d=\"M224 263.3C224.2 233.3 238.4 205.2 262.4 187.2L499.1 9.605C517.7-4.353 543.6-2.965 560.7 12.9C577.7 28.76 580.8 54.54 568.2 74.07L406.5 324.1C391.3 347.7 366.6 363.2 339.3 367.1L224 263.3zM320 400C320 461.9 269.9 512 208 512H64C46.33 512 32 497.7 32 480C32 462.3 46.33 448 64 448H68.81C86.44 448 98.4 429.1 96.59 411.6C96.2 407.8 96 403.9 96 400C96 339.6 143.9 290.3 203.7 288.1L319.8 392.5C319.9 394.1 320 397.5 320 400V400z\"><\/path><\/svg><\/div><div class=\"uagb-ifb-title-wrap\"><h3 class=\"uagb-ifb-title-prefix\">Atelier artistique<\/h3><h5 class=\"uagb-ifb-title\">\u23f0 10h |\ud83d\udccdSalle Marie-de-Beaucaire<\/h5><\/div><p class=\"uagb-ifb-desc\">Informations \u00e0 venir.<\/p><div class=\"uagb-ifb-button-wrapper wp-block-button\"><a href=\"https:\/\/www.helloasso.com\/associations\/missions-citoyennes-oceanes\/evenements\/atelier-gravure-sur-bois-avec-marine-duval\" class=\"uagb-infobox-cta-link wp-block-button__link\" target=\"_blank\" rel=\"noopener noreferrer\" onclick=\"return true;\"><span class=\"uagb-inline-editing\">Inscriptions (prix libre)<\/span><\/a><\/div><\/div><\/div>\n<\/div><button class=\"uagb-modal-popup-close\" aria-label=\"Close Modal\"><svg xmlns=\"https:\/\/www.w3.org\/2000\/svg\" viewBox=\"0 0 320 512\"><path d=\"M310.6 361.4c12.5 12.5 12.5 32.75 0 45.25C304.4 412.9 296.2 416 288 416s-16.38-3.125-22.62-9.375L160 301.3L54.63 406.6C48.38 412.9 40.19 416 32 416S15.63 412.9 9.375 406.6c-12.5-12.5-12.5-32.75 0-45.25l105.4-105.4L9.375 150.6c-12.5-12.5-12.5-32.75 0-45.25s32.75-12.5 45.25 0L160 210.8l105.4-105.4c12.5-12.5 32.75-12.5 45.25 0s12.5 32.75 0 45.25l-105.4 105.4L310.6 361.4z\"><\/path><\/svg><\/button><\/div><\/div><\/div>\n<\/div>\n\n\n\n<div class=\"wp-block-column is-layout-flow wp-block-column-is-layout-flow\">\n<div class=\"wp-block-uagb-modal uagb-block-ac1925fa uagb-modal-wrapper zoom-image\" data-escpress=\"enable\" data-overlayclick=\"enable\"><img decoding=\"async\" src=\"http:\/\/festivalduplancton.fr\/wp-content\/uploads\/2025\/04\/Festival-du-Plancton-Photographier-le-plancton-Samedi-scaled.jpg\" alt=\"Festival du Plancton - Photographier le plancton - Samedi\" class=\"uagb-modal-trigger\" width=\"2560\" height=\"1920\" loading=\"lazy\"\/><div class=\"uagb-effect-default uagb-modal-popup uagb-block-ac1925fa uagb-modal-type-undefined\"><div class=\"uagb-modal-popup-wrap\"><div class=\"uagb-modal-popup-content\">\n<div class=\"wp-block-uagb-info-box uagb-block-f50218d7 uagb-infobox__content-wrap  uagb-infobox-icon-above-title uagb-infobox-image-valign-top\"><div class=\"uagb-ifb-content\"><div class=\"uagb-ifb-icon-wrap\"><svg xmlns=\"https:\/\/www.w3.org\/2000\/svg\" viewBox=\"0 0 512 512\"><path d=\"M194.6 32H317.4C338.1 32 356.4 45.22 362.9 64.82L373.3 96H448C483.3 96 512 124.7 512 160V416C512 451.3 483.3 480 448 480H64C28.65 480 0 451.3 0 416V160C0 124.7 28.65 96 64 96H138.7L149.1 64.82C155.6 45.22 173.9 32 194.6 32H194.6zM256 384C309 384 352 341 352 288C352 234.1 309 192 256 192C202.1 192 160 234.1 160 288C160 341 202.1 384 256 384z\"><\/path><\/svg><\/div><div class=\"uagb-ifb-title-wrap\"><h3 class=\"uagb-ifb-title-prefix\">Photographier le plancton<\/h3><h5 class=\"uagb-ifb-title\">\u23f0 16h |\ud83d\udccdSalle Marie-de-Beaucaire<\/h5><\/div><p class=\"uagb-ifb-desc\">Informations \u00e0 venir.<\/p><div class=\"uagb-ifb-button-wrapper wp-block-button\"><a href=\"https:\/\/www.helloasso.com\/associations\/missions-citoyennes-oceanes\/evenements\/atelier-photographier-le-plancton-avec-noe-sardet-et-sharif-mirshak\" class=\"uagb-infobox-cta-link wp-block-button__link\" target=\"_blank\" rel=\"noopener noreferrer\" onclick=\"return true;\"><span class=\"uagb-inline-editing\">Inscriptions (prix libre)<\/span><\/a><\/div><\/div><\/div>\n<\/div><button class=\"uagb-modal-popup-close\" aria-label=\"Close Modal\"><svg xmlns=\"https:\/\/www.w3.org\/2000\/svg\" viewBox=\"0 0 320 512\"><path d=\"M310.6 361.4c12.5 12.5 12.5 32.75 0 45.25C304.4 412.9 296.2 416 288 416s-16.38-3.125-22.62-9.375L160 301.3L54.63 406.6C48.38 412.9 40.19 416 32 416S15.63 412.9 9.375 406.6c-12.5-12.5-12.5-32.75 0-45.25l105.4-105.4L9.375 150.6c-12.5-12.5-12.5-32.75 0-45.25s32.75-12.5 45.25 0L160 210.8l105.4-105.4c12.5-12.5 32.75-12.5 45.25 0s12.5 32.75 0 45.25l-105.4 105.4L310.6 361.4z\"><\/path><\/svg><\/button><\/div><\/div><\/div>\n<\/div>\n<\/div>\n\n\n\n<div style=\"height:15px\" aria-hidden=\"true\" class=\"wp-block-spacer uag-hide-desktop uag-hide-tab\"><\/div>\n\n\n\n<div class=\"wp-block-columns is-layout-flex wp-container-core-columns-is-layout-8351d469 wp-block-columns-is-layout-flex\" style=\"margin-bottom:var(--wp--preset--spacing--50)\">\n<div class=\"wp-block-column is-layout-flow wp-block-column-is-layout-flow\">\n<div class=\"wp-block-uagb-modal uagb-block-f8d1911d uagb-modal-wrapper zoom-image\" data-escpress=\"enable\" data-overlayclick=\"enable\"><img decoding=\"async\" src=\"http:\/\/festivalduplancton.fr\/wp-content\/uploads\/2025\/04\/Festival-du-Plancton-Ateliers-scolaires-Jeudi-et-vendredi-scaled.jpg\" alt=\"Festival du Plancton - Ateliers scolaires - Jeudi et vendredi\" class=\"uagb-modal-trigger\" width=\"2560\" height=\"1920\" loading=\"lazy\"\/><div class=\"uagb-effect-default uagb-modal-popup uagb-block-f8d1911d uagb-modal-type-undefined\"><div class=\"uagb-modal-popup-wrap\"><div class=\"uagb-modal-popup-content\">\n<div class=\"wp-block-uagb-info-box uagb-block-73d38e41 uagb-infobox__content-wrap  uagb-infobox-icon-above-title uagb-infobox-image-valign-top\"><div class=\"uagb-ifb-content\"><div class=\"uagb-ifb-icon-wrap\"><svg xmlns=\"https:\/\/www.w3.org\/2000\/svg\" viewBox=\"0 0 640 512\"><path d=\"M95.1 64C95.1 28.65 124.7 0 159.1 0C195.3 0 223.1 28.65 223.1 64C223.1 99.35 195.3 128 159.1 128C124.7 128 95.1 99.35 95.1 64zM88 480V400H70.2C59.28 400 51.57 389.3 55.02 378.9L86.16 285.5L57.5 323.3C46.82 337.4 26.75 340.2 12.67 329.5C-1.415 318.8-4.175 298.7 6.503 284.7L65.4 206.1C87.84 177.4 122.9 160 160 160C197.2 160 232.2 177.4 254.6 206.1L313.5 284.7C324.2 298.7 321.4 318.8 307.3 329.5C293.3 340.2 273.2 337.4 262.5 323.3L233.9 285.6L264.1 378.9C268.4 389.3 260.7 400 249.8 400H232V480C232 497.7 217.7 512 200 512C182.3 512 168 497.7 168 480V400H152V480C152 497.7 137.7 512 120 512C102.3 512 88 497.7 88 480H88zM416 64C416 28.65 444.7 0 480 0C515.3 0 544 28.65 544 64C544 99.35 515.3 128 480 128C444.7 128 416 99.35 416 64V64zM472 384V480C472 497.7 457.7 512 440 512C422.3 512 408 497.7 408 480V300.5L395.1 321C385.7 336 365.9 340.5 350.1 331.1C336 321.7 331.5 301.9 340.9 286.1L392.6 204.9C410.2 176.9 440.9 159.1 473.8 159.1H486.2C519.2 159.1 549.8 176.9 567.4 204.9L619.1 286.1C628.5 301.9 624 321.7 609 331.1C594.1 340.5 574.3 336 564.9 321L552 300.5V480C552 497.7 537.7 512 520 512C502.3 512 488 497.7 488 480V384L472 384z\"><\/path><\/svg><\/div><div class=\"uagb-ifb-title-wrap\"><h3 class=\"uagb-ifb-title-prefix\">Ateliers scolaires<\/h3><h5 class=\"uagb-ifb-title\">\u23f0 9h &#8211; 17h |\ud83d\udccdSalle Marie-de-Beaucaire<\/h5><\/div><p class=\"uagb-ifb-desc\">Accueil des \u00e9tablissements scolaires de l\u2019agglom\u00e9ration, en partenariat avec Escale P\u00eache. Prenez contact avec nous pour en savoir plus !<\/p><div class=\"uagb-ifb-button-wrapper wp-block-button\"><a href=\"https:\/\/festivalduplancton.fr\/index.php\/contact\/\" class=\"uagb-infobox-cta-link wp-block-button__link\" target=\"_blank\" rel=\"noopener noreferrer\" onclick=\"return true;\"><span class=\"uagb-inline-editing\">Prendre contact<\/span><\/a><\/div><\/div><\/div>\n<\/div><button class=\"uagb-modal-popup-close\" aria-label=\"Close Modal\"><svg xmlns=\"https:\/\/www.w3.org\/2000\/svg\" viewBox=\"0 0 320 512\"><path d=\"M310.6 361.4c12.5 12.5 12.5 32.75 0 45.25C304.4 412.9 296.2 416 288 416s-16.38-3.125-22.62-9.375L160 301.3L54.63 406.6C48.38 412.9 40.19 416 32 416S15.63 412.9 9.375 406.6c-12.5-12.5-12.5-32.75 0-45.25l105.4-105.4L9.375 150.6c-12.5-12.5-12.5-32.75 0-45.25s32.75-12.5 45.25 0L160 210.8l105.4-105.4c12.5-12.5 32.75-12.5 45.25 0s12.5 32.75 0 45.25l-105.4 105.4L310.6 361.4z\"><\/path><\/svg><\/button><\/div><\/div><\/div>\n<\/div>\n\n\n\n<div class=\"wp-block-column is-layout-flow wp-block-column-is-layout-flow\">\n<div class=\"wp-block-uagb-modal uagb-block-56a7ac4b uagb-modal-wrapper zoom-image\" data-escpress=\"enable\" data-overlayclick=\"enable\"><img decoding=\"async\" src=\"http:\/\/festivalduplancton.fr\/wp-content\/uploads\/2025\/06\/Festival-du-Plancton-Concert-en-live-samedi.jpg\" alt=\"Festival du Plancton - Concert en live samedi\" class=\"uagb-modal-trigger\" width=\"2000\" height=\"1500\" loading=\"lazy\"\/><div class=\"uagb-effect-default uagb-modal-popup uagb-block-56a7ac4b uagb-modal-type-undefined\"><div class=\"uagb-modal-popup-wrap\"><div class=\"uagb-modal-popup-content\">\n<div class=\"wp-block-uagb-info-box uagb-block-f8da781a uagb-infobox__content-wrap  uagb-infobox-icon-above-title uagb-infobox-image-valign-top\"><div class=\"uagb-ifb-content\"><div class=\"uagb-ifb-icon-wrap\"><svg xmlns=\"https:\/\/www.w3.org\/2000\/svg\" viewBox=\"0 0 512 512\"><path d=\"M511.1 367.1c0 44.18-42.98 80-95.1 80s-95.1-35.82-95.1-79.1c0-44.18 42.98-79.1 95.1-79.1c11.28 0 21.95 1.92 32.01 4.898V148.1L192 224l-.0023 208.1C191.1 476.2 149 512 95.1 512S0 476.2 0 432c0-44.18 42.98-79.1 95.1-79.1c11.28 0 21.95 1.92 32 4.898V126.5c0-12.97 10.06-26.63 22.41-30.52l319.1-94.49C472.1 .6615 477.3 0 480 0c17.66 0 31.97 14.34 32 31.99L511.1 367.1z\"><\/path><\/svg><\/div><div class=\"uagb-ifb-title-wrap\"><h3 class=\"uagb-ifb-title-prefix\">Concert en live <\/h3><h5 class=\"uagb-ifb-title\">\u23f0 20h |\ud83d\udccdSalle Marie-de-Beaucaire<\/h5><\/div><p class=\"uagb-ifb-desc\">Quatres groupes se succ\u00e8deront sur la sc\u00e8ne du festival : des polyphonies marines, de l\u2019accord\u00e9on, de la funk pop et du rock \u2019n\u2019 roll !<\/p><div class=\"uagb-ifb-button-wrapper wp-block-button\"><a href=\"#\" class=\"uagb-infobox-cta-link wp-block-button__link\" target=\"_self\" rel=\"noopener noreferrer\" onclick=\"return false;\"><span class=\"uagb-inline-editing\">Pas d&#8217;inscriptions (entr\u00e9e libre)<\/span><\/a><\/div><\/div><\/div>\n<\/div><button class=\"uagb-modal-popup-close\" aria-label=\"Close Modal\"><svg xmlns=\"https:\/\/www.w3.org\/2000\/svg\" viewBox=\"0 0 320 512\"><path d=\"M310.6 361.4c12.5 12.5 12.5 32.75 0 45.25C304.4 412.9 296.2 416 288 416s-16.38-3.125-22.62-9.375L160 301.3L54.63 406.6C48.38 412.9 40.19 416 32 416S15.63 412.9 9.375 406.6c-12.5-12.5-12.5-32.75 0-45.25l105.4-105.4L9.375 150.6c-12.5-12.5-12.5-32.75 0-45.25s32.75-12.5 45.25 0L160 210.8l105.4-105.4c12.5-12.5 32.75-12.5 45.25 0s12.5 32.75 0 45.25l-105.4 105.4L310.6 361.4z\"><\/path><\/svg><\/button><\/div><\/div><\/div>\n<\/div>\n\n\n\n<div class=\"wp-block-column is-layout-flow wp-block-column-is-layout-flow\">\n<p><\/p>\n<\/div>\n<\/div>\n<\/div>\n\n\n\n<div class=\"wp-block-uagb-tabs-child uagb-tabs__body-container uagb-inner-tab-1 uag-hide-mob\" aria-labelledby=\"uagb-tabs__tab1\">\n<div class=\"wp-block-columns is-layout-flex wp-container-core-columns-is-layout-28f84493 wp-block-columns-is-layout-flex\">\n<div class=\"wp-block-column is-layout-flow wp-block-column-is-layout-flow\">\n<div class=\"wp-block-uagb-modal uagb-block-27f04e10 uagb-modal-wrapper zoom-image\" data-escpress=\"enable\" data-overlayclick=\"enable\"><img decoding=\"async\" src=\"http:\/\/festivalduplancton.fr\/wp-content\/uploads\/2025\/04\/Festival-du-Plancton-Ateliers-scolaires-scaled.jpg\" alt=\"Festival du Plancton - Ateliers scolaires\" class=\"uagb-modal-trigger\" width=\"2560\" height=\"1920\" loading=\"lazy\"\/><div class=\"uagb-effect-default uagb-modal-popup uagb-block-27f04e10 uagb-modal-type-undefined\"><div class=\"uagb-modal-popup-wrap\"><div class=\"uagb-modal-popup-content\">\n<div class=\"wp-block-uagb-info-box uagb-block-a61183f0 uagb-infobox__content-wrap  uagb-infobox-icon-above-title uagb-infobox-image-valign-top\"><div class=\"uagb-ifb-content\"><div class=\"uagb-ifb-icon-wrap\"><svg xmlns=\"https:\/\/www.w3.org\/2000\/svg\" viewBox=\"0 0 640 512\"><path d=\"M95.1 64C95.1 28.65 124.7 0 159.1 0C195.3 0 223.1 28.65 223.1 64C223.1 99.35 195.3 128 159.1 128C124.7 128 95.1 99.35 95.1 64zM88 480V400H70.2C59.28 400 51.57 389.3 55.02 378.9L86.16 285.5L57.5 323.3C46.82 337.4 26.75 340.2 12.67 329.5C-1.415 318.8-4.175 298.7 6.503 284.7L65.4 206.1C87.84 177.4 122.9 160 160 160C197.2 160 232.2 177.4 254.6 206.1L313.5 284.7C324.2 298.7 321.4 318.8 307.3 329.5C293.3 340.2 273.2 337.4 262.5 323.3L233.9 285.6L264.1 378.9C268.4 389.3 260.7 400 249.8 400H232V480C232 497.7 217.7 512 200 512C182.3 512 168 497.7 168 480V400H152V480C152 497.7 137.7 512 120 512C102.3 512 88 497.7 88 480H88zM416 64C416 28.65 444.7 0 480 0C515.3 0 544 28.65 544 64C544 99.35 515.3 128 480 128C444.7 128 416 99.35 416 64V64zM472 384V480C472 497.7 457.7 512 440 512C422.3 512 408 497.7 408 480V300.5L395.1 321C385.7 336 365.9 340.5 350.1 331.1C336 321.7 331.5 301.9 340.9 286.1L392.6 204.9C410.2 176.9 440.9 159.1 473.8 159.1H486.2C519.2 159.1 549.8 176.9 567.4 204.9L619.1 286.1C628.5 301.9 624 321.7 609 331.1C594.1 340.5 574.3 336 564.9 321L552 300.5V480C552 497.7 537.7 512 520 512C502.3 512 488 497.7 488 480V384L472 384z\"><\/path><\/svg><\/div><div class=\"uagb-ifb-title-wrap\"><h3 class=\"uagb-ifb-title-prefix\">Ateliers scolaires<\/h3><h5 class=\"uagb-ifb-title\">\u23f0 9h &#8211; 17h |\ud83d\udccdSalle Marie-de-Beaucaire<\/h5><\/div><p class=\"uagb-ifb-desc\">Accueil des \u00e9tablissements scolaires de l\u2019agglom\u00e9ration, en partenariat avec Escale P\u00eache. Prenez contact avec nous pour en savoir plus !<\/p><div class=\"uagb-ifb-button-wrapper wp-block-button\"><a href=\"https:\/\/festivalduplancton.fr\/index.php\/contact\/\" class=\"uagb-infobox-cta-link wp-block-button__link\" target=\"_blank\" rel=\"noopener noreferrer\" onclick=\"return true;\"><span class=\"uagb-inline-editing\">Prendre contact<\/span><\/a><\/div><\/div><\/div>\n<\/div><button class=\"uagb-modal-popup-close\" aria-label=\"Close Modal\"><svg xmlns=\"https:\/\/www.w3.org\/2000\/svg\" viewBox=\"0 0 320 512\"><path d=\"M310.6 361.4c12.5 12.5 12.5 32.75 0 45.25C304.4 412.9 296.2 416 288 416s-16.38-3.125-22.62-9.375L160 301.3L54.63 406.6C48.38 412.9 40.19 416 32 416S15.63 412.9 9.375 406.6c-12.5-12.5-12.5-32.75 0-45.25l105.4-105.4L9.375 150.6c-12.5-12.5-12.5-32.75 0-45.25s32.75-12.5 45.25 0L160 210.8l105.4-105.4c12.5-12.5 32.75-12.5 45.25 0s12.5 32.75 0 45.25l-105.4 105.4L310.6 361.4z\"><\/path><\/svg><\/button><\/div><\/div><\/div>\n<\/div>\n\n\n\n<div class=\"wp-block-column is-layout-flow wp-block-column-is-layout-flow\">\n<div class=\"wp-block-uagb-modal uagb-block-16142acd uagb-modal-wrapper zoom-image\" data-escpress=\"enable\" data-overlayclick=\"enable\"><img decoding=\"async\" src=\"http:\/\/festivalduplancton.fr\/wp-content\/uploads\/2025\/04\/Festival-du-Plancton-Conte-musical-1-scaled.jpg\" alt=\"Festival du Plancton - Conte musical\" class=\"uagb-modal-trigger\" width=\"2560\" height=\"1920\" loading=\"lazy\"\/><div class=\"uagb-effect-default uagb-modal-popup uagb-block-16142acd uagb-modal-type-undefined\"><div class=\"uagb-modal-popup-wrap\"><div class=\"uagb-modal-popup-content\">\n<div class=\"wp-block-uagb-info-box uagb-block-901a58df uagb-infobox__content-wrap  uagb-infobox-icon-above-title uagb-infobox-image-valign-top\"><div class=\"uagb-ifb-content\"><div class=\"uagb-ifb-icon-wrap\"><svg xmlns=\"https:\/\/www.w3.org\/2000\/svg\" viewBox=\"0 0 576 512\"><path d=\"M180.5 141.5C219.7 108.5 272.6 80 336 80C399.4 80 452.3 108.5 491.5 141.5C530.5 174.5 558.3 213.1 572.4 241.3C577.2 250.5 577.2 261.5 572.4 270.7C558.3 298 530.5 337.5 491.5 370.5C452.3 403.5 399.4 432 336 432C272.6 432 219.7 403.5 180.5 370.5C164.3 356.7 150 341.9 137.8 327.3L48.12 379.6C35.61 386.9 19.76 384.9 9.474 374.7C-.8133 364.5-2.97 348.7 4.216 336.1L50 256L4.216 175.9C-2.97 163.3-.8133 147.5 9.474 137.3C19.76 127.1 35.61 125.1 48.12 132.4L137.8 184.7C150 170.1 164.3 155.3 180.5 141.5L180.5 141.5zM416 224C398.3 224 384 238.3 384 256C384 273.7 398.3 288 416 288C433.7 288 448 273.7 448 256C448 238.3 433.7 224 416 224z\"><\/path><\/svg><\/div><div class=\"uagb-ifb-title-wrap\"><h3 class=\"uagb-ifb-title-prefix\">Conte musical <\/h3><h5 class=\"uagb-ifb-title\">\u23f0 20h |\ud83d\udccdSalle Marie-de-Beaucaire<\/h5><\/div><p class=\"uagb-ifb-desc\">Soir\u00e9e d\u2019ouverture du Festival. Spectacle musical \u201cSur le Pont\u201d par Isabelle Autissier et Pascal Ducourtioux.<\/p><div class=\"uagb-ifb-button-wrapper wp-block-button\"><a href=\"https:\/\/www.helloasso.com\/associations\/missions-citoyennes-oceanes\/evenements\/atelier-scientifique\" class=\"uagb-infobox-cta-link wp-block-button__link\" target=\"_blank\" rel=\"noopener noreferrer\" onclick=\"return true;\"><span class=\"uagb-inline-editing\">Inscriptions (prix libre)<\/span><\/a><\/div><\/div><\/div>\n<\/div><button class=\"uagb-modal-popup-close\" aria-label=\"Close Modal\"><svg xmlns=\"https:\/\/www.w3.org\/2000\/svg\" viewBox=\"0 0 320 512\"><path d=\"M310.6 361.4c12.5 12.5 12.5 32.75 0 45.25C304.4 412.9 296.2 416 288 416s-16.38-3.125-22.62-9.375L160 301.3L54.63 406.6C48.38 412.9 40.19 416 32 416S15.63 412.9 9.375 406.6c-12.5-12.5-12.5-32.75 0-45.25l105.4-105.4L9.375 150.6c-12.5-12.5-12.5-32.75 0-45.25s32.75-12.5 45.25 0L160 210.8l105.4-105.4c12.5-12.5 32.75-12.5 45.25 0s12.5 32.75 0 45.25l-105.4 105.4L310.6 361.4z\"><\/path><\/svg><\/button><\/div><\/div><\/div>\n<\/div>\n\n\n\n<div class=\"wp-block-column is-layout-flow wp-block-column-is-layout-flow\">\n<p><\/p>\n<\/div>\n<\/div>\n<\/div>\n\n\n\n<div class=\"wp-block-uagb-tabs-child uagb-tabs__body-container uagb-inner-tab-2 uag-hide-mob\" aria-labelledby=\"uagb-tabs__tab2\">\n<div class=\"wp-block-columns is-layout-flex wp-container-core-columns-is-layout-28f84493 wp-block-columns-is-layout-flex\">\n<div class=\"wp-block-column is-layout-flow wp-block-column-is-layout-flow\">\n<div class=\"wp-block-uagb-modal uagb-block-d72a6490 uagb-modal-wrapper zoom-image\" data-escpress=\"enable\" data-overlayclick=\"enable\"><img decoding=\"async\" src=\"http:\/\/festivalduplancton.fr\/wp-content\/uploads\/2025\/04\/Festival-du-Plancton-Ateliers-scolaires-scaled.jpg\" alt=\"Festival du Plancton - Ateliers scolaires\" class=\"uagb-modal-trigger\" width=\"2560\" height=\"1920\" loading=\"lazy\"\/><div class=\"uagb-effect-default uagb-modal-popup uagb-block-d72a6490 uagb-modal-type-undefined\"><div class=\"uagb-modal-popup-wrap\"><div class=\"uagb-modal-popup-content\">\n<div class=\"wp-block-uagb-info-box uagb-block-ef4a6b97 uagb-infobox__content-wrap  uagb-infobox-icon-above-title uagb-infobox-image-valign-top\"><div class=\"uagb-ifb-content\"><div class=\"uagb-ifb-icon-wrap\"><svg xmlns=\"https:\/\/www.w3.org\/2000\/svg\" viewBox=\"0 0 640 512\"><path d=\"M95.1 64C95.1 28.65 124.7 0 159.1 0C195.3 0 223.1 28.65 223.1 64C223.1 99.35 195.3 128 159.1 128C124.7 128 95.1 99.35 95.1 64zM88 480V400H70.2C59.28 400 51.57 389.3 55.02 378.9L86.16 285.5L57.5 323.3C46.82 337.4 26.75 340.2 12.67 329.5C-1.415 318.8-4.175 298.7 6.503 284.7L65.4 206.1C87.84 177.4 122.9 160 160 160C197.2 160 232.2 177.4 254.6 206.1L313.5 284.7C324.2 298.7 321.4 318.8 307.3 329.5C293.3 340.2 273.2 337.4 262.5 323.3L233.9 285.6L264.1 378.9C268.4 389.3 260.7 400 249.8 400H232V480C232 497.7 217.7 512 200 512C182.3 512 168 497.7 168 480V400H152V480C152 497.7 137.7 512 120 512C102.3 512 88 497.7 88 480H88zM416 64C416 28.65 444.7 0 480 0C515.3 0 544 28.65 544 64C544 99.35 515.3 128 480 128C444.7 128 416 99.35 416 64V64zM472 384V480C472 497.7 457.7 512 440 512C422.3 512 408 497.7 408 480V300.5L395.1 321C385.7 336 365.9 340.5 350.1 331.1C336 321.7 331.5 301.9 340.9 286.1L392.6 204.9C410.2 176.9 440.9 159.1 473.8 159.1H486.2C519.2 159.1 549.8 176.9 567.4 204.9L619.1 286.1C628.5 301.9 624 321.7 609 331.1C594.1 340.5 574.3 336 564.9 321L552 300.5V480C552 497.7 537.7 512 520 512C502.3 512 488 497.7 488 480V384L472 384z\"><\/path><\/svg><\/div><div class=\"uagb-ifb-title-wrap\"><h3 class=\"uagb-ifb-title-prefix\">Ateliers scolaires<\/h3><h5 class=\"uagb-ifb-title\">\u23f0 9h &#8211; 17h |\ud83d\udccdSalle Marie-de-Beaucaire<\/h5><\/div><p class=\"uagb-ifb-desc\">Accueil des \u00e9tablissements scolaires de l\u2019agglom\u00e9ration, en partenariat avec Escale P\u00eache. Prenez contact avec nous pour en savoir plus !<\/p><div class=\"uagb-ifb-button-wrapper wp-block-button\"><a href=\"https:\/\/festivalduplancton.fr\/index.php\/contact\/\" class=\"uagb-infobox-cta-link wp-block-button__link\" target=\"_blank\" rel=\"noopener noreferrer\" onclick=\"return true;\"><span class=\"uagb-inline-editing\">Prendre contact<\/span><\/a><\/div><\/div><\/div>\n<\/div><button class=\"uagb-modal-popup-close\" aria-label=\"Close Modal\"><svg xmlns=\"https:\/\/www.w3.org\/2000\/svg\" viewBox=\"0 0 320 512\"><path d=\"M310.6 361.4c12.5 12.5 12.5 32.75 0 45.25C304.4 412.9 296.2 416 288 416s-16.38-3.125-22.62-9.375L160 301.3L54.63 406.6C48.38 412.9 40.19 416 32 416S15.63 412.9 9.375 406.6c-12.5-12.5-12.5-32.75 0-45.25l105.4-105.4L9.375 150.6c-12.5-12.5-12.5-32.75 0-45.25s32.75-12.5 45.25 0L160 210.8l105.4-105.4c12.5-12.5 32.75-12.5 45.25 0s12.5 32.75 0 45.25l-105.4 105.4L310.6 361.4z\"><\/path><\/svg><\/button><\/div><\/div><\/div>\n<\/div>\n\n\n\n<div class=\"wp-block-column is-layout-flow wp-block-column-is-layout-flow\">\n<div class=\"wp-block-uagb-modal uagb-block-f2626fb5 uagb-modal-wrapper zoom-image\" data-escpress=\"enable\" data-overlayclick=\"enable\"><img decoding=\"async\" src=\"http:\/\/festivalduplancton.fr\/wp-content\/uploads\/2025\/04\/Festival-du-Plancton-Soiree-dexploration-1.png\" alt=\"\" class=\"uagb-modal-trigger\" width=\"4000\" height=\"3000\" loading=\"lazy\"\/><div class=\"uagb-effect-default uagb-modal-popup uagb-block-f2626fb5 uagb-modal-type-undefined\"><div class=\"uagb-modal-popup-wrap\"><div class=\"uagb-modal-popup-content\">\n<div class=\"wp-block-uagb-info-box uagb-block-59992aa0 uagb-infobox__content-wrap  uagb-infobox-icon-above-title uagb-infobox-image-valign-top\"><div class=\"uagb-ifb-content\"><div class=\"uagb-ifb-icon-wrap\"><svg xmlns=\"https:\/\/www.w3.org\/2000\/svg\" viewBox=\"0 0 512 512\"><path d=\"M511.1 367.1c0 44.18-42.98 80-95.1 80s-95.1-35.82-95.1-79.1c0-44.18 42.98-79.1 95.1-79.1c11.28 0 21.95 1.92 32.01 4.898V148.1L192 224l-.0023 208.1C191.1 476.2 149 512 95.1 512S0 476.2 0 432c0-44.18 42.98-79.1 95.1-79.1c11.28 0 21.95 1.92 32 4.898V126.5c0-12.97 10.06-26.63 22.41-30.52l319.1-94.49C472.1 .6615 477.3 0 480 0c17.66 0 31.97 14.34 32 31.99L511.1 367.1z\"><\/path><\/svg><\/div><div class=\"uagb-ifb-title-wrap\"><h3 class=\"uagb-ifb-title-prefix\">Soir\u00e9e sur l&#8217;exploration<\/h3><h5 class=\"uagb-ifb-title\">\u23f0 20h |\ud83d\udccdCin\u00e9 Marine<\/h5><\/div><p class=\"uagb-ifb-desc\">L\u2019exploration oc\u00e9anique : pourquoi, comment et jusqu\u2019o\u00f9 ? Table ronde artistique avec Jean-Louis \u00c9tienne, Colomban de Vargas, Wilfried N\u2019Sond\u00e9 et Marie-Kell de Cannart.<\/p><div class=\"uagb-ifb-button-wrapper wp-block-button\"><a href=\"https:\/\/www.helloasso.com\/associations\/missions-citoyennes-oceanes\/evenements\/soiree-sur-l-exploration-marine\" class=\"uagb-infobox-cta-link wp-block-button__link\" target=\"_blank\" rel=\"noopener noreferrer\" onclick=\"return true;\"><span class=\"uagb-inline-editing\">Inscriptions (prix libre)<\/span><\/a><\/div><\/div><\/div>\n<\/div><button class=\"uagb-modal-popup-close\" aria-label=\"Close Modal\"><svg xmlns=\"https:\/\/www.w3.org\/2000\/svg\" viewBox=\"0 0 320 512\"><path d=\"M310.6 361.4c12.5 12.5 12.5 32.75 0 45.25C304.4 412.9 296.2 416 288 416s-16.38-3.125-22.62-9.375L160 301.3L54.63 406.6C48.38 412.9 40.19 416 32 416S15.63 412.9 9.375 406.6c-12.5-12.5-12.5-32.75 0-45.25l105.4-105.4L9.375 150.6c-12.5-12.5-12.5-32.75 0-45.25s32.75-12.5 45.25 0L160 210.8l105.4-105.4c12.5-12.5 32.75-12.5 45.25 0s12.5 32.75 0 45.25l-105.4 105.4L310.6 361.4z\"><\/path><\/svg><\/button><\/div><\/div><\/div>\n<\/div>\n\n\n\n<div class=\"wp-block-column is-layout-flow wp-block-column-is-layout-flow\">\n<p><\/p>\n<\/div>\n<\/div>\n<\/div>\n\n\n\n<div class=\"wp-block-uagb-tabs-child uagb-tabs__body-container uagb-inner-tab-3 uag-hide-mob\" aria-labelledby=\"uagb-tabs__tab3\">\n<div class=\"wp-block-columns is-layout-flex wp-container-core-columns-is-layout-8351d469 wp-block-columns-is-layout-flex\" style=\"margin-bottom:var(--wp--preset--spacing--50)\">\n<div class=\"wp-block-column is-layout-flow wp-block-column-is-layout-flow\">\n<div class=\"wp-block-uagb-modal uagb-block-3f1094c5 uagb-modal-wrapper zoom-image\" data-escpress=\"enable\" data-overlayclick=\"enable\"><img decoding=\"async\" src=\"http:\/\/festivalduplancton.fr\/wp-content\/uploads\/2025\/04\/Festival-du-Plancton-Ateliers-scientifiques-scaled.jpg\" alt=\"Festival du Plancton - Ateliers scientifiques\" class=\"uagb-modal-trigger\" width=\"2560\" height=\"1920\" loading=\"lazy\"\/><div class=\"uagb-effect-default uagb-modal-popup uagb-block-3f1094c5 uagb-modal-type-undefined\"><div class=\"uagb-modal-popup-wrap\"><div class=\"uagb-modal-popup-content\">\n<div class=\"wp-block-uagb-info-box uagb-block-57adcb70 uagb-infobox__content-wrap  uagb-infobox-icon-above-title uagb-infobox-image-valign-top\"><div class=\"uagb-ifb-content\"><div class=\"uagb-ifb-icon-wrap\"><svg xmlns=\"https:\/\/www.w3.org\/2000\/svg\" viewBox=\"0 0 512 512\"><path d=\"M500.3 443.7l-119.7-119.7c27.22-40.41 40.65-90.9 33.46-144.7C401.8 87.79 326.8 13.32 235.2 1.723C99.01-15.51-15.51 99.01 1.724 235.2c11.6 91.64 86.08 166.7 177.6 178.9c53.8 7.189 104.3-6.236 144.7-33.46l119.7 119.7c15.62 15.62 40.95 15.62 56.57 0C515.9 484.7 515.9 459.3 500.3 443.7zM79.1 208c0-70.58 57.42-128 128-128s128 57.42 128 128c0 70.58-57.42 128-128 128S79.1 278.6 79.1 208z\"><\/path><\/svg><\/div><div class=\"uagb-ifb-title-wrap\"><h3 class=\"uagb-ifb-title-prefix\">Ateliers scientifiques<\/h3><h5 class=\"uagb-ifb-title\">\u23f0 10h &#8211; 18h |\ud83d\udccdSalle Marie-de-Beaucaire<\/h5><\/div><p class=\"uagb-ifb-desc\">Par groupe de 10 personnes, partez \u00e0 la d\u00e9couverte du plancton sous forme d\u2019ateliers encadr\u00e9s par un scientifique de l\u2019\u00e9quipe.<\/p><div class=\"uagb-ifb-button-wrapper wp-block-button\"><a href=\"https:\/\/www.helloasso.com\/associations\/missions-citoyennes-oceanes\/evenements\/ateliers-scientifiques-samedi-21-juin\" class=\"uagb-infobox-cta-link wp-block-button__link\" target=\"_blank\" rel=\"noopener noreferrer\" onclick=\"return true;\"><span class=\"uagb-inline-editing\">Inscriptions (prix libre)<\/span><\/a><\/div><\/div><\/div>\n<\/div><button class=\"uagb-modal-popup-close\" aria-label=\"Close Modal\"><svg xmlns=\"https:\/\/www.w3.org\/2000\/svg\" viewBox=\"0 0 320 512\"><path d=\"M310.6 361.4c12.5 12.5 12.5 32.75 0 45.25C304.4 412.9 296.2 416 288 416s-16.38-3.125-22.62-9.375L160 301.3L54.63 406.6C48.38 412.9 40.19 416 32 416S15.63 412.9 9.375 406.6c-12.5-12.5-12.5-32.75 0-45.25l105.4-105.4L9.375 150.6c-12.5-12.5-12.5-32.75 0-45.25s32.75-12.5 45.25 0L160 210.8l105.4-105.4c12.5-12.5 32.75-12.5 45.25 0s12.5 32.75 0 45.25l-105.4 105.4L310.6 361.4z\"><\/path><\/svg><\/button><\/div><\/div><\/div>\n<\/div>\n\n\n\n<div class=\"wp-block-column is-layout-flow wp-block-column-is-layout-flow\">\n<div class=\"wp-block-uagb-modal uagb-block-d402dcd3 uagb-modal-wrapper zoom-image\" data-escpress=\"enable\" data-overlayclick=\"enable\"><img decoding=\"async\" src=\"http:\/\/festivalduplancton.fr\/wp-content\/uploads\/2025\/04\/Festival-du-Plancton-Atelier-artistique-1-scaled.jpg\" alt=\"Festival du Plancton - Atelier artistique\" class=\"uagb-modal-trigger\" width=\"2560\" height=\"1920\" loading=\"lazy\"\/><div class=\"uagb-effect-default uagb-modal-popup uagb-block-d402dcd3 uagb-modal-type-undefined\"><div class=\"uagb-modal-popup-wrap\"><div class=\"uagb-modal-popup-content\">\n<div class=\"wp-block-uagb-info-box uagb-block-9bf4cf02 uagb-infobox__content-wrap  uagb-infobox-icon-above-title uagb-infobox-image-valign-top\"><div class=\"uagb-ifb-content\"><div class=\"uagb-ifb-icon-wrap\"><svg xmlns=\"https:\/\/www.w3.org\/2000\/svg\" viewBox=\"0 0 576 512\"><path d=\"M224 263.3C224.2 233.3 238.4 205.2 262.4 187.2L499.1 9.605C517.7-4.353 543.6-2.965 560.7 12.9C577.7 28.76 580.8 54.54 568.2 74.07L406.5 324.1C391.3 347.7 366.6 363.2 339.3 367.1L224 263.3zM320 400C320 461.9 269.9 512 208 512H64C46.33 512 32 497.7 32 480C32 462.3 46.33 448 64 448H68.81C86.44 448 98.4 429.1 96.59 411.6C96.2 407.8 96 403.9 96 400C96 339.6 143.9 290.3 203.7 288.1L319.8 392.5C319.9 394.1 320 397.5 320 400V400z\"><\/path><\/svg><\/div><div class=\"uagb-ifb-title-wrap\"><h3 class=\"uagb-ifb-title-prefix\">Atelier artistique<\/h3><h5 class=\"uagb-ifb-title\">\u23f0 10h |\ud83d\udccdSalle Marie-de-Beaucaire<\/h5><\/div><p class=\"uagb-ifb-desc\">Informations \u00e0 venir.<\/p><div class=\"uagb-ifb-button-wrapper wp-block-button\"><a href=\"https:\/\/www.helloasso.com\/associations\/missions-citoyennes-oceanes\/evenements\/atelier-gravure-sur-bois-avec-marine-duval\" class=\"uagb-infobox-cta-link wp-block-button__link\" target=\"_blank\" rel=\"noopener noreferrer\" onclick=\"return true;\"><span class=\"uagb-inline-editing\">Inscriptions (prix libre)<\/span><\/a><\/div><\/div><\/div>\n<\/div><button class=\"uagb-modal-popup-close\" aria-label=\"Close Modal\"><svg xmlns=\"https:\/\/www.w3.org\/2000\/svg\" viewBox=\"0 0 320 512\"><path d=\"M310.6 361.4c12.5 12.5 12.5 32.75 0 45.25C304.4 412.9 296.2 416 288 416s-16.38-3.125-22.62-9.375L160 301.3L54.63 406.6C48.38 412.9 40.19 416 32 416S15.63 412.9 9.375 406.6c-12.5-12.5-12.5-32.75 0-45.25l105.4-105.4L9.375 150.6c-12.5-12.5-12.5-32.75 0-45.25s32.75-12.5 45.25 0L160 210.8l105.4-105.4c12.5-12.5 32.75-12.5 45.25 0s12.5 32.75 0 45.25l-105.4 105.4L310.6 361.4z\"><\/path><\/svg><\/button><\/div><\/div><\/div>\n<\/div>\n\n\n\n<div class=\"wp-block-column is-layout-flow wp-block-column-is-layout-flow\">\n<div class=\"wp-block-uagb-modal uagb-block-bbb08cdb uagb-modal-wrapper zoom-image\" data-escpress=\"enable\" data-overlayclick=\"enable\"><img decoding=\"async\" src=\"http:\/\/festivalduplancton.fr\/wp-content\/uploads\/2025\/04\/Festival-du-Plancton-Dedicaces-Christian-Sardet-scaled.jpg\" alt=\"Festival du Plancton - D\u00e9dicaces Christian Sardet\" class=\"uagb-modal-trigger\" width=\"2560\" height=\"1920\" loading=\"lazy\"\/><div class=\"uagb-effect-default uagb-modal-popup uagb-block-bbb08cdb uagb-modal-type-undefined\"><div class=\"uagb-modal-popup-wrap\"><div class=\"uagb-modal-popup-content\">\n<div class=\"wp-block-uagb-info-box uagb-block-1da41c1c uagb-infobox__content-wrap  uagb-infobox-icon-above-title uagb-infobox-image-valign-top\"><div class=\"uagb-ifb-content\"><div class=\"uagb-ifb-icon-wrap\"><svg xmlns=\"https:\/\/www.w3.org\/2000\/svg\" viewBox=\"0 0 448 512\"><path d=\"M448 336v-288C448 21.49 426.5 0 400 0H352v191.1c0 13.41-15.52 20.88-25.1 12.49L272 160L217.1 204.5C207.5 212.8 192 205.4 192 191.1V0H96C42.98 0 0 42.98 0 96v320c0 53.02 42.98 96 96 96h320c17.67 0 32-14.33 32-32c0-11.72-6.607-21.52-16-27.1v-81.36C441.8 362.8 448 350.2 448 336zM384 448H96c-17.67 0-32-14.33-32-32c0-17.67 14.33-32 32-32h288V448z\"><\/path><\/svg><\/div><div class=\"uagb-ifb-title-wrap\"><h3 class=\"uagb-ifb-title-prefix\">D\u00e9dicaces<\/h3><h5 class=\"uagb-ifb-title\">\u23f0 14h30 |\ud83d\udccdSalle Marie-de-Beaucaire<\/h5><\/div><p class=\"uagb-ifb-desc\">Rencontres et d\u00e9dicaces avec les auteurs Christian Sardet et Wilfried N\u2019Sond\u00e9.<\/p><div class=\"uagb-ifb-button-wrapper wp-block-button\"><a href=\"#\" class=\"uagb-infobox-cta-link wp-block-button__link\" target=\"_blank\" rel=\"noopener noreferrer\" onclick=\"return false;\"><span class=\"uagb-inline-editing\">Pas d&#8217;inscriptions (entr\u00e9e libre)<\/span><\/a><\/div><\/div><\/div>\n<\/div><button class=\"uagb-modal-popup-close\" aria-label=\"Close Modal\"><svg xmlns=\"https:\/\/www.w3.org\/2000\/svg\" viewBox=\"0 0 320 512\"><path d=\"M310.6 361.4c12.5 12.5 12.5 32.75 0 45.25C304.4 412.9 296.2 416 288 416s-16.38-3.125-22.62-9.375L160 301.3L54.63 406.6C48.38 412.9 40.19 416 32 416S15.63 412.9 9.375 406.6c-12.5-12.5-12.5-32.75 0-45.25l105.4-105.4L9.375 150.6c-12.5-12.5-12.5-32.75 0-45.25s32.75-12.5 45.25 0L160 210.8l105.4-105.4c12.5-12.5 32.75-12.5 45.25 0s12.5 32.75 0 45.25l-105.4 105.4L310.6 361.4z\"><\/path><\/svg><\/button><\/div><\/div><\/div>\n<\/div>\n<\/div>\n\n\n\n<div style=\"height:15px\" aria-hidden=\"true\" class=\"wp-block-spacer uag-hide-desktop uag-hide-tab\"><\/div>\n\n\n\n<div class=\"wp-block-columns is-layout-flex wp-container-core-columns-is-layout-28f84493 wp-block-columns-is-layout-flex\">\n<div class=\"wp-block-column is-layout-flow wp-block-column-is-layout-flow\">\n<div class=\"wp-block-uagb-modal uagb-block-99b7687d uagb-modal-wrapper zoom-image\" data-escpress=\"enable\" data-overlayclick=\"enable\"><img decoding=\"async\" src=\"http:\/\/festivalduplancton.fr\/wp-content\/uploads\/2025\/04\/Festival-du-Plancton-Photographier-le-plancton-1-scaled.jpg\" alt=\"Festival du Plancton - Photographier le plancton\" class=\"uagb-modal-trigger\" width=\"2560\" height=\"1920\" loading=\"lazy\"\/><div class=\"uagb-effect-default uagb-modal-popup uagb-block-99b7687d uagb-modal-type-undefined\"><div class=\"uagb-modal-popup-wrap\"><div class=\"uagb-modal-popup-content\">\n<div class=\"wp-block-uagb-info-box uagb-block-730a2cc6 uagb-infobox__content-wrap  uagb-infobox-icon-above-title uagb-infobox-image-valign-top\"><div class=\"uagb-ifb-content\"><div class=\"uagb-ifb-icon-wrap\"><svg xmlns=\"https:\/\/www.w3.org\/2000\/svg\" viewBox=\"0 0 512 512\"><path d=\"M194.6 32H317.4C338.1 32 356.4 45.22 362.9 64.82L373.3 96H448C483.3 96 512 124.7 512 160V416C512 451.3 483.3 480 448 480H64C28.65 480 0 451.3 0 416V160C0 124.7 28.65 96 64 96H138.7L149.1 64.82C155.6 45.22 173.9 32 194.6 32H194.6zM256 384C309 384 352 341 352 288C352 234.1 309 192 256 192C202.1 192 160 234.1 160 288C160 341 202.1 384 256 384z\"><\/path><\/svg><\/div><div class=\"uagb-ifb-title-wrap\"><h3 class=\"uagb-ifb-title-prefix\">Photographier le plancton<\/h3><h5 class=\"uagb-ifb-title\">\u23f0 16h |\ud83d\udccdSalle Marie-de-Beaucaire<\/h5><\/div><p class=\"uagb-ifb-desc\">Informations \u00e0 venir.<\/p><div class=\"uagb-ifb-button-wrapper wp-block-button\"><a href=\"https:\/\/www.helloasso.com\/associations\/missions-citoyennes-oceanes\/evenements\/atelier-photographier-le-plancton-avec-noe-sardet-et-sharif-mirshak\" class=\"uagb-infobox-cta-link wp-block-button__link\" target=\"_blank\" rel=\"noopener noreferrer\" onclick=\"return true;\"><span class=\"uagb-inline-editing\">Inscriptions (prix libre)<\/span><\/a><\/div><\/div><\/div>\n<\/div><button class=\"uagb-modal-popup-close\" aria-label=\"Close Modal\"><svg xmlns=\"https:\/\/www.w3.org\/2000\/svg\" viewBox=\"0 0 320 512\"><path d=\"M310.6 361.4c12.5 12.5 12.5 32.75 0 45.25C304.4 412.9 296.2 416 288 416s-16.38-3.125-22.62-9.375L160 301.3L54.63 406.6C48.38 412.9 40.19 416 32 416S15.63 412.9 9.375 406.6c-12.5-12.5-12.5-32.75 0-45.25l105.4-105.4L9.375 150.6c-12.5-12.5-12.5-32.75 0-45.25s32.75-12.5 45.25 0L160 210.8l105.4-105.4c12.5-12.5 32.75-12.5 45.25 0s12.5 32.75 0 45.25l-105.4 105.4L310.6 361.4z\"><\/path><\/svg><\/button><\/div><\/div><\/div>\n<\/div>\n\n\n\n<div class=\"wp-block-column is-layout-flow wp-block-column-is-layout-flow\">\n<div class=\"wp-block-uagb-modal uagb-block-9800f957 uagb-modal-wrapper zoom-image\" data-escpress=\"enable\" data-overlayclick=\"enable\"><img decoding=\"async\" src=\"http:\/\/festivalduplancton.fr\/wp-content\/uploads\/2025\/05\/Festival-du-Plancton-Pitch-ta-these.png\" alt=\"\" class=\"uagb-modal-trigger\" width=\"2000\" height=\"1500\" loading=\"lazy\"\/><div class=\"uagb-effect-default uagb-modal-popup uagb-block-9800f957 uagb-modal-type-undefined\"><div class=\"uagb-modal-popup-wrap\"><div class=\"uagb-modal-popup-content\">\n<div class=\"wp-block-uagb-info-box uagb-block-efaac0e7 uagb-infobox__content-wrap  uagb-infobox-icon-above-title uagb-infobox-image-valign-top\"><div class=\"uagb-ifb-content\"><div class=\"uagb-ifb-icon-wrap\"><svg xmlns=\"https:\/\/www.w3.org\/2000\/svg\" viewBox=\"0 0 512 512\"><path d=\"M45.63 79.75L52 81.25v58.5C45 143.9 40 151.3 40 160c0 8.375 4.625 15.38 11.12 19.75L35.5 242C33.75 248.9 37.63 256 43.13 256h41.75c5.5 0 9.375-7.125 7.625-13.1L76.88 179.8C83.38 175.4 88 168.4 88 160c0-8.75-5-16.12-12-20.25V87.13L128 99.63l.001 60.37c0 70.75 57.25 128 128 128s127.1-57.25 127.1-128L384 99.62l82.25-19.87c18.25-4.375 18.25-27 0-31.5l-190.4-46c-13-3-26.62-3-39.63 0l-190.6 46C27.5 52.63 27.5 75.38 45.63 79.75zM359.2 312.8l-103.2 103.2l-103.2-103.2c-69.93 22.3-120.8 87.2-120.8 164.5C32 496.5 47.53 512 66.67 512h378.7C464.5 512 480 496.5 480 477.3C480 400 429.1 335.1 359.2 312.8z\"><\/path><\/svg><\/div><div class=\"uagb-ifb-title-wrap\"><h3 class=\"uagb-ifb-title-prefix\">Rencontre chercheurs<\/h3><h5 class=\"uagb-ifb-title\">\u23f0 17h30 |\ud83d\udccdSalle Marie-de-Beaucaire<\/h5><\/div><p class=\"uagb-ifb-desc\">Rencontre entre des jeunes chercheurs sur le front de la connaissance du plancton et le public, anim\u00e9e par Colomban de Vargas<br><br>Ouvert \u00e0 tout public &#8211; Entr\u00e9e libre<\/p><div class=\"uagb-ifb-button-wrapper wp-block-button\"><a href=\"https:\/\/www.helloasso.com\/associations\/missions-citoyennes-oceanes\/evenements\/inscriptions-des-doctorants\" class=\"uagb-infobox-cta-link wp-block-button__link\" target=\"_blank\" rel=\"noopener noreferrer\" onclick=\"return true;\"><span class=\"uagb-inline-editing\">Inscription des doctorants <\/span><\/a><\/div><\/div><\/div>\n<\/div><button class=\"uagb-modal-popup-close\" aria-label=\"Close Modal\"><svg xmlns=\"https:\/\/www.w3.org\/2000\/svg\" viewBox=\"0 0 320 512\"><path d=\"M310.6 361.4c12.5 12.5 12.5 32.75 0 45.25C304.4 412.9 296.2 416 288 416s-16.38-3.125-22.62-9.375L160 301.3L54.63 406.6C48.38 412.9 40.19 416 32 416S15.63 412.9 9.375 406.6c-12.5-12.5-12.5-32.75 0-45.25l105.4-105.4L9.375 150.6c-12.5-12.5-12.5-32.75 0-45.25s32.75-12.5 45.25 0L160 210.8l105.4-105.4c12.5-12.5 32.75-12.5 45.25 0s12.5 32.75 0 45.25l-105.4 105.4L310.6 361.4z\"><\/path><\/svg><\/button><\/div><\/div><\/div>\n<\/div>\n\n\n\n<div class=\"wp-block-column is-layout-flow wp-block-column-is-layout-flow\">\n<div class=\"wp-block-uagb-modal uagb-block-025c639c uagb-modal-wrapper zoom-image\" data-escpress=\"enable\" data-overlayclick=\"enable\"><img decoding=\"async\" src=\"http:\/\/festivalduplancton.fr\/wp-content\/uploads\/2025\/06\/Festival-du-Plancton-Concert-en-live.jpg\" alt=\"Festival du Plancton - Concert en live\" class=\"uagb-modal-trigger\" width=\"2000\" height=\"1500\" loading=\"lazy\"\/><div class=\"uagb-effect-default uagb-modal-popup uagb-block-025c639c uagb-modal-type-undefined\"><div class=\"uagb-modal-popup-wrap\"><div class=\"uagb-modal-popup-content\">\n<div class=\"wp-block-uagb-info-box uagb-block-728d8b10 uagb-infobox__content-wrap  uagb-infobox-icon-above-title uagb-infobox-image-valign-top\"><div class=\"uagb-ifb-content\"><div class=\"uagb-ifb-icon-wrap\"><svg xmlns=\"https:\/\/www.w3.org\/2000\/svg\" viewBox=\"0 0 512 512\"><path d=\"M511.1 367.1c0 44.18-42.98 80-95.1 80s-95.1-35.82-95.1-79.1c0-44.18 42.98-79.1 95.1-79.1c11.28 0 21.95 1.92 32.01 4.898V148.1L192 224l-.0023 208.1C191.1 476.2 149 512 95.1 512S0 476.2 0 432c0-44.18 42.98-79.1 95.1-79.1c11.28 0 21.95 1.92 32 4.898V126.5c0-12.97 10.06-26.63 22.41-30.52l319.1-94.49C472.1 .6615 477.3 0 480 0c17.66 0 31.97 14.34 32 31.99L511.1 367.1z\"><\/path><\/svg><\/div><div class=\"uagb-ifb-title-wrap\"><h3 class=\"uagb-ifb-title-prefix\">Concert en live <\/h3><h5 class=\"uagb-ifb-title\">\u23f0 20h |\ud83d\udccdSalle Marie-de-Beaucaire<\/h5><\/div><p class=\"uagb-ifb-desc\">Quatres groupes se succ\u00e8deront sur la sc\u00e8ne du festival : des polyphonies marines, de l\u2019accord\u00e9on, de la funk pop et du rock \u2019n\u2019 roll !<\/p><div class=\"uagb-ifb-button-wrapper wp-block-button\"><a href=\"#\" class=\"uagb-infobox-cta-link wp-block-button__link\" target=\"_self\" rel=\"noopener noreferrer\" onclick=\"return false;\"><span class=\"uagb-inline-editing\">Pas d&#8217;inscriptions (entr\u00e9e libre)<\/span><\/a><\/div><\/div><\/div>\n<\/div><button class=\"uagb-modal-popup-close\" aria-label=\"Close Modal\"><svg xmlns=\"https:\/\/www.w3.org\/2000\/svg\" viewBox=\"0 0 320 512\"><path d=\"M310.6 361.4c12.5 12.5 12.5 32.75 0 45.25C304.4 412.9 296.2 416 288 416s-16.38-3.125-22.62-9.375L160 301.3L54.63 406.6C48.38 412.9 40.19 416 32 416S15.63 412.9 9.375 406.6c-12.5-12.5-12.5-32.75 0-45.25l105.4-105.4L9.375 150.6c-12.5-12.5-12.5-32.75 0-45.25s32.75-12.5 45.25 0L160 210.8l105.4-105.4c12.5-12.5 32.75-12.5 45.25 0s12.5 32.75 0 45.25l-105.4 105.4L310.6 361.4z\"><\/path><\/svg><\/button><\/div><\/div><\/div>\n<\/div>\n<\/div>\n<\/div>\n\n\n\n<div class=\"wp-block-uagb-tabs-child uagb-tabs__body-container uagb-inner-tab-4 uag-hide-mob\" aria-labelledby=\"uagb-tabs__tab4\">\n<div class=\"wp-block-columns is-layout-flex wp-container-core-columns-is-layout-8351d469 wp-block-columns-is-layout-flex\" style=\"margin-bottom:var(--wp--preset--spacing--50)\">\n<div class=\"wp-block-column is-layout-flow wp-block-column-is-layout-flow\">\n<div class=\"wp-block-uagb-modal uagb-block-0b78300c uagb-modal-wrapper zoom-image\" data-escpress=\"enable\" data-overlayclick=\"enable\"><img decoding=\"async\" src=\"http:\/\/festivalduplancton.fr\/wp-content\/uploads\/2025\/04\/Festival-du-Plancton-Ateliers-scientifiques-2-scaled.jpg\" alt=\"Festival du Plancton - Ateliers scientifiques 2\" class=\"uagb-modal-trigger\" width=\"2560\" height=\"1920\" loading=\"lazy\"\/><div class=\"uagb-effect-default uagb-modal-popup uagb-block-0b78300c uagb-modal-type-undefined\"><div class=\"uagb-modal-popup-wrap\"><div class=\"uagb-modal-popup-content\">\n<div class=\"wp-block-uagb-info-box uagb-block-abe813c7 uagb-infobox__content-wrap  uagb-infobox-icon-above-title uagb-infobox-image-valign-top\"><div class=\"uagb-ifb-content\"><div class=\"uagb-ifb-icon-wrap\"><svg xmlns=\"https:\/\/www.w3.org\/2000\/svg\" viewBox=\"0 0 512 512\"><path d=\"M500.3 443.7l-119.7-119.7c27.22-40.41 40.65-90.9 33.46-144.7C401.8 87.79 326.8 13.32 235.2 1.723C99.01-15.51-15.51 99.01 1.724 235.2c11.6 91.64 86.08 166.7 177.6 178.9c53.8 7.189 104.3-6.236 144.7-33.46l119.7 119.7c15.62 15.62 40.95 15.62 56.57 0C515.9 484.7 515.9 459.3 500.3 443.7zM79.1 208c0-70.58 57.42-128 128-128s128 57.42 128 128c0 70.58-57.42 128-128 128S79.1 278.6 79.1 208z\"><\/path><\/svg><\/div><div class=\"uagb-ifb-title-wrap\"><h3 class=\"uagb-ifb-title-prefix\">Ateliers scientifiques<\/h3><h5 class=\"uagb-ifb-title\">\u23f0 10h &#8211; 15h30 |\ud83d\udccdSalle Marie-de-Beaucaire<\/h5><\/div><p class=\"uagb-ifb-desc\">Par groupe de 10 personnes, partez \u00e0 la d\u00e9couverte du plancton sous forme d\u2019ateliers encadr\u00e9s par un scientifique de l\u2019\u00e9quipe.<\/p><div class=\"uagb-ifb-button-wrapper wp-block-button\"><a href=\"https:\/\/www.helloasso.com\/associations\/missions-citoyennes-oceanes\/evenements\/ateliers-scientifiques-samedi-21-juin\" class=\"uagb-infobox-cta-link wp-block-button__link\" target=\"_blank\" rel=\"noopener noreferrer\" onclick=\"return true;\"><span class=\"uagb-inline-editing\">Inscriptions (prix libre)<\/span><\/a><\/div><\/div><\/div>\n<\/div><button class=\"uagb-modal-popup-close\" aria-label=\"Close Modal\"><svg xmlns=\"https:\/\/www.w3.org\/2000\/svg\" viewBox=\"0 0 320 512\"><path d=\"M310.6 361.4c12.5 12.5 12.5 32.75 0 45.25C304.4 412.9 296.2 416 288 416s-16.38-3.125-22.62-9.375L160 301.3L54.63 406.6C48.38 412.9 40.19 416 32 416S15.63 412.9 9.375 406.6c-12.5-12.5-12.5-32.75 0-45.25l105.4-105.4L9.375 150.6c-12.5-12.5-12.5-32.75 0-45.25s32.75-12.5 45.25 0L160 210.8l105.4-105.4c12.5-12.5 32.75-12.5 45.25 0s12.5 32.75 0 45.25l-105.4 105.4L310.6 361.4z\"><\/path><\/svg><\/button><\/div><\/div><\/div>\n<\/div>\n\n\n\n<div class=\"wp-block-column is-layout-flow wp-block-column-is-layout-flow\">\n<div class=\"wp-block-uagb-modal uagb-block-624404a4 uagb-modal-wrapper zoom-image\" data-escpress=\"enable\" data-overlayclick=\"enable\"><img decoding=\"async\" src=\"http:\/\/festivalduplancton.fr\/wp-content\/uploads\/2025\/04\/Festival-du-Plancton-Atelier-decriture-1.png\" alt=\"\" class=\"uagb-modal-trigger\" width=\"1920\" height=\"1440\" loading=\"lazy\"\/><div class=\"uagb-effect-default uagb-modal-popup uagb-block-624404a4 uagb-modal-type-undefined\"><div class=\"uagb-modal-popup-wrap\"><div class=\"uagb-modal-popup-content\">\n<div class=\"wp-block-uagb-info-box uagb-block-0b0cc72f uagb-infobox__content-wrap  uagb-infobox-icon-above-title uagb-infobox-image-valign-top\"><div class=\"uagb-ifb-content\"><div class=\"uagb-ifb-icon-wrap\"><svg xmlns=\"https:\/\/www.w3.org\/2000\/svg\" viewBox=\"0 0 512 512\"><path d=\"M421.7 220.3L188.5 453.4L154.6 419.5L158.1 416H112C103.2 416 96 408.8 96 400V353.9L92.51 357.4C87.78 362.2 84.31 368 82.42 374.4L59.44 452.6L137.6 429.6C143.1 427.7 149.8 424.2 154.6 419.5L188.5 453.4C178.1 463.8 165.2 471.5 151.1 475.6L30.77 511C22.35 513.5 13.24 511.2 7.03 504.1C.8198 498.8-1.502 489.7 .976 481.2L36.37 360.9C40.53 346.8 48.16 333.9 58.57 323.5L291.7 90.34L421.7 220.3zM492.7 58.75C517.7 83.74 517.7 124.3 492.7 149.3L444.3 197.7L314.3 67.72L362.7 19.32C387.7-5.678 428.3-5.678 453.3 19.32L492.7 58.75z\"><\/path><\/svg><\/div><div class=\"uagb-ifb-title-wrap\"><h3 class=\"uagb-ifb-title-prefix\">Atelier d&#8217;\u00e9criture<\/h3><h5 class=\"uagb-ifb-title\">\u23f0 10h |\ud83d\udccdSalle Marie-de-Beaucaire<\/h5><\/div><p class=\"uagb-ifb-desc\"> Informations \u00e0 venir.&nbsp;<\/p><div class=\"uagb-ifb-button-wrapper wp-block-button\"><a href=\"https:\/\/www.helloasso.com\/associations\/missions-citoyennes-oceanes\/evenements\/atelier-d-ecriture-avec-wilfried-n-sonde\" class=\"uagb-infobox-cta-link wp-block-button__link\" target=\"_blank\" rel=\"noopener noreferrer\" onclick=\"return true;\"><span class=\"uagb-inline-editing\">Inscriptions (prix libre)<\/span><\/a><\/div><\/div><\/div>\n<\/div><button class=\"uagb-modal-popup-close\" aria-label=\"Close Modal\"><svg xmlns=\"https:\/\/www.w3.org\/2000\/svg\" viewBox=\"0 0 320 512\"><path d=\"M310.6 361.4c12.5 12.5 12.5 32.75 0 45.25C304.4 412.9 296.2 416 288 416s-16.38-3.125-22.62-9.375L160 301.3L54.63 406.6C48.38 412.9 40.19 416 32 416S15.63 412.9 9.375 406.6c-12.5-12.5-12.5-32.75 0-45.25l105.4-105.4L9.375 150.6c-12.5-12.5-12.5-32.75 0-45.25s32.75-12.5 45.25 0L160 210.8l105.4-105.4c12.5-12.5 32.75-12.5 45.25 0s12.5 32.75 0 45.25l-105.4 105.4L310.6 361.4z\"><\/path><\/svg><\/button><\/div><\/div><\/div>\n<\/div>\n\n\n\n<div class=\"wp-block-column is-layout-flow wp-block-column-is-layout-flow\">\n<div class=\"wp-block-uagb-modal uagb-block-d7cf0074 uagb-modal-wrapper zoom-image\" data-escpress=\"enable\" data-overlayclick=\"enable\"><img decoding=\"async\" src=\"http:\/\/festivalduplancton.fr\/wp-content\/uploads\/2025\/04\/Festival-du-Plancton-Remise-des-prix-concours-Jeune-biologiste-scaled.jpg\" alt=\"Festival du Plancton - Remise des prix concours Jeune biologiste\" class=\"uagb-modal-trigger\" width=\"2560\" height=\"1920\" loading=\"lazy\"\/><div class=\"uagb-effect-default uagb-modal-popup uagb-block-d7cf0074 uagb-modal-type-undefined\"><div class=\"uagb-modal-popup-wrap\"><div class=\"uagb-modal-popup-content\">\n<div class=\"wp-block-uagb-info-box uagb-block-4f3b04aa uagb-infobox__content-wrap  uagb-infobox-icon-above-title uagb-infobox-image-valign-top\"><div class=\"uagb-ifb-content\"><div class=\"uagb-ifb-icon-wrap\"><svg xmlns=\"https:\/\/www.w3.org\/2000\/svg\" viewBox=\"0 0 512 512\"><path d=\"M223.7 130.8L149.1 7.77C147.1 2.949 141.9 0 136.3 0H16.03c-12.95 0-20.53 14.58-13.1 25.18l111.3 158.9C143.9 156.4 181.7 137.3 223.7 130.8zM256 160c-97.25 0-176 78.75-176 176S158.8 512 256 512s176-78.75 176-176S353.3 160 256 160zM348.5 317.3l-37.88 37l8.875 52.25c1.625 9.25-8.25 16.5-16.63 12l-46.88-24.62L209.1 418.5c-8.375 4.5-18.25-2.75-16.63-12l8.875-52.25l-37.88-37C156.6 310.6 160.5 299 169.9 297.6l52.38-7.625L245.7 242.5c2-4.25 6.125-6.375 10.25-6.375S264.2 238.3 266.2 242.5l23.5 47.5l52.38 7.625C351.6 299 355.4 310.6 348.5 317.3zM495.1 0H375.7c-5.621 0-10.83 2.949-13.72 7.77l-73.76 122.1c42 6.5 79.88 25.62 109.5 53.38l111.3-158.9C516.5 14.58 508.9 0 495.1 0z\"><\/path><\/svg><\/div><div class=\"uagb-ifb-title-wrap\"><h3 class=\"uagb-ifb-title-prefix\">Remise des prix du concours \u201cla p\u00eache au plancton\u201d <\/h3><h5 class=\"uagb-ifb-title\">\u23f0 16h30 |\ud83d\udccdSalle Marie-de-Beaucaire<\/h5><\/div><p class=\"uagb-ifb-desc\">De nombreux lots \u00e0 gagner.<\/p><div class=\"uagb-ifb-button-wrapper wp-block-button\"><a href=\"#concours\" class=\"uagb-infobox-cta-link wp-block-button__link\" target=\"_self\" rel=\"noopener noreferrer\" onclick=\"return true;\"><span class=\"uagb-inline-editing\">Participez au jeu concours<\/span><\/a><\/div><\/div><\/div>\n<\/div><button class=\"uagb-modal-popup-close\" aria-label=\"Close Modal\"><svg xmlns=\"https:\/\/www.w3.org\/2000\/svg\" viewBox=\"0 0 320 512\"><path d=\"M310.6 361.4c12.5 12.5 12.5 32.75 0 45.25C304.4 412.9 296.2 416 288 416s-16.38-3.125-22.62-9.375L160 301.3L54.63 406.6C48.38 412.9 40.19 416 32 416S15.63 412.9 9.375 406.6c-12.5-12.5-12.5-32.75 0-45.25l105.4-105.4L9.375 150.6c-12.5-12.5-12.5-32.75 0-45.25s32.75-12.5 45.25 0L160 210.8l105.4-105.4c12.5-12.5 32.75-12.5 45.25 0s12.5 32.75 0 45.25l-105.4 105.4L310.6 361.4z\"><\/path><\/svg><\/button><\/div><\/div><\/div>\n<\/div>\n<\/div>\n\n\n\n<div style=\"height:15px\" aria-hidden=\"true\" class=\"wp-block-spacer uag-hide-desktop uag-hide-tab\"><\/div>\n\n\n\n<div class=\"wp-block-columns is-layout-flex wp-container-core-columns-is-layout-1a3f87fd wp-block-columns-is-layout-flex\" style=\"margin-top:0;margin-bottom:0;padding-top:0;padding-bottom:0\">\n<div class=\"wp-block-column is-layout-flow wp-block-column-is-layout-flow\"><\/div>\n\n\n\n<div class=\"wp-block-column is-layout-flow wp-block-column-is-layout-flow\"><\/div>\n\n\n\n<div class=\"wp-block-column is-layout-flow wp-block-column-is-layout-flow\"><\/div>\n<\/div>\n<\/div>\n<\/div><\/div>\n\n\n\n<div class=\"wp-block-uagb-tabs uagb-block-dfb2609e uagb-tabs__wrap uagb-tabs__hstyle1-desktop uagb-tabs__vstyle6-tablet uagb-tabs__stack1-mobile uag-hide-desktop uag-hide-tab\" data-tab-active=\"1\"><ul class=\"uagb-tabs__panel uagb-tabs__align-left\" role=\"tablist\"><li class=\"uagb-tab \" role=\"none\"><a href=\"#uagb-tabs__tab0\" class=\"uagb-tabs-list uagb-tabs__icon-position-left\" data-tab=\"0\" role=\"tab\"><div>\ud83d\udccd Tous les \u00e9v\u00e8nements<\/div><\/a><\/li><li class=\"uagb-tab uagb-tabs__active\" role=\"none\"><a href=\"#uagb-tabs__tab1\" class=\"uagb-tabs-list uagb-tabs__icon-position-left\" data-tab=\"1\" role=\"tab\"><div>\ud83d\udcc6 Programme &#8211; Jeudi 19 juin              <\/div><\/a><\/li><li class=\"uagb-tab \" role=\"none\"><a href=\"#uagb-tabs__tab2\" class=\"uagb-tabs-list uagb-tabs__icon-position-left\" data-tab=\"2\" role=\"tab\"><div>\ud83d\udcc6 Programme &#8211; Vendredi 20 juin           <\/div><\/a><\/li><li class=\"uagb-tab \" role=\"none\"><a href=\"#uagb-tabs__tab3\" class=\"uagb-tabs-list uagb-tabs__icon-position-left\" data-tab=\"3\" role=\"tab\"><div>\ud83d\udcc6 Programme &#8211; Samedi 21 juin              <\/div><\/a><\/li><li class=\"uagb-tab \" role=\"none\"><a href=\"#uagb-tabs__tab4\" class=\"uagb-tabs-list uagb-tabs__icon-position-left\" data-tab=\"4\" role=\"tab\"><div>\ud83d\udcc6 Programme &#8211; Dimanche 22 juin           <\/div><\/a><\/li><\/ul><div class=\"uagb-tabs__body-wrap\">\n<div class=\"wp-block-uagb-tabs-child uagb-tabs__body-container uagb-inner-tab-0 uag-hide-desktop uag-hide-tab\" aria-labelledby=\"uagb-tabs__tab0\">\n<div class=\"wp-block-columns is-layout-flex wp-container-core-columns-is-layout-8351d469 wp-block-columns-is-layout-flex\" style=\"margin-bottom:var(--wp--preset--spacing--50)\">\n<div class=\"wp-block-column is-layout-flow wp-block-column-is-layout-flow\">\n<div class=\"wp-block-uagb-modal uagb-block-d5d6fc39 uagb-modal-wrapper zoom-image\" data-escpress=\"enable\" data-overlayclick=\"enable\"><img decoding=\"async\" src=\"http:\/\/festivalduplancton.fr\/wp-content\/uploads\/2025\/04\/Festival-du-Plancton-Soiree-dexploration-Vendredi-1.png\" alt=\"\" class=\"uagb-modal-trigger\" width=\"4000\" height=\"3000\" loading=\"lazy\"\/><div class=\"uagb-effect-default uagb-modal-popup uagb-block-d5d6fc39 uagb-modal-type-undefined\"><div class=\"uagb-modal-popup-wrap\"><div class=\"uagb-modal-popup-content\">\n<div class=\"wp-block-uagb-info-box uagb-block-419f4be9 uagb-infobox__content-wrap  uagb-infobox-icon-above-title uagb-infobox-image-valign-top\"><div class=\"uagb-ifb-content\"><div class=\"uagb-ifb-icon-wrap\"><svg xmlns=\"https:\/\/www.w3.org\/2000\/svg\" viewBox=\"0 0 512 512\"><path d=\"M511.1 367.1c0 44.18-42.98 80-95.1 80s-95.1-35.82-95.1-79.1c0-44.18 42.98-79.1 95.1-79.1c11.28 0 21.95 1.92 32.01 4.898V148.1L192 224l-.0023 208.1C191.1 476.2 149 512 95.1 512S0 476.2 0 432c0-44.18 42.98-79.1 95.1-79.1c11.28 0 21.95 1.92 32 4.898V126.5c0-12.97 10.06-26.63 22.41-30.52l319.1-94.49C472.1 .6615 477.3 0 480 0c17.66 0 31.97 14.34 32 31.99L511.1 367.1z\"><\/path><\/svg><\/div><div class=\"uagb-ifb-title-wrap\"><h3 class=\"uagb-ifb-title-prefix\">Soir\u00e9e sur l&#8217;exploration<\/h3><h5 class=\"uagb-ifb-title\">\u23f0 20h |\ud83d\udccdCin\u00e9 Marine<\/h5><\/div><p class=\"uagb-ifb-desc\">L\u2019exploration oc\u00e9anique : pourquoi, comment et jusqu\u2019o\u00f9 ? Table ronde artistique avec Jean-Louis \u00c9tienne, Colomban de Vargas, Wilfried N\u2019Sond\u00e9 et Marie-Kell de Cannart.<\/p><div class=\"uagb-ifb-button-wrapper wp-block-button\"><a href=\"https:\/\/www.helloasso.com\/associations\/missions-citoyennes-oceanes\/evenements\/soiree-sur-l-exploration-marine\" class=\"uagb-infobox-cta-link wp-block-button__link\" target=\"_blank\" rel=\"noopener noreferrer\" onclick=\"return true;\"><span class=\"uagb-inline-editing\">Inscriptions (prix libre)<\/span><\/a><\/div><\/div><\/div>\n<\/div><button class=\"uagb-modal-popup-close\" aria-label=\"Close Modal\"><svg xmlns=\"https:\/\/www.w3.org\/2000\/svg\" viewBox=\"0 0 320 512\"><path d=\"M310.6 361.4c12.5 12.5 12.5 32.75 0 45.25C304.4 412.9 296.2 416 288 416s-16.38-3.125-22.62-9.375L160 301.3L54.63 406.6C48.38 412.9 40.19 416 32 416S15.63 412.9 9.375 406.6c-12.5-12.5-12.5-32.75 0-45.25l105.4-105.4L9.375 150.6c-12.5-12.5-12.5-32.75 0-45.25s32.75-12.5 45.25 0L160 210.8l105.4-105.4c12.5-12.5 32.75-12.5 45.25 0s12.5 32.75 0 45.25l-105.4 105.4L310.6 361.4z\"><\/path><\/svg><\/button><\/div><\/div><\/div>\n<\/div>\n\n\n\n<div class=\"wp-block-column is-layout-flow wp-block-column-is-layout-flow\">\n<div class=\"wp-block-uagb-modal uagb-block-99c26c76 uagb-modal-wrapper zoom-image\" data-escpress=\"enable\" data-overlayclick=\"enable\"><img decoding=\"async\" src=\"http:\/\/festivalduplancton.fr\/wp-content\/uploads\/2025\/04\/Festival-du-Plancton-Ateliers-scientifiques-Samedi-et-dimanche-1-scaled.jpg\" alt=\"Festival du Plancton - Ateliers scientifiques - Samedi et dimanche\" class=\"uagb-modal-trigger\" width=\"2560\" height=\"1920\" loading=\"lazy\"\/><div class=\"uagb-effect-default uagb-modal-popup uagb-block-99c26c76 uagb-modal-type-undefined\"><div class=\"uagb-modal-popup-wrap\"><div class=\"uagb-modal-popup-content\">\n<div class=\"wp-block-uagb-info-box uagb-block-1568eb2e uagb-infobox__content-wrap  uagb-infobox-icon-above-title uagb-infobox-image-valign-top\"><div class=\"uagb-ifb-content\"><div class=\"uagb-ifb-icon-wrap\"><svg xmlns=\"https:\/\/www.w3.org\/2000\/svg\" viewBox=\"0 0 512 512\"><path d=\"M500.3 443.7l-119.7-119.7c27.22-40.41 40.65-90.9 33.46-144.7C401.8 87.79 326.8 13.32 235.2 1.723C99.01-15.51-15.51 99.01 1.724 235.2c11.6 91.64 86.08 166.7 177.6 178.9c53.8 7.189 104.3-6.236 144.7-33.46l119.7 119.7c15.62 15.62 40.95 15.62 56.57 0C515.9 484.7 515.9 459.3 500.3 443.7zM79.1 208c0-70.58 57.42-128 128-128s128 57.42 128 128c0 70.58-57.42 128-128 128S79.1 278.6 79.1 208z\"><\/path><\/svg><\/div><div class=\"uagb-ifb-title-wrap\"><h3 class=\"uagb-ifb-title-prefix\">Ateliers scientifiques<\/h3><h5 class=\"uagb-ifb-title\">\u23f0 10h &#8211; 18h |\ud83d\udccdSalle Marie-de-Beaucaire<\/h5><\/div><p class=\"uagb-ifb-desc\">Par groupe de 10 personnes, partez \u00e0 la d\u00e9couverte du plancton sous forme d\u2019ateliers encadr\u00e9s par un scientifique de l\u2019\u00e9quipe.<\/p><div class=\"uagb-ifb-button-wrapper wp-block-button\"><a href=\"https:\/\/www.helloasso.com\/associations\/missions-citoyennes-oceanes\/evenements\/ateliers-scientifiques-samedi-21-juin\" class=\"uagb-infobox-cta-link wp-block-button__link\" target=\"_blank\" rel=\"noopener noreferrer\" onclick=\"return true;\"><span class=\"uagb-inline-editing\">Inscriptions (prix libre)<\/span><\/a><\/div><\/div><\/div>\n<\/div><button class=\"uagb-modal-popup-close\" aria-label=\"Close Modal\"><svg xmlns=\"https:\/\/www.w3.org\/2000\/svg\" viewBox=\"0 0 320 512\"><path d=\"M310.6 361.4c12.5 12.5 12.5 32.75 0 45.25C304.4 412.9 296.2 416 288 416s-16.38-3.125-22.62-9.375L160 301.3L54.63 406.6C48.38 412.9 40.19 416 32 416S15.63 412.9 9.375 406.6c-12.5-12.5-12.5-32.75 0-45.25l105.4-105.4L9.375 150.6c-12.5-12.5-12.5-32.75 0-45.25s32.75-12.5 45.25 0L160 210.8l105.4-105.4c12.5-12.5 32.75-12.5 45.25 0s12.5 32.75 0 45.25l-105.4 105.4L310.6 361.4z\"><\/path><\/svg><\/button><\/div><\/div><\/div>\n<\/div>\n\n\n\n<div class=\"wp-block-column is-layout-flow wp-block-column-is-layout-flow\">\n<div class=\"wp-block-uagb-modal uagb-block-860b4d0b uagb-modal-wrapper zoom-image\" data-escpress=\"enable\" data-overlayclick=\"enable\"><img decoding=\"async\" src=\"http:\/\/festivalduplancton.fr\/wp-content\/uploads\/2025\/04\/Festival-du-Plancton-Conte-musical-Jeudi-scaled.jpg\" alt=\"Festival du Plancton - Conte musical - Jeudi\" class=\"uagb-modal-trigger\" width=\"2560\" height=\"1920\" loading=\"lazy\"\/><div class=\"uagb-effect-default uagb-modal-popup uagb-block-860b4d0b uagb-modal-type-undefined\"><div class=\"uagb-modal-popup-wrap\"><div class=\"uagb-modal-popup-content\">\n<div class=\"wp-block-uagb-info-box uagb-block-27415949 uagb-infobox__content-wrap  uagb-infobox-icon-above-title uagb-infobox-image-valign-top\"><div class=\"uagb-ifb-content\"><div class=\"uagb-ifb-icon-wrap\"><svg xmlns=\"https:\/\/www.w3.org\/2000\/svg\" viewBox=\"0 0 576 512\"><path d=\"M180.5 141.5C219.7 108.5 272.6 80 336 80C399.4 80 452.3 108.5 491.5 141.5C530.5 174.5 558.3 213.1 572.4 241.3C577.2 250.5 577.2 261.5 572.4 270.7C558.3 298 530.5 337.5 491.5 370.5C452.3 403.5 399.4 432 336 432C272.6 432 219.7 403.5 180.5 370.5C164.3 356.7 150 341.9 137.8 327.3L48.12 379.6C35.61 386.9 19.76 384.9 9.474 374.7C-.8133 364.5-2.97 348.7 4.216 336.1L50 256L4.216 175.9C-2.97 163.3-.8133 147.5 9.474 137.3C19.76 127.1 35.61 125.1 48.12 132.4L137.8 184.7C150 170.1 164.3 155.3 180.5 141.5L180.5 141.5zM416 224C398.3 224 384 238.3 384 256C384 273.7 398.3 288 416 288C433.7 288 448 273.7 448 256C448 238.3 433.7 224 416 224z\"><\/path><\/svg><\/div><div class=\"uagb-ifb-title-wrap\"><h3 class=\"uagb-ifb-title-prefix\">Conte musical <\/h3><h5 class=\"uagb-ifb-title\">\u23f0 20h |\ud83d\udccdSalle Marie-de-Beaucaire<\/h5><\/div><p class=\"uagb-ifb-desc\">Soir\u00e9e d\u2019ouverture du Festival. Spectacle musical \u201cSur le Pont\u201d par Isabelle Autissier et Pascal Ducourtioux.<\/p><div class=\"uagb-ifb-button-wrapper wp-block-button\"><a href=\"https:\/\/www.helloasso.com\/associations\/missions-citoyennes-oceanes\/evenements\/atelier-scientifique\" class=\"uagb-infobox-cta-link wp-block-button__link\" target=\"_blank\" rel=\"noopener noreferrer\" onclick=\"return true;\"><span class=\"uagb-inline-editing\">Inscriptions (prix libre)<\/span><\/a><\/div><\/div><\/div>\n<\/div><button class=\"uagb-modal-popup-close\" aria-label=\"Close Modal\"><svg xmlns=\"https:\/\/www.w3.org\/2000\/svg\" viewBox=\"0 0 320 512\"><path d=\"M310.6 361.4c12.5 12.5 12.5 32.75 0 45.25C304.4 412.9 296.2 416 288 416s-16.38-3.125-22.62-9.375L160 301.3L54.63 406.6C48.38 412.9 40.19 416 32 416S15.63 412.9 9.375 406.6c-12.5-12.5-12.5-32.75 0-45.25l105.4-105.4L9.375 150.6c-12.5-12.5-12.5-32.75 0-45.25s32.75-12.5 45.25 0L160 210.8l105.4-105.4c12.5-12.5 32.75-12.5 45.25 0s12.5 32.75 0 45.25l-105.4 105.4L310.6 361.4z\"><\/path><\/svg><\/button><\/div><\/div><\/div>\n<\/div>\n<\/div>\n\n\n\n<div style=\"height:15px\" aria-hidden=\"true\" class=\"wp-block-spacer uag-hide-desktop uag-hide-tab\"><\/div>\n\n\n\n<div class=\"wp-block-columns is-layout-flex wp-container-core-columns-is-layout-8351d469 wp-block-columns-is-layout-flex\" style=\"margin-bottom:var(--wp--preset--spacing--50)\">\n<div class=\"wp-block-column is-layout-flow wp-block-column-is-layout-flow\">\n<div class=\"wp-block-uagb-modal uagb-block-a547e78d uagb-modal-wrapper zoom-image\" data-escpress=\"enable\" data-overlayclick=\"enable\"><img decoding=\"async\" src=\"http:\/\/festivalduplancton.fr\/wp-content\/uploads\/2025\/04\/Festival-du-Plancton-Dedicaces-Christian-Sardet-Samedi-scaled.jpg\" alt=\"Festival du Plancton - D\u00e9dicaces Christian Sardet - Samedi\" class=\"uagb-modal-trigger\" width=\"2560\" height=\"1920\" loading=\"lazy\"\/><div class=\"uagb-effect-default uagb-modal-popup uagb-block-a547e78d uagb-modal-type-undefined\"><div class=\"uagb-modal-popup-wrap\"><div class=\"uagb-modal-popup-content\">\n<div class=\"wp-block-uagb-info-box uagb-block-ad46c69d uagb-infobox__content-wrap  uagb-infobox-icon-above-title uagb-infobox-image-valign-top\"><div class=\"uagb-ifb-content\"><div class=\"uagb-ifb-icon-wrap\"><svg xmlns=\"https:\/\/www.w3.org\/2000\/svg\" viewBox=\"0 0 448 512\"><path d=\"M448 336v-288C448 21.49 426.5 0 400 0H352v191.1c0 13.41-15.52 20.88-25.1 12.49L272 160L217.1 204.5C207.5 212.8 192 205.4 192 191.1V0H96C42.98 0 0 42.98 0 96v320c0 53.02 42.98 96 96 96h320c17.67 0 32-14.33 32-32c0-11.72-6.607-21.52-16-27.1v-81.36C441.8 362.8 448 350.2 448 336zM384 448H96c-17.67 0-32-14.33-32-32c0-17.67 14.33-32 32-32h288V448z\"><\/path><\/svg><\/div><div class=\"uagb-ifb-title-wrap\"><h3 class=\"uagb-ifb-title-prefix\">D\u00e9dicaces<\/h3><h5 class=\"uagb-ifb-title\">\u23f0 14h30 |\ud83d\udccdSalle Marie-de-Beaucaire<\/h5><\/div><p class=\"uagb-ifb-desc\">Rencontres et d\u00e9dicaces avec les auteurs Christian Sardet et Wilfried N\u2019Sond\u00e9.<\/p><div class=\"uagb-ifb-button-wrapper wp-block-button\"><a href=\"#\" class=\"uagb-infobox-cta-link wp-block-button__link\" target=\"_blank\" rel=\"noopener noreferrer\" onclick=\"return false;\"><span class=\"uagb-inline-editing\">Pas d&#8217;inscriptions (entr\u00e9e libre)<\/span><\/a><\/div><\/div><\/div>\n<\/div><button class=\"uagb-modal-popup-close\" aria-label=\"Close Modal\"><svg xmlns=\"https:\/\/www.w3.org\/2000\/svg\" viewBox=\"0 0 320 512\"><path d=\"M310.6 361.4c12.5 12.5 12.5 32.75 0 45.25C304.4 412.9 296.2 416 288 416s-16.38-3.125-22.62-9.375L160 301.3L54.63 406.6C48.38 412.9 40.19 416 32 416S15.63 412.9 9.375 406.6c-12.5-12.5-12.5-32.75 0-45.25l105.4-105.4L9.375 150.6c-12.5-12.5-12.5-32.75 0-45.25s32.75-12.5 45.25 0L160 210.8l105.4-105.4c12.5-12.5 32.75-12.5 45.25 0s12.5 32.75 0 45.25l-105.4 105.4L310.6 361.4z\"><\/path><\/svg><\/button><\/div><\/div><\/div>\n<\/div>\n\n\n\n<div class=\"wp-block-column is-layout-flow wp-block-column-is-layout-flow\">\n<div class=\"wp-block-uagb-modal uagb-block-1fc0220b uagb-modal-wrapper zoom-image\" data-escpress=\"enable\" data-overlayclick=\"enable\"><img decoding=\"async\" src=\"http:\/\/festivalduplancton.fr\/wp-content\/uploads\/2025\/04\/Festival-du-Plancton-Atelier-decriture-Dimanche-3.png\" alt=\"\" class=\"uagb-modal-trigger\" width=\"1920\" height=\"1440\" loading=\"lazy\"\/><div class=\"uagb-effect-default uagb-modal-popup uagb-block-1fc0220b uagb-modal-type-undefined\"><div class=\"uagb-modal-popup-wrap\"><div class=\"uagb-modal-popup-content\">\n<div class=\"wp-block-uagb-info-box uagb-block-cb6632a1 uagb-infobox__content-wrap  uagb-infobox-icon-above-title uagb-infobox-image-valign-top\"><div class=\"uagb-ifb-content\"><div class=\"uagb-ifb-icon-wrap\"><svg xmlns=\"https:\/\/www.w3.org\/2000\/svg\" viewBox=\"0 0 512 512\"><path d=\"M421.7 220.3L188.5 453.4L154.6 419.5L158.1 416H112C103.2 416 96 408.8 96 400V353.9L92.51 357.4C87.78 362.2 84.31 368 82.42 374.4L59.44 452.6L137.6 429.6C143.1 427.7 149.8 424.2 154.6 419.5L188.5 453.4C178.1 463.8 165.2 471.5 151.1 475.6L30.77 511C22.35 513.5 13.24 511.2 7.03 504.1C.8198 498.8-1.502 489.7 .976 481.2L36.37 360.9C40.53 346.8 48.16 333.9 58.57 323.5L291.7 90.34L421.7 220.3zM492.7 58.75C517.7 83.74 517.7 124.3 492.7 149.3L444.3 197.7L314.3 67.72L362.7 19.32C387.7-5.678 428.3-5.678 453.3 19.32L492.7 58.75z\"><\/path><\/svg><\/div><div class=\"uagb-ifb-title-wrap\"><h3 class=\"uagb-ifb-title-prefix\">Atelier d&#8217;\u00e9criture<\/h3><h5 class=\"uagb-ifb-title\">\u23f0 10h |\ud83d\udccdSalle Marie-de-Beaucaire<\/h5><\/div><p class=\"uagb-ifb-desc\"> Informations \u00e0 venir.&nbsp;<\/p><div class=\"uagb-ifb-button-wrapper wp-block-button\"><a href=\"#\" class=\"uagb-infobox-cta-link wp-block-button__link\" target=\"_blank\" rel=\"noopener noreferrer\" onclick=\"return false;\"><span class=\"uagb-inline-editing\">\u00c0 partir du 26 mai<\/span><\/a><\/div><\/div><\/div>\n<\/div><button class=\"uagb-modal-popup-close\" aria-label=\"Close Modal\"><svg xmlns=\"https:\/\/www.w3.org\/2000\/svg\" viewBox=\"0 0 320 512\"><path d=\"M310.6 361.4c12.5 12.5 12.5 32.75 0 45.25C304.4 412.9 296.2 416 288 416s-16.38-3.125-22.62-9.375L160 301.3L54.63 406.6C48.38 412.9 40.19 416 32 416S15.63 412.9 9.375 406.6c-12.5-12.5-12.5-32.75 0-45.25l105.4-105.4L9.375 150.6c-12.5-12.5-12.5-32.75 0-45.25s32.75-12.5 45.25 0L160 210.8l105.4-105.4c12.5-12.5 32.75-12.5 45.25 0s12.5 32.75 0 45.25l-105.4 105.4L310.6 361.4z\"><\/path><\/svg><\/button><\/div><\/div><\/div>\n<\/div>\n\n\n\n<div class=\"wp-block-column is-layout-flow wp-block-column-is-layout-flow\">\n<div class=\"wp-block-uagb-modal uagb-block-5b037fed uagb-modal-wrapper zoom-image\" data-escpress=\"enable\" data-overlayclick=\"enable\"><img decoding=\"async\" src=\"http:\/\/festivalduplancton.fr\/wp-content\/uploads\/2025\/05\/Festival-du-Plancton-Pitch-ta-these-Dimanche.png\" alt=\"\" class=\"uagb-modal-trigger\" width=\"2000\" height=\"1500\" loading=\"lazy\"\/><div class=\"uagb-effect-default uagb-modal-popup uagb-block-5b037fed uagb-modal-type-undefined\"><div class=\"uagb-modal-popup-wrap\"><div class=\"uagb-modal-popup-content\">\n<div class=\"wp-block-uagb-info-box uagb-block-f0bf0b89 uagb-infobox__content-wrap  uagb-infobox-icon-above-title uagb-infobox-image-valign-top\"><div class=\"uagb-ifb-content\"><div class=\"uagb-ifb-icon-wrap\"><svg xmlns=\"https:\/\/www.w3.org\/2000\/svg\" viewBox=\"0 0 640 512\"><path d=\"M623.1 136.9l-282.7-101.2c-13.73-4.91-28.7-4.91-42.43 0L16.05 136.9C6.438 140.4 0 149.6 0 160s6.438 19.65 16.05 23.09L76.07 204.6c-11.89 15.8-20.26 34.16-24.55 53.95C40.05 263.4 32 274.8 32 288c0 9.953 4.814 18.49 11.94 24.36l-24.83 149C17.48 471.1 25 480 34.89 480H93.11c9.887 0 17.41-8.879 15.78-18.63l-24.83-149C91.19 306.5 96 297.1 96 288c0-10.29-5.174-19.03-12.72-24.89c4.252-17.76 12.88-33.82 24.94-47.03l190.6 68.23c13.73 4.91 28.7 4.91 42.43 0l282.7-101.2C633.6 179.6 640 170.4 640 160S633.6 140.4 623.1 136.9zM351.1 314.4C341.7 318.1 330.9 320 320 320c-10.92 0-21.69-1.867-32-5.555L142.8 262.5L128 405.3C128 446.6 213.1 480 320 480c105.1 0 192-33.4 192-74.67l-14.78-142.9L351.1 314.4z\"><\/path><\/svg><\/div><div class=\"uagb-ifb-title-wrap\"><h3 class=\"uagb-ifb-title-prefix\">Rencontre  chercheurs<\/h3><h5 class=\"uagb-ifb-title\">\u23f0 17h30 |\ud83d\udccdSalle Marie-de-Beaucaire<\/h5><\/div><p class=\"uagb-ifb-desc\">Rencontre entre des jeunes chercheurs sur le front de la connaissance du plancton et le public, anim\u00e9e par Colomban de Vargas<br><br>Ouvert \u00e0 tout public &#8211; Entr\u00e9e libre<\/p><div class=\"uagb-ifb-button-wrapper wp-block-button\"><a href=\"https:\/\/www.helloasso.com\/associations\/missions-citoyennes-oceanes\/evenements\/inscriptions-des-doctorants\" class=\"uagb-infobox-cta-link wp-block-button__link\" target=\"_blank\" rel=\"noopener noreferrer\" onclick=\"return true;\"><span class=\"uagb-inline-editing\">Inscription des doctorants<\/span><\/a><\/div><\/div><\/div>\n<\/div><button class=\"uagb-modal-popup-close\" aria-label=\"Close Modal\"><svg xmlns=\"https:\/\/www.w3.org\/2000\/svg\" viewBox=\"0 0 320 512\"><path d=\"M310.6 361.4c12.5 12.5 12.5 32.75 0 45.25C304.4 412.9 296.2 416 288 416s-16.38-3.125-22.62-9.375L160 301.3L54.63 406.6C48.38 412.9 40.19 416 32 416S15.63 412.9 9.375 406.6c-12.5-12.5-12.5-32.75 0-45.25l105.4-105.4L9.375 150.6c-12.5-12.5-12.5-32.75 0-45.25s32.75-12.5 45.25 0L160 210.8l105.4-105.4c12.5-12.5 32.75-12.5 45.25 0s12.5 32.75 0 45.25l-105.4 105.4L310.6 361.4z\"><\/path><\/svg><\/button><\/div><\/div><\/div>\n<\/div>\n<\/div>\n\n\n\n<div style=\"height:15px\" aria-hidden=\"true\" class=\"wp-block-spacer uag-hide-desktop uag-hide-tab\"><\/div>\n\n\n\n<div class=\"wp-block-columns is-layout-flex wp-container-core-columns-is-layout-8351d469 wp-block-columns-is-layout-flex\" style=\"margin-bottom:var(--wp--preset--spacing--50)\">\n<div class=\"wp-block-column is-layout-flow wp-block-column-is-layout-flow\">\n<div class=\"wp-block-uagb-modal uagb-block-c8f6f4d6 uagb-modal-wrapper zoom-image\" data-escpress=\"enable\" data-overlayclick=\"enable\"><img decoding=\"async\" src=\"http:\/\/festivalduplancton.fr\/wp-content\/uploads\/2025\/04\/Festival-du-Plancton-Remise-des-prix-concours-Jeune-biologiste-Dimanche-scaled.jpg\" alt=\"\" class=\"uagb-modal-trigger\" width=\"2560\" height=\"1920\" loading=\"lazy\"\/><div class=\"uagb-effect-default uagb-modal-popup uagb-block-c8f6f4d6 uagb-modal-type-undefined\"><div class=\"uagb-modal-popup-wrap\"><div class=\"uagb-modal-popup-content\">\n<div class=\"wp-block-uagb-info-box uagb-block-2d1465c9 uagb-infobox__content-wrap  uagb-infobox-icon-above-title uagb-infobox-image-valign-top\"><div class=\"uagb-ifb-content\"><div class=\"uagb-ifb-icon-wrap\"><svg xmlns=\"https:\/\/www.w3.org\/2000\/svg\" viewBox=\"0 0 512 512\"><path d=\"M223.7 130.8L149.1 7.77C147.1 2.949 141.9 0 136.3 0H16.03c-12.95 0-20.53 14.58-13.1 25.18l111.3 158.9C143.9 156.4 181.7 137.3 223.7 130.8zM256 160c-97.25 0-176 78.75-176 176S158.8 512 256 512s176-78.75 176-176S353.3 160 256 160zM348.5 317.3l-37.88 37l8.875 52.25c1.625 9.25-8.25 16.5-16.63 12l-46.88-24.62L209.1 418.5c-8.375 4.5-18.25-2.75-16.63-12l8.875-52.25l-37.88-37C156.6 310.6 160.5 299 169.9 297.6l52.38-7.625L245.7 242.5c2-4.25 6.125-6.375 10.25-6.375S264.2 238.3 266.2 242.5l23.5 47.5l52.38 7.625C351.6 299 355.4 310.6 348.5 317.3zM495.1 0H375.7c-5.621 0-10.83 2.949-13.72 7.77l-73.76 122.1c42 6.5 79.88 25.62 109.5 53.38l111.3-158.9C516.5 14.58 508.9 0 495.1 0z\"><\/path><\/svg><\/div><div class=\"uagb-ifb-title-wrap\"><h3 class=\"uagb-ifb-title-prefix\">Remise des prix du concours \u201cla p\u00eache au plancton\u201d <\/h3><h5 class=\"uagb-ifb-title\">\u23f0 16h30 |\ud83d\udccdSalle Marie-de-Beaucaire<\/h5><\/div><p class=\"uagb-ifb-desc\">De nombreux lots \u00e0 gagner.<\/p><div class=\"uagb-ifb-button-wrapper wp-block-button\"><a href=\"#concours\" class=\"uagb-infobox-cta-link wp-block-button__link\" target=\"_self\" rel=\"noopener noreferrer\" onclick=\"return true;\"><span class=\"uagb-inline-editing\">\u00c0 partir du 26 mai<\/span><\/a><\/div><\/div><\/div>\n<\/div><button class=\"uagb-modal-popup-close\" aria-label=\"Close Modal\"><svg xmlns=\"https:\/\/www.w3.org\/2000\/svg\" viewBox=\"0 0 320 512\"><path d=\"M310.6 361.4c12.5 12.5 12.5 32.75 0 45.25C304.4 412.9 296.2 416 288 416s-16.38-3.125-22.62-9.375L160 301.3L54.63 406.6C48.38 412.9 40.19 416 32 416S15.63 412.9 9.375 406.6c-12.5-12.5-12.5-32.75 0-45.25l105.4-105.4L9.375 150.6c-12.5-12.5-12.5-32.75 0-45.25s32.75-12.5 45.25 0L160 210.8l105.4-105.4c12.5-12.5 32.75-12.5 45.25 0s12.5 32.75 0 45.25l-105.4 105.4L310.6 361.4z\"><\/path><\/svg><\/button><\/div><\/div><\/div>\n<\/div>\n\n\n\n<div class=\"wp-block-column is-layout-flow wp-block-column-is-layout-flow\">\n<div class=\"wp-block-uagb-modal uagb-block-058bb6a0 uagb-modal-wrapper zoom-image\" data-escpress=\"enable\" data-overlayclick=\"enable\"><img decoding=\"async\" src=\"http:\/\/festivalduplancton.fr\/wp-content\/uploads\/2025\/04\/Festival-du-Plancton-Atelier-artistique-Samedi-1-scaled.jpg\" alt=\"Festival du Plancton - Atelier artistique - Samedi\" class=\"uagb-modal-trigger\" width=\"2560\" height=\"1920\" loading=\"lazy\"\/><div class=\"uagb-effect-default uagb-modal-popup uagb-block-058bb6a0 uagb-modal-type-undefined\"><div class=\"uagb-modal-popup-wrap\"><div class=\"uagb-modal-popup-content\">\n<div class=\"wp-block-uagb-info-box uagb-block-8e4a526b uagb-infobox__content-wrap  uagb-infobox-icon-above-title uagb-infobox-image-valign-top\"><div class=\"uagb-ifb-content\"><div class=\"uagb-ifb-icon-wrap\"><svg xmlns=\"https:\/\/www.w3.org\/2000\/svg\" viewBox=\"0 0 576 512\"><path d=\"M224 263.3C224.2 233.3 238.4 205.2 262.4 187.2L499.1 9.605C517.7-4.353 543.6-2.965 560.7 12.9C577.7 28.76 580.8 54.54 568.2 74.07L406.5 324.1C391.3 347.7 366.6 363.2 339.3 367.1L224 263.3zM320 400C320 461.9 269.9 512 208 512H64C46.33 512 32 497.7 32 480C32 462.3 46.33 448 64 448H68.81C86.44 448 98.4 429.1 96.59 411.6C96.2 407.8 96 403.9 96 400C96 339.6 143.9 290.3 203.7 288.1L319.8 392.5C319.9 394.1 320 397.5 320 400V400z\"><\/path><\/svg><\/div><div class=\"uagb-ifb-title-wrap\"><h3 class=\"uagb-ifb-title-prefix\">Atelier artistique<\/h3><h5 class=\"uagb-ifb-title\">\u23f0 10h |\ud83d\udccdSalle Marie-de-Beaucaire<\/h5><\/div><p class=\"uagb-ifb-desc\">Informations \u00e0 venir.<\/p><div class=\"uagb-ifb-button-wrapper wp-block-button\"><a href=\"https:\/\/www.helloasso.com\/associations\/missions-citoyennes-oceanes\/evenements\/atelier-gravure-sur-bois-avec-marine-duval\" class=\"uagb-infobox-cta-link wp-block-button__link\" target=\"_blank\" rel=\"noopener noreferrer\" onclick=\"return true;\"><span class=\"uagb-inline-editing\">Inscriptions (prix libre)<\/span><\/a><\/div><\/div><\/div>\n<\/div><button class=\"uagb-modal-popup-close\" aria-label=\"Close Modal\"><svg xmlns=\"https:\/\/www.w3.org\/2000\/svg\" viewBox=\"0 0 320 512\"><path d=\"M310.6 361.4c12.5 12.5 12.5 32.75 0 45.25C304.4 412.9 296.2 416 288 416s-16.38-3.125-22.62-9.375L160 301.3L54.63 406.6C48.38 412.9 40.19 416 32 416S15.63 412.9 9.375 406.6c-12.5-12.5-12.5-32.75 0-45.25l105.4-105.4L9.375 150.6c-12.5-12.5-12.5-32.75 0-45.25s32.75-12.5 45.25 0L160 210.8l105.4-105.4c12.5-12.5 32.75-12.5 45.25 0s12.5 32.75 0 45.25l-105.4 105.4L310.6 361.4z\"><\/path><\/svg><\/button><\/div><\/div><\/div>\n<\/div>\n\n\n\n<div class=\"wp-block-column is-layout-flow wp-block-column-is-layout-flow\">\n<div class=\"wp-block-uagb-modal uagb-block-9ed8e08e uagb-modal-wrapper zoom-image\" data-escpress=\"enable\" data-overlayclick=\"enable\"><img decoding=\"async\" src=\"http:\/\/festivalduplancton.fr\/wp-content\/uploads\/2025\/04\/Festival-du-Plancton-Photographier-le-plancton-Samedi-scaled.jpg\" alt=\"Festival du Plancton - Photographier le plancton - Samedi\" class=\"uagb-modal-trigger\" width=\"2560\" height=\"1920\" loading=\"lazy\"\/><div class=\"uagb-effect-default uagb-modal-popup uagb-block-9ed8e08e uagb-modal-type-undefined\"><div class=\"uagb-modal-popup-wrap\"><div class=\"uagb-modal-popup-content\">\n<div class=\"wp-block-uagb-info-box uagb-block-8bced1ae uagb-infobox__content-wrap  uagb-infobox-icon-above-title uagb-infobox-image-valign-top\"><div class=\"uagb-ifb-content\"><div class=\"uagb-ifb-icon-wrap\"><svg xmlns=\"https:\/\/www.w3.org\/2000\/svg\" viewBox=\"0 0 512 512\"><path d=\"M194.6 32H317.4C338.1 32 356.4 45.22 362.9 64.82L373.3 96H448C483.3 96 512 124.7 512 160V416C512 451.3 483.3 480 448 480H64C28.65 480 0 451.3 0 416V160C0 124.7 28.65 96 64 96H138.7L149.1 64.82C155.6 45.22 173.9 32 194.6 32H194.6zM256 384C309 384 352 341 352 288C352 234.1 309 192 256 192C202.1 192 160 234.1 160 288C160 341 202.1 384 256 384z\"><\/path><\/svg><\/div><div class=\"uagb-ifb-title-wrap\"><h3 class=\"uagb-ifb-title-prefix\">Photographier le plancton<\/h3><h5 class=\"uagb-ifb-title\">\u23f0 16h |\ud83d\udccdSalle Marie-de-Beaucaire<\/h5><\/div><p class=\"uagb-ifb-desc\">Informations \u00e0 venir.<\/p><div class=\"uagb-ifb-button-wrapper wp-block-button\"><a href=\"https:\/\/www.helloasso.com\/associations\/missions-citoyennes-oceanes\/evenements\/atelier-photographier-le-plancton-avec-noe-sardet-et-sharif-mirshak\" class=\"uagb-infobox-cta-link wp-block-button__link\" target=\"_blank\" rel=\"noopener noreferrer\" onclick=\"return true;\"><span class=\"uagb-inline-editing\">Inscriptions (prix libre)<\/span><\/a><\/div><\/div><\/div>\n<\/div><button class=\"uagb-modal-popup-close\" aria-label=\"Close Modal\"><svg xmlns=\"https:\/\/www.w3.org\/2000\/svg\" viewBox=\"0 0 320 512\"><path d=\"M310.6 361.4c12.5 12.5 12.5 32.75 0 45.25C304.4 412.9 296.2 416 288 416s-16.38-3.125-22.62-9.375L160 301.3L54.63 406.6C48.38 412.9 40.19 416 32 416S15.63 412.9 9.375 406.6c-12.5-12.5-12.5-32.75 0-45.25l105.4-105.4L9.375 150.6c-12.5-12.5-12.5-32.75 0-45.25s32.75-12.5 45.25 0L160 210.8l105.4-105.4c12.5-12.5 32.75-12.5 45.25 0s12.5 32.75 0 45.25l-105.4 105.4L310.6 361.4z\"><\/path><\/svg><\/button><\/div><\/div><\/div>\n<\/div>\n<\/div>\n\n\n\n<div style=\"height:15px\" aria-hidden=\"true\" class=\"wp-block-spacer uag-hide-desktop uag-hide-tab\"><\/div>\n\n\n\n<div class=\"wp-block-columns is-layout-flex wp-container-core-columns-is-layout-8351d469 wp-block-columns-is-layout-flex\" style=\"margin-bottom:var(--wp--preset--spacing--50)\">\n<div class=\"wp-block-column is-layout-flow wp-block-column-is-layout-flow\">\n<div class=\"wp-block-uagb-modal uagb-block-34f29885 uagb-modal-wrapper zoom-image\" data-escpress=\"enable\" data-overlayclick=\"enable\"><img decoding=\"async\" src=\"http:\/\/festivalduplancton.fr\/wp-content\/uploads\/2025\/04\/Festival-du-Plancton-Ateliers-scolaires-Jeudi-et-vendredi-scaled.jpg\" alt=\"Festival du Plancton - Ateliers scolaires - Jeudi et vendredi\" class=\"uagb-modal-trigger\" width=\"2560\" height=\"1920\" loading=\"lazy\"\/><div class=\"uagb-effect-default uagb-modal-popup uagb-block-34f29885 uagb-modal-type-undefined\"><div class=\"uagb-modal-popup-wrap\"><div class=\"uagb-modal-popup-content\">\n<div class=\"wp-block-uagb-info-box uagb-block-2b50ac8d uagb-infobox__content-wrap  uagb-infobox-icon-above-title uagb-infobox-image-valign-top\"><div class=\"uagb-ifb-content\"><div class=\"uagb-ifb-icon-wrap\"><svg xmlns=\"https:\/\/www.w3.org\/2000\/svg\" viewBox=\"0 0 640 512\"><path d=\"M95.1 64C95.1 28.65 124.7 0 159.1 0C195.3 0 223.1 28.65 223.1 64C223.1 99.35 195.3 128 159.1 128C124.7 128 95.1 99.35 95.1 64zM88 480V400H70.2C59.28 400 51.57 389.3 55.02 378.9L86.16 285.5L57.5 323.3C46.82 337.4 26.75 340.2 12.67 329.5C-1.415 318.8-4.175 298.7 6.503 284.7L65.4 206.1C87.84 177.4 122.9 160 160 160C197.2 160 232.2 177.4 254.6 206.1L313.5 284.7C324.2 298.7 321.4 318.8 307.3 329.5C293.3 340.2 273.2 337.4 262.5 323.3L233.9 285.6L264.1 378.9C268.4 389.3 260.7 400 249.8 400H232V480C232 497.7 217.7 512 200 512C182.3 512 168 497.7 168 480V400H152V480C152 497.7 137.7 512 120 512C102.3 512 88 497.7 88 480H88zM416 64C416 28.65 444.7 0 480 0C515.3 0 544 28.65 544 64C544 99.35 515.3 128 480 128C444.7 128 416 99.35 416 64V64zM472 384V480C472 497.7 457.7 512 440 512C422.3 512 408 497.7 408 480V300.5L395.1 321C385.7 336 365.9 340.5 350.1 331.1C336 321.7 331.5 301.9 340.9 286.1L392.6 204.9C410.2 176.9 440.9 159.1 473.8 159.1H486.2C519.2 159.1 549.8 176.9 567.4 204.9L619.1 286.1C628.5 301.9 624 321.7 609 331.1C594.1 340.5 574.3 336 564.9 321L552 300.5V480C552 497.7 537.7 512 520 512C502.3 512 488 497.7 488 480V384L472 384z\"><\/path><\/svg><\/div><div class=\"uagb-ifb-title-wrap\"><h3 class=\"uagb-ifb-title-prefix\">Ateliers scolaires<\/h3><h5 class=\"uagb-ifb-title\">\u23f0 9h &#8211; 17h |\ud83d\udccdSalle Marie-de-Beaucaire<\/h5><\/div><p class=\"uagb-ifb-desc\">Accueil des \u00e9tablissements scolaires de l\u2019agglom\u00e9ration, en partenariat avec Escale P\u00eache. Prenez contact avec nous pour en savoir plus !<\/p><div class=\"uagb-ifb-button-wrapper wp-block-button\"><a href=\"https:\/\/festivalduplancton.fr\/index.php\/contact\/\" class=\"uagb-infobox-cta-link wp-block-button__link\" target=\"_blank\" rel=\"noopener noreferrer\" onclick=\"return true;\"><span class=\"uagb-inline-editing\">Prendre contact<\/span><\/a><\/div><\/div><\/div>\n<\/div><button class=\"uagb-modal-popup-close\" aria-label=\"Close Modal\"><svg xmlns=\"https:\/\/www.w3.org\/2000\/svg\" viewBox=\"0 0 320 512\"><path d=\"M310.6 361.4c12.5 12.5 12.5 32.75 0 45.25C304.4 412.9 296.2 416 288 416s-16.38-3.125-22.62-9.375L160 301.3L54.63 406.6C48.38 412.9 40.19 416 32 416S15.63 412.9 9.375 406.6c-12.5-12.5-12.5-32.75 0-45.25l105.4-105.4L9.375 150.6c-12.5-12.5-12.5-32.75 0-45.25s32.75-12.5 45.25 0L160 210.8l105.4-105.4c12.5-12.5 32.75-12.5 45.25 0s12.5 32.75 0 45.25l-105.4 105.4L310.6 361.4z\"><\/path><\/svg><\/button><\/div><\/div><\/div>\n<\/div>\n\n\n\n<div class=\"wp-block-column is-layout-flow wp-block-column-is-layout-flow\">\n<div class=\"wp-block-uagb-modal uagb-block-166ad319 uagb-modal-wrapper zoom-image\" data-escpress=\"enable\" data-overlayclick=\"enable\"><img decoding=\"async\" src=\"http:\/\/festivalduplancton.fr\/wp-content\/uploads\/2025\/06\/Festival-du-Plancton-Concert-en-live-samedi.jpg\" alt=\"Festival du Plancton - Concert en live samedi\" class=\"uagb-modal-trigger\" width=\"2000\" height=\"1500\" loading=\"lazy\"\/><div class=\"uagb-effect-default uagb-modal-popup uagb-block-166ad319 uagb-modal-type-undefined\"><div class=\"uagb-modal-popup-wrap\"><div class=\"uagb-modal-popup-content\">\n<div class=\"wp-block-uagb-info-box uagb-block-db2ff091 uagb-infobox__content-wrap  uagb-infobox-icon-above-title uagb-infobox-image-valign-top\"><div class=\"uagb-ifb-content\"><div class=\"uagb-ifb-icon-wrap\"><svg xmlns=\"https:\/\/www.w3.org\/2000\/svg\" viewBox=\"0 0 512 512\"><path d=\"M511.1 367.1c0 44.18-42.98 80-95.1 80s-95.1-35.82-95.1-79.1c0-44.18 42.98-79.1 95.1-79.1c11.28 0 21.95 1.92 32.01 4.898V148.1L192 224l-.0023 208.1C191.1 476.2 149 512 95.1 512S0 476.2 0 432c0-44.18 42.98-79.1 95.1-79.1c11.28 0 21.95 1.92 32 4.898V126.5c0-12.97 10.06-26.63 22.41-30.52l319.1-94.49C472.1 .6615 477.3 0 480 0c17.66 0 31.97 14.34 32 31.99L511.1 367.1z\"><\/path><\/svg><\/div><div class=\"uagb-ifb-title-wrap\"><h3 class=\"uagb-ifb-title-prefix\">Concert en live <\/h3><h5 class=\"uagb-ifb-title\">\u23f0 20h |\ud83d\udccdSalle Marie-de-Beaucaire<\/h5><\/div><p class=\"uagb-ifb-desc\">Quatres groupes se succ\u00e8deront sur la sc\u00e8ne du festival : des polyphonies marines, de l\u2019accord\u00e9on, de la funk pop et du rock \u2019n\u2019 roll !<\/p><div class=\"uagb-ifb-button-wrapper wp-block-button\"><a href=\"#\" class=\"uagb-infobox-cta-link wp-block-button__link\" target=\"_self\" rel=\"noopener noreferrer\" onclick=\"return false;\"><span class=\"uagb-inline-editing\">Pas d&#8217;inscriptions (entr\u00e9e libre)<\/span><\/a><\/div><\/div><\/div>\n<\/div><button class=\"uagb-modal-popup-close\" aria-label=\"Close Modal\"><svg xmlns=\"https:\/\/www.w3.org\/2000\/svg\" viewBox=\"0 0 320 512\"><path d=\"M310.6 361.4c12.5 12.5 12.5 32.75 0 45.25C304.4 412.9 296.2 416 288 416s-16.38-3.125-22.62-9.375L160 301.3L54.63 406.6C48.38 412.9 40.19 416 32 416S15.63 412.9 9.375 406.6c-12.5-12.5-12.5-32.75 0-45.25l105.4-105.4L9.375 150.6c-12.5-12.5-12.5-32.75 0-45.25s32.75-12.5 45.25 0L160 210.8l105.4-105.4c12.5-12.5 32.75-12.5 45.25 0s12.5 32.75 0 45.25l-105.4 105.4L310.6 361.4z\"><\/path><\/svg><\/button><\/div><\/div><\/div>\n<\/div>\n\n\n\n<div class=\"wp-block-column is-layout-flow wp-block-column-is-layout-flow\">\n<p><\/p>\n<\/div>\n<\/div>\n<\/div>\n\n\n\n<div class=\"wp-block-uagb-tabs-child uagb-tabs__body-container uagb-inner-tab-1 uag-hide-desktop uag-hide-tab\" aria-labelledby=\"uagb-tabs__tab1\">\n<div class=\"wp-block-columns is-layout-flex wp-container-core-columns-is-layout-28f84493 wp-block-columns-is-layout-flex\">\n<div class=\"wp-block-column is-layout-flow wp-block-column-is-layout-flow\">\n<div class=\"wp-block-uagb-modal uagb-block-d16ab2d6 uagb-modal-wrapper zoom-image\" data-escpress=\"enable\" data-overlayclick=\"enable\"><img decoding=\"async\" src=\"http:\/\/festivalduplancton.fr\/wp-content\/uploads\/2025\/04\/Festival-du-Plancton-Ateliers-scolaires-scaled.jpg\" alt=\"Festival du Plancton - Ateliers scolaires\" class=\"uagb-modal-trigger\" width=\"2560\" height=\"1920\" loading=\"lazy\"\/><div class=\"uagb-effect-default uagb-modal-popup uagb-block-d16ab2d6 uagb-modal-type-undefined\"><div class=\"uagb-modal-popup-wrap\"><div class=\"uagb-modal-popup-content\">\n<div class=\"wp-block-uagb-info-box uagb-block-4ac1bfd0 uagb-infobox__content-wrap  uagb-infobox-icon-above-title uagb-infobox-image-valign-top\"><div class=\"uagb-ifb-content\"><div class=\"uagb-ifb-icon-wrap\"><svg xmlns=\"https:\/\/www.w3.org\/2000\/svg\" viewBox=\"0 0 640 512\"><path d=\"M95.1 64C95.1 28.65 124.7 0 159.1 0C195.3 0 223.1 28.65 223.1 64C223.1 99.35 195.3 128 159.1 128C124.7 128 95.1 99.35 95.1 64zM88 480V400H70.2C59.28 400 51.57 389.3 55.02 378.9L86.16 285.5L57.5 323.3C46.82 337.4 26.75 340.2 12.67 329.5C-1.415 318.8-4.175 298.7 6.503 284.7L65.4 206.1C87.84 177.4 122.9 160 160 160C197.2 160 232.2 177.4 254.6 206.1L313.5 284.7C324.2 298.7 321.4 318.8 307.3 329.5C293.3 340.2 273.2 337.4 262.5 323.3L233.9 285.6L264.1 378.9C268.4 389.3 260.7 400 249.8 400H232V480C232 497.7 217.7 512 200 512C182.3 512 168 497.7 168 480V400H152V480C152 497.7 137.7 512 120 512C102.3 512 88 497.7 88 480H88zM416 64C416 28.65 444.7 0 480 0C515.3 0 544 28.65 544 64C544 99.35 515.3 128 480 128C444.7 128 416 99.35 416 64V64zM472 384V480C472 497.7 457.7 512 440 512C422.3 512 408 497.7 408 480V300.5L395.1 321C385.7 336 365.9 340.5 350.1 331.1C336 321.7 331.5 301.9 340.9 286.1L392.6 204.9C410.2 176.9 440.9 159.1 473.8 159.1H486.2C519.2 159.1 549.8 176.9 567.4 204.9L619.1 286.1C628.5 301.9 624 321.7 609 331.1C594.1 340.5 574.3 336 564.9 321L552 300.5V480C552 497.7 537.7 512 520 512C502.3 512 488 497.7 488 480V384L472 384z\"><\/path><\/svg><\/div><div class=\"uagb-ifb-title-wrap\"><h3 class=\"uagb-ifb-title-prefix\">Ateliers scolaires<\/h3><h5 class=\"uagb-ifb-title\">\u23f0 9h &#8211; 17h |\ud83d\udccdSalle Marie-de-Beaucaire<\/h5><\/div><p class=\"uagb-ifb-desc\">Accueil des \u00e9tablissements scolaires de l\u2019agglom\u00e9ration, en partenariat avec Escale P\u00eache. Prenez contact avec nous pour en savoir plus !<\/p><div class=\"uagb-ifb-button-wrapper wp-block-button\"><a href=\"https:\/\/festivalduplancton.fr\/index.php\/contact\/\" class=\"uagb-infobox-cta-link wp-block-button__link\" target=\"_blank\" rel=\"noopener noreferrer\" onclick=\"return true;\"><span class=\"uagb-inline-editing\">Prendre contact<\/span><\/a><\/div><\/div><\/div>\n<\/div><button class=\"uagb-modal-popup-close\" aria-label=\"Close Modal\"><svg xmlns=\"https:\/\/www.w3.org\/2000\/svg\" viewBox=\"0 0 320 512\"><path d=\"M310.6 361.4c12.5 12.5 12.5 32.75 0 45.25C304.4 412.9 296.2 416 288 416s-16.38-3.125-22.62-9.375L160 301.3L54.63 406.6C48.38 412.9 40.19 416 32 416S15.63 412.9 9.375 406.6c-12.5-12.5-12.5-32.75 0-45.25l105.4-105.4L9.375 150.6c-12.5-12.5-12.5-32.75 0-45.25s32.75-12.5 45.25 0L160 210.8l105.4-105.4c12.5-12.5 32.75-12.5 45.25 0s12.5 32.75 0 45.25l-105.4 105.4L310.6 361.4z\"><\/path><\/svg><\/button><\/div><\/div><\/div>\n<\/div>\n\n\n\n<div class=\"wp-block-column is-layout-flow wp-block-column-is-layout-flow\">\n<div class=\"wp-block-uagb-modal uagb-block-7ba4b0f1 uagb-modal-wrapper zoom-image\" data-escpress=\"enable\" data-overlayclick=\"enable\"><img decoding=\"async\" src=\"http:\/\/festivalduplancton.fr\/wp-content\/uploads\/2025\/04\/Festival-du-Plancton-Conte-musical-1-scaled.jpg\" alt=\"Festival du Plancton - Conte musical\" class=\"uagb-modal-trigger\" width=\"2560\" height=\"1920\" loading=\"lazy\"\/><div class=\"uagb-effect-default uagb-modal-popup uagb-block-7ba4b0f1 uagb-modal-type-undefined\"><div class=\"uagb-modal-popup-wrap\"><div class=\"uagb-modal-popup-content\">\n<div class=\"wp-block-uagb-info-box uagb-block-077a7b34 uagb-infobox__content-wrap  uagb-infobox-icon-above-title uagb-infobox-image-valign-top\"><div class=\"uagb-ifb-content\"><div class=\"uagb-ifb-icon-wrap\"><svg xmlns=\"https:\/\/www.w3.org\/2000\/svg\" viewBox=\"0 0 576 512\"><path d=\"M180.5 141.5C219.7 108.5 272.6 80 336 80C399.4 80 452.3 108.5 491.5 141.5C530.5 174.5 558.3 213.1 572.4 241.3C577.2 250.5 577.2 261.5 572.4 270.7C558.3 298 530.5 337.5 491.5 370.5C452.3 403.5 399.4 432 336 432C272.6 432 219.7 403.5 180.5 370.5C164.3 356.7 150 341.9 137.8 327.3L48.12 379.6C35.61 386.9 19.76 384.9 9.474 374.7C-.8133 364.5-2.97 348.7 4.216 336.1L50 256L4.216 175.9C-2.97 163.3-.8133 147.5 9.474 137.3C19.76 127.1 35.61 125.1 48.12 132.4L137.8 184.7C150 170.1 164.3 155.3 180.5 141.5L180.5 141.5zM416 224C398.3 224 384 238.3 384 256C384 273.7 398.3 288 416 288C433.7 288 448 273.7 448 256C448 238.3 433.7 224 416 224z\"><\/path><\/svg><\/div><div class=\"uagb-ifb-title-wrap\"><h3 class=\"uagb-ifb-title-prefix\">Conte musical <\/h3><h5 class=\"uagb-ifb-title\">\u23f0 20h |\ud83d\udccdSalle Marie-de-Beaucaire<\/h5><\/div><p class=\"uagb-ifb-desc\">Soir\u00e9e d\u2019ouverture du Festival. Spectacle musical \u201cSur le Pont\u201d par Isabelle Autissier et Pascal Ducourtioux.<\/p><div class=\"uagb-ifb-button-wrapper wp-block-button\"><a href=\"https:\/\/www.helloasso.com\/associations\/missions-citoyennes-oceanes\/evenements\/atelier-scientifique\" class=\"uagb-infobox-cta-link wp-block-button__link\" target=\"_blank\" rel=\"noopener noreferrer\" onclick=\"return true;\"><span class=\"uagb-inline-editing\">Inscriptions (prix libre)<\/span><\/a><\/div><\/div><\/div>\n<\/div><button class=\"uagb-modal-popup-close\" aria-label=\"Close Modal\"><svg xmlns=\"https:\/\/www.w3.org\/2000\/svg\" viewBox=\"0 0 320 512\"><path d=\"M310.6 361.4c12.5 12.5 12.5 32.75 0 45.25C304.4 412.9 296.2 416 288 416s-16.38-3.125-22.62-9.375L160 301.3L54.63 406.6C48.38 412.9 40.19 416 32 416S15.63 412.9 9.375 406.6c-12.5-12.5-12.5-32.75 0-45.25l105.4-105.4L9.375 150.6c-12.5-12.5-12.5-32.75 0-45.25s32.75-12.5 45.25 0L160 210.8l105.4-105.4c12.5-12.5 32.75-12.5 45.25 0s12.5 32.75 0 45.25l-105.4 105.4L310.6 361.4z\"><\/path><\/svg><\/button><\/div><\/div><\/div>\n<\/div>\n\n\n\n<div class=\"wp-block-column is-layout-flow wp-block-column-is-layout-flow\">\n<p><\/p>\n<\/div>\n<\/div>\n<\/div>\n\n\n\n<div class=\"wp-block-uagb-tabs-child uagb-tabs__body-container uagb-inner-tab-2 uag-hide-desktop uag-hide-tab\" aria-labelledby=\"uagb-tabs__tab2\">\n<div class=\"wp-block-columns is-layout-flex wp-container-core-columns-is-layout-28f84493 wp-block-columns-is-layout-flex\">\n<div class=\"wp-block-column is-layout-flow wp-block-column-is-layout-flow\">\n<div class=\"wp-block-uagb-modal uagb-block-3af4804d uagb-modal-wrapper zoom-image\" data-escpress=\"enable\" data-overlayclick=\"enable\"><img decoding=\"async\" src=\"http:\/\/festivalduplancton.fr\/wp-content\/uploads\/2025\/04\/Festival-du-Plancton-Ateliers-scolaires-scaled.jpg\" alt=\"Festival du Plancton - Ateliers scolaires\" class=\"uagb-modal-trigger\" width=\"2560\" height=\"1920\" loading=\"lazy\"\/><div class=\"uagb-effect-default uagb-modal-popup uagb-block-3af4804d uagb-modal-type-undefined\"><div class=\"uagb-modal-popup-wrap\"><div class=\"uagb-modal-popup-content\">\n<div class=\"wp-block-uagb-info-box uagb-block-bbc2a27d uagb-infobox__content-wrap  uagb-infobox-icon-above-title uagb-infobox-image-valign-top\"><div class=\"uagb-ifb-content\"><div class=\"uagb-ifb-icon-wrap\"><svg xmlns=\"https:\/\/www.w3.org\/2000\/svg\" viewBox=\"0 0 640 512\"><path d=\"M95.1 64C95.1 28.65 124.7 0 159.1 0C195.3 0 223.1 28.65 223.1 64C223.1 99.35 195.3 128 159.1 128C124.7 128 95.1 99.35 95.1 64zM88 480V400H70.2C59.28 400 51.57 389.3 55.02 378.9L86.16 285.5L57.5 323.3C46.82 337.4 26.75 340.2 12.67 329.5C-1.415 318.8-4.175 298.7 6.503 284.7L65.4 206.1C87.84 177.4 122.9 160 160 160C197.2 160 232.2 177.4 254.6 206.1L313.5 284.7C324.2 298.7 321.4 318.8 307.3 329.5C293.3 340.2 273.2 337.4 262.5 323.3L233.9 285.6L264.1 378.9C268.4 389.3 260.7 400 249.8 400H232V480C232 497.7 217.7 512 200 512C182.3 512 168 497.7 168 480V400H152V480C152 497.7 137.7 512 120 512C102.3 512 88 497.7 88 480H88zM416 64C416 28.65 444.7 0 480 0C515.3 0 544 28.65 544 64C544 99.35 515.3 128 480 128C444.7 128 416 99.35 416 64V64zM472 384V480C472 497.7 457.7 512 440 512C422.3 512 408 497.7 408 480V300.5L395.1 321C385.7 336 365.9 340.5 350.1 331.1C336 321.7 331.5 301.9 340.9 286.1L392.6 204.9C410.2 176.9 440.9 159.1 473.8 159.1H486.2C519.2 159.1 549.8 176.9 567.4 204.9L619.1 286.1C628.5 301.9 624 321.7 609 331.1C594.1 340.5 574.3 336 564.9 321L552 300.5V480C552 497.7 537.7 512 520 512C502.3 512 488 497.7 488 480V384L472 384z\"><\/path><\/svg><\/div><div class=\"uagb-ifb-title-wrap\"><h3 class=\"uagb-ifb-title-prefix\">Ateliers scolaires<\/h3><h5 class=\"uagb-ifb-title\">\u23f0 9h &#8211; 17h |\ud83d\udccdSalle Marie-de-Beaucaire<\/h5><\/div><p class=\"uagb-ifb-desc\">Accueil des \u00e9tablissements scolaires de l\u2019agglom\u00e9ration, en partenariat avec Escale P\u00eache. Prenez contact avec nous pour en savoir plus !<\/p><div class=\"uagb-ifb-button-wrapper wp-block-button\"><a href=\"https:\/\/festivalduplancton.fr\/index.php\/contact\/\" class=\"uagb-infobox-cta-link wp-block-button__link\" target=\"_blank\" rel=\"noopener noreferrer\" onclick=\"return true;\"><span class=\"uagb-inline-editing\">Prendre contact<\/span><\/a><\/div><\/div><\/div>\n<\/div><button class=\"uagb-modal-popup-close\" aria-label=\"Close Modal\"><svg xmlns=\"https:\/\/www.w3.org\/2000\/svg\" viewBox=\"0 0 320 512\"><path d=\"M310.6 361.4c12.5 12.5 12.5 32.75 0 45.25C304.4 412.9 296.2 416 288 416s-16.38-3.125-22.62-9.375L160 301.3L54.63 406.6C48.38 412.9 40.19 416 32 416S15.63 412.9 9.375 406.6c-12.5-12.5-12.5-32.75 0-45.25l105.4-105.4L9.375 150.6c-12.5-12.5-12.5-32.75 0-45.25s32.75-12.5 45.25 0L160 210.8l105.4-105.4c12.5-12.5 32.75-12.5 45.25 0s12.5 32.75 0 45.25l-105.4 105.4L310.6 361.4z\"><\/path><\/svg><\/button><\/div><\/div><\/div>\n<\/div>\n\n\n\n<div class=\"wp-block-column is-layout-flow wp-block-column-is-layout-flow\">\n<div class=\"wp-block-uagb-modal uagb-block-63737672 uagb-modal-wrapper zoom-image\" data-escpress=\"enable\" data-overlayclick=\"enable\"><img decoding=\"async\" src=\"http:\/\/festivalduplancton.fr\/wp-content\/uploads\/2025\/04\/Festival-du-Plancton-Soiree-dexploration-1.png\" alt=\"\" class=\"uagb-modal-trigger\" width=\"4000\" height=\"3000\" loading=\"lazy\"\/><div class=\"uagb-effect-default uagb-modal-popup uagb-block-63737672 uagb-modal-type-undefined\"><div class=\"uagb-modal-popup-wrap\"><div class=\"uagb-modal-popup-content\">\n<div class=\"wp-block-uagb-info-box uagb-block-8e627c3a uagb-infobox__content-wrap  uagb-infobox-icon-above-title uagb-infobox-image-valign-top\"><div class=\"uagb-ifb-content\"><div class=\"uagb-ifb-icon-wrap\"><svg xmlns=\"https:\/\/www.w3.org\/2000\/svg\" viewBox=\"0 0 512 512\"><path d=\"M511.1 367.1c0 44.18-42.98 80-95.1 80s-95.1-35.82-95.1-79.1c0-44.18 42.98-79.1 95.1-79.1c11.28 0 21.95 1.92 32.01 4.898V148.1L192 224l-.0023 208.1C191.1 476.2 149 512 95.1 512S0 476.2 0 432c0-44.18 42.98-79.1 95.1-79.1c11.28 0 21.95 1.92 32 4.898V126.5c0-12.97 10.06-26.63 22.41-30.52l319.1-94.49C472.1 .6615 477.3 0 480 0c17.66 0 31.97 14.34 32 31.99L511.1 367.1z\"><\/path><\/svg><\/div><div class=\"uagb-ifb-title-wrap\"><h3 class=\"uagb-ifb-title-prefix\">Soir\u00e9e sur l&#8217;exploration<\/h3><h5 class=\"uagb-ifb-title\">\u23f0 20h |\ud83d\udccdCin\u00e9 Marine<\/h5><\/div><p class=\"uagb-ifb-desc\">L\u2019exploration oc\u00e9anique : pourquoi, comment et jusqu\u2019o\u00f9 ? Table ronde artistique avec Jean-Louis \u00c9tienne, Colomban de Vargas, Wilfried N\u2019Sond\u00e9 et Marie-Kell de Cannart.<\/p><div class=\"uagb-ifb-button-wrapper wp-block-button\"><a href=\"https:\/\/www.helloasso.com\/associations\/missions-citoyennes-oceanes\/evenements\/soiree-sur-l-exploration-marine\" class=\"uagb-infobox-cta-link wp-block-button__link\" target=\"_blank\" rel=\"noopener noreferrer\" onclick=\"return true;\"><span class=\"uagb-inline-editing\">Inscriptions (prix libre)<\/span><\/a><\/div><\/div><\/div>\n<\/div><button class=\"uagb-modal-popup-close\" aria-label=\"Close Modal\"><svg xmlns=\"https:\/\/www.w3.org\/2000\/svg\" viewBox=\"0 0 320 512\"><path d=\"M310.6 361.4c12.5 12.5 12.5 32.75 0 45.25C304.4 412.9 296.2 416 288 416s-16.38-3.125-22.62-9.375L160 301.3L54.63 406.6C48.38 412.9 40.19 416 32 416S15.63 412.9 9.375 406.6c-12.5-12.5-12.5-32.75 0-45.25l105.4-105.4L9.375 150.6c-12.5-12.5-12.5-32.75 0-45.25s32.75-12.5 45.25 0L160 210.8l105.4-105.4c12.5-12.5 32.75-12.5 45.25 0s12.5 32.75 0 45.25l-105.4 105.4L310.6 361.4z\"><\/path><\/svg><\/button><\/div><\/div><\/div>\n<\/div>\n\n\n\n<div class=\"wp-block-column is-layout-flow wp-block-column-is-layout-flow\">\n<p><\/p>\n<\/div>\n<\/div>\n<\/div>\n\n\n\n<div class=\"wp-block-uagb-tabs-child uagb-tabs__body-container uagb-inner-tab-3 uag-hide-desktop uag-hide-tab\" aria-labelledby=\"uagb-tabs__tab3\">\n<div class=\"wp-block-columns is-layout-flex wp-container-core-columns-is-layout-8351d469 wp-block-columns-is-layout-flex\" style=\"margin-bottom:var(--wp--preset--spacing--50)\">\n<div class=\"wp-block-column is-layout-flow wp-block-column-is-layout-flow\">\n<div class=\"wp-block-uagb-modal uagb-block-96f7a163 uagb-modal-wrapper zoom-image\" data-escpress=\"enable\" data-overlayclick=\"enable\"><img decoding=\"async\" src=\"http:\/\/festivalduplancton.fr\/wp-content\/uploads\/2025\/04\/Festival-du-Plancton-Ateliers-scientifiques-scaled.jpg\" alt=\"Festival du Plancton - Ateliers scientifiques\" class=\"uagb-modal-trigger\" width=\"2560\" height=\"1920\" loading=\"lazy\"\/><div class=\"uagb-effect-default uagb-modal-popup uagb-block-96f7a163 uagb-modal-type-undefined\"><div class=\"uagb-modal-popup-wrap\"><div class=\"uagb-modal-popup-content\">\n<div class=\"wp-block-uagb-info-box uagb-block-164882bf uagb-infobox__content-wrap  uagb-infobox-icon-above-title uagb-infobox-image-valign-top\"><div class=\"uagb-ifb-content\"><div class=\"uagb-ifb-icon-wrap\"><svg xmlns=\"https:\/\/www.w3.org\/2000\/svg\" viewBox=\"0 0 512 512\"><path d=\"M500.3 443.7l-119.7-119.7c27.22-40.41 40.65-90.9 33.46-144.7C401.8 87.79 326.8 13.32 235.2 1.723C99.01-15.51-15.51 99.01 1.724 235.2c11.6 91.64 86.08 166.7 177.6 178.9c53.8 7.189 104.3-6.236 144.7-33.46l119.7 119.7c15.62 15.62 40.95 15.62 56.57 0C515.9 484.7 515.9 459.3 500.3 443.7zM79.1 208c0-70.58 57.42-128 128-128s128 57.42 128 128c0 70.58-57.42 128-128 128S79.1 278.6 79.1 208z\"><\/path><\/svg><\/div><div class=\"uagb-ifb-title-wrap\"><h3 class=\"uagb-ifb-title-prefix\">Ateliers scientifiques<\/h3><h5 class=\"uagb-ifb-title\">\u23f0 10h &#8211; 18h |\ud83d\udccdSalle Marie-de-Beaucaire<\/h5><\/div><p class=\"uagb-ifb-desc\">Par groupe de 10 personnes, partez \u00e0 la d\u00e9couverte du plancton sous forme d\u2019ateliers encadr\u00e9s par un scientifique de l\u2019\u00e9quipe.<\/p><div class=\"uagb-ifb-button-wrapper wp-block-button\"><a href=\"https:\/\/www.helloasso.com\/associations\/missions-citoyennes-oceanes\/evenements\/ateliers-scientifiques-samedi-21-juin\" class=\"uagb-infobox-cta-link wp-block-button__link\" target=\"_blank\" rel=\"noopener noreferrer\" onclick=\"return true;\"><span class=\"uagb-inline-editing\">Inscriptions (prix libre)<\/span><\/a><\/div><\/div><\/div>\n<\/div><button class=\"uagb-modal-popup-close\" aria-label=\"Close Modal\"><svg xmlns=\"https:\/\/www.w3.org\/2000\/svg\" viewBox=\"0 0 320 512\"><path d=\"M310.6 361.4c12.5 12.5 12.5 32.75 0 45.25C304.4 412.9 296.2 416 288 416s-16.38-3.125-22.62-9.375L160 301.3L54.63 406.6C48.38 412.9 40.19 416 32 416S15.63 412.9 9.375 406.6c-12.5-12.5-12.5-32.75 0-45.25l105.4-105.4L9.375 150.6c-12.5-12.5-12.5-32.75 0-45.25s32.75-12.5 45.25 0L160 210.8l105.4-105.4c12.5-12.5 32.75-12.5 45.25 0s12.5 32.75 0 45.25l-105.4 105.4L310.6 361.4z\"><\/path><\/svg><\/button><\/div><\/div><\/div>\n<\/div>\n\n\n\n<div class=\"wp-block-column is-layout-flow wp-block-column-is-layout-flow\">\n<div class=\"wp-block-uagb-modal uagb-block-85e37154 uagb-modal-wrapper zoom-image\" data-escpress=\"enable\" data-overlayclick=\"enable\"><img decoding=\"async\" src=\"http:\/\/festivalduplancton.fr\/wp-content\/uploads\/2025\/04\/Festival-du-Plancton-Atelier-artistique-1-scaled.jpg\" alt=\"Festival du Plancton - Atelier artistique\" class=\"uagb-modal-trigger\" width=\"2560\" height=\"1920\" loading=\"lazy\"\/><div class=\"uagb-effect-default uagb-modal-popup uagb-block-85e37154 uagb-modal-type-undefined\"><div class=\"uagb-modal-popup-wrap\"><div class=\"uagb-modal-popup-content\">\n<div class=\"wp-block-uagb-info-box uagb-block-94924b05 uagb-infobox__content-wrap  uagb-infobox-icon-above-title uagb-infobox-image-valign-top\"><div class=\"uagb-ifb-content\"><div class=\"uagb-ifb-icon-wrap\"><svg xmlns=\"https:\/\/www.w3.org\/2000\/svg\" viewBox=\"0 0 576 512\"><path d=\"M224 263.3C224.2 233.3 238.4 205.2 262.4 187.2L499.1 9.605C517.7-4.353 543.6-2.965 560.7 12.9C577.7 28.76 580.8 54.54 568.2 74.07L406.5 324.1C391.3 347.7 366.6 363.2 339.3 367.1L224 263.3zM320 400C320 461.9 269.9 512 208 512H64C46.33 512 32 497.7 32 480C32 462.3 46.33 448 64 448H68.81C86.44 448 98.4 429.1 96.59 411.6C96.2 407.8 96 403.9 96 400C96 339.6 143.9 290.3 203.7 288.1L319.8 392.5C319.9 394.1 320 397.5 320 400V400z\"><\/path><\/svg><\/div><div class=\"uagb-ifb-title-wrap\"><h3 class=\"uagb-ifb-title-prefix\">Atelier artistique<\/h3><h5 class=\"uagb-ifb-title\">\u23f0 10h |\ud83d\udccdSalle Marie-de-Beaucaire<\/h5><\/div><p class=\"uagb-ifb-desc\">Informations \u00e0 venir.<\/p><div class=\"uagb-ifb-button-wrapper wp-block-button\"><a href=\"https:\/\/www.helloasso.com\/associations\/missions-citoyennes-oceanes\/evenements\/atelier-gravure-sur-bois-avec-marine-duval\" class=\"uagb-infobox-cta-link wp-block-button__link\" target=\"_blank\" rel=\"noopener noreferrer\" onclick=\"return true;\"><span class=\"uagb-inline-editing\">Inscriptions (prix libre)<\/span><\/a><\/div><\/div><\/div>\n<\/div><button class=\"uagb-modal-popup-close\" aria-label=\"Close Modal\"><svg xmlns=\"https:\/\/www.w3.org\/2000\/svg\" viewBox=\"0 0 320 512\"><path d=\"M310.6 361.4c12.5 12.5 12.5 32.75 0 45.25C304.4 412.9 296.2 416 288 416s-16.38-3.125-22.62-9.375L160 301.3L54.63 406.6C48.38 412.9 40.19 416 32 416S15.63 412.9 9.375 406.6c-12.5-12.5-12.5-32.75 0-45.25l105.4-105.4L9.375 150.6c-12.5-12.5-12.5-32.75 0-45.25s32.75-12.5 45.25 0L160 210.8l105.4-105.4c12.5-12.5 32.75-12.5 45.25 0s12.5 32.75 0 45.25l-105.4 105.4L310.6 361.4z\"><\/path><\/svg><\/button><\/div><\/div><\/div>\n<\/div>\n\n\n\n<div class=\"wp-block-column is-layout-flow wp-block-column-is-layout-flow\">\n<div class=\"wp-block-uagb-modal uagb-block-5449a3ae uagb-modal-wrapper zoom-image\" data-escpress=\"enable\" data-overlayclick=\"enable\"><img decoding=\"async\" src=\"http:\/\/festivalduplancton.fr\/wp-content\/uploads\/2025\/04\/Festival-du-Plancton-Dedicaces-Christian-Sardet-scaled.jpg\" alt=\"Festival du Plancton - D\u00e9dicaces Christian Sardet\" class=\"uagb-modal-trigger\" width=\"2560\" height=\"1920\" loading=\"lazy\"\/><div class=\"uagb-effect-default uagb-modal-popup uagb-block-5449a3ae uagb-modal-type-undefined\"><div class=\"uagb-modal-popup-wrap\"><div class=\"uagb-modal-popup-content\">\n<div class=\"wp-block-uagb-info-box uagb-block-2156b3fa uagb-infobox__content-wrap  uagb-infobox-icon-above-title uagb-infobox-image-valign-top\"><div class=\"uagb-ifb-content\"><div class=\"uagb-ifb-icon-wrap\"><svg xmlns=\"https:\/\/www.w3.org\/2000\/svg\" viewBox=\"0 0 448 512\"><path d=\"M448 336v-288C448 21.49 426.5 0 400 0H352v191.1c0 13.41-15.52 20.88-25.1 12.49L272 160L217.1 204.5C207.5 212.8 192 205.4 192 191.1V0H96C42.98 0 0 42.98 0 96v320c0 53.02 42.98 96 96 96h320c17.67 0 32-14.33 32-32c0-11.72-6.607-21.52-16-27.1v-81.36C441.8 362.8 448 350.2 448 336zM384 448H96c-17.67 0-32-14.33-32-32c0-17.67 14.33-32 32-32h288V448z\"><\/path><\/svg><\/div><div class=\"uagb-ifb-title-wrap\"><h3 class=\"uagb-ifb-title-prefix\">D\u00e9dicaces<\/h3><h5 class=\"uagb-ifb-title\">\u23f0 14h30 |\ud83d\udccdSalle Marie-de-Beaucaire<\/h5><\/div><p class=\"uagb-ifb-desc\">Rencontres et d\u00e9dicaces avec les auteurs Christian Sardet et Wilfried N\u2019Sond\u00e9.<\/p><div class=\"uagb-ifb-button-wrapper wp-block-button\"><a href=\"#\" class=\"uagb-infobox-cta-link wp-block-button__link\" target=\"_blank\" rel=\"noopener noreferrer\" onclick=\"return false;\"><span class=\"uagb-inline-editing\">Pas d&#8217;inscriptions (entr\u00e9e libre)<\/span><\/a><\/div><\/div><\/div>\n<\/div><button class=\"uagb-modal-popup-close\" aria-label=\"Close Modal\"><svg xmlns=\"https:\/\/www.w3.org\/2000\/svg\" viewBox=\"0 0 320 512\"><path d=\"M310.6 361.4c12.5 12.5 12.5 32.75 0 45.25C304.4 412.9 296.2 416 288 416s-16.38-3.125-22.62-9.375L160 301.3L54.63 406.6C48.38 412.9 40.19 416 32 416S15.63 412.9 9.375 406.6c-12.5-12.5-12.5-32.75 0-45.25l105.4-105.4L9.375 150.6c-12.5-12.5-12.5-32.75 0-45.25s32.75-12.5 45.25 0L160 210.8l105.4-105.4c12.5-12.5 32.75-12.5 45.25 0s12.5 32.75 0 45.25l-105.4 105.4L310.6 361.4z\"><\/path><\/svg><\/button><\/div><\/div><\/div>\n<\/div>\n<\/div>\n\n\n\n<div style=\"height:15px\" aria-hidden=\"true\" class=\"wp-block-spacer uag-hide-desktop uag-hide-tab\"><\/div>\n\n\n\n<div class=\"wp-block-columns is-layout-flex wp-container-core-columns-is-layout-28f84493 wp-block-columns-is-layout-flex\">\n<div class=\"wp-block-column is-layout-flow wp-block-column-is-layout-flow\">\n<div class=\"wp-block-uagb-modal uagb-block-249e504c uagb-modal-wrapper zoom-image\" data-escpress=\"enable\" data-overlayclick=\"enable\"><img decoding=\"async\" src=\"http:\/\/festivalduplancton.fr\/wp-content\/uploads\/2025\/04\/Festival-du-Plancton-Photographier-le-plancton-1-scaled.jpg\" alt=\"Festival du Plancton - Photographier le plancton\" class=\"uagb-modal-trigger\" width=\"2560\" height=\"1920\" loading=\"lazy\"\/><div class=\"uagb-effect-default uagb-modal-popup uagb-block-249e504c uagb-modal-type-undefined\"><div class=\"uagb-modal-popup-wrap\"><div class=\"uagb-modal-popup-content\">\n<div class=\"wp-block-uagb-info-box uagb-block-0774b965 uagb-infobox__content-wrap  uagb-infobox-icon-above-title uagb-infobox-image-valign-top\"><div class=\"uagb-ifb-content\"><div class=\"uagb-ifb-icon-wrap\"><svg xmlns=\"https:\/\/www.w3.org\/2000\/svg\" viewBox=\"0 0 512 512\"><path d=\"M194.6 32H317.4C338.1 32 356.4 45.22 362.9 64.82L373.3 96H448C483.3 96 512 124.7 512 160V416C512 451.3 483.3 480 448 480H64C28.65 480 0 451.3 0 416V160C0 124.7 28.65 96 64 96H138.7L149.1 64.82C155.6 45.22 173.9 32 194.6 32H194.6zM256 384C309 384 352 341 352 288C352 234.1 309 192 256 192C202.1 192 160 234.1 160 288C160 341 202.1 384 256 384z\"><\/path><\/svg><\/div><div class=\"uagb-ifb-title-wrap\"><h3 class=\"uagb-ifb-title-prefix\">Photographier le plancton<\/h3><h5 class=\"uagb-ifb-title\">\u23f0 16h |\ud83d\udccdSalle Marie-de-Beaucaire<\/h5><\/div><p class=\"uagb-ifb-desc\">Informations \u00e0 venir.<\/p><div class=\"uagb-ifb-button-wrapper wp-block-button\"><a href=\"https:\/\/www.helloasso.com\/associations\/missions-citoyennes-oceanes\/evenements\/atelier-photographier-le-plancton-avec-noe-sardet-et-sharif-mirshak\" class=\"uagb-infobox-cta-link wp-block-button__link\" target=\"_blank\" rel=\"noopener noreferrer\" onclick=\"return true;\"><span class=\"uagb-inline-editing\">Inscriptions (prix libre)<\/span><\/a><\/div><\/div><\/div>\n<\/div><button class=\"uagb-modal-popup-close\" aria-label=\"Close Modal\"><svg xmlns=\"https:\/\/www.w3.org\/2000\/svg\" viewBox=\"0 0 320 512\"><path d=\"M310.6 361.4c12.5 12.5 12.5 32.75 0 45.25C304.4 412.9 296.2 416 288 416s-16.38-3.125-22.62-9.375L160 301.3L54.63 406.6C48.38 412.9 40.19 416 32 416S15.63 412.9 9.375 406.6c-12.5-12.5-12.5-32.75 0-45.25l105.4-105.4L9.375 150.6c-12.5-12.5-12.5-32.75 0-45.25s32.75-12.5 45.25 0L160 210.8l105.4-105.4c12.5-12.5 32.75-12.5 45.25 0s12.5 32.75 0 45.25l-105.4 105.4L310.6 361.4z\"><\/path><\/svg><\/button><\/div><\/div><\/div>\n<\/div>\n\n\n\n<div class=\"wp-block-column is-layout-flow wp-block-column-is-layout-flow\">\n<div class=\"wp-block-uagb-modal uagb-block-2b2b73b8 uagb-modal-wrapper zoom-image\" data-escpress=\"enable\" data-overlayclick=\"enable\"><img decoding=\"async\" src=\"http:\/\/festivalduplancton.fr\/wp-content\/uploads\/2025\/05\/Festival-du-Plancton-Pitch-ta-these.png\" alt=\"\" class=\"uagb-modal-trigger\" width=\"2000\" height=\"1500\" loading=\"lazy\"\/><div class=\"uagb-effect-default uagb-modal-popup uagb-block-2b2b73b8 uagb-modal-type-undefined\"><div class=\"uagb-modal-popup-wrap\"><div class=\"uagb-modal-popup-content\">\n<div class=\"wp-block-uagb-info-box uagb-block-ceb447c1 uagb-infobox__content-wrap  uagb-infobox-icon-above-title uagb-infobox-image-valign-top\"><div class=\"uagb-ifb-content\"><div class=\"uagb-ifb-icon-wrap\"><svg xmlns=\"https:\/\/www.w3.org\/2000\/svg\" viewBox=\"0 0 512 512\"><path d=\"M45.63 79.75L52 81.25v58.5C45 143.9 40 151.3 40 160c0 8.375 4.625 15.38 11.12 19.75L35.5 242C33.75 248.9 37.63 256 43.13 256h41.75c5.5 0 9.375-7.125 7.625-13.1L76.88 179.8C83.38 175.4 88 168.4 88 160c0-8.75-5-16.12-12-20.25V87.13L128 99.63l.001 60.37c0 70.75 57.25 128 128 128s127.1-57.25 127.1-128L384 99.62l82.25-19.87c18.25-4.375 18.25-27 0-31.5l-190.4-46c-13-3-26.62-3-39.63 0l-190.6 46C27.5 52.63 27.5 75.38 45.63 79.75zM359.2 312.8l-103.2 103.2l-103.2-103.2c-69.93 22.3-120.8 87.2-120.8 164.5C32 496.5 47.53 512 66.67 512h378.7C464.5 512 480 496.5 480 477.3C480 400 429.1 335.1 359.2 312.8z\"><\/path><\/svg><\/div><div class=\"uagb-ifb-title-wrap\"><h3 class=\"uagb-ifb-title-prefix\">Rencontre chercheurs<\/h3><h5 class=\"uagb-ifb-title\">\u23f0 17h30 |\ud83d\udccdSalle Marie-de-Beaucaire<\/h5><\/div><p class=\"uagb-ifb-desc\">Rencontre entre des jeunes chercheurs sur le front de la connaissance du plancton et le public, anim\u00e9e par Colomban de Vargas<br><br>Ouvert \u00e0 tout public &#8211; Entr\u00e9e libre<\/p><div class=\"uagb-ifb-button-wrapper wp-block-button\"><a href=\"https:\/\/www.helloasso.com\/associations\/missions-citoyennes-oceanes\/evenements\/inscriptions-des-doctorants\" class=\"uagb-infobox-cta-link wp-block-button__link\" target=\"_blank\" rel=\"noopener noreferrer\" onclick=\"return true;\"><span class=\"uagb-inline-editing\">Inscription des doctorants <\/span><\/a><\/div><\/div><\/div>\n<\/div><button class=\"uagb-modal-popup-close\" aria-label=\"Close Modal\"><svg xmlns=\"https:\/\/www.w3.org\/2000\/svg\" viewBox=\"0 0 320 512\"><path d=\"M310.6 361.4c12.5 12.5 12.5 32.75 0 45.25C304.4 412.9 296.2 416 288 416s-16.38-3.125-22.62-9.375L160 301.3L54.63 406.6C48.38 412.9 40.19 416 32 416S15.63 412.9 9.375 406.6c-12.5-12.5-12.5-32.75 0-45.25l105.4-105.4L9.375 150.6c-12.5-12.5-12.5-32.75 0-45.25s32.75-12.5 45.25 0L160 210.8l105.4-105.4c12.5-12.5 32.75-12.5 45.25 0s12.5 32.75 0 45.25l-105.4 105.4L310.6 361.4z\"><\/path><\/svg><\/button><\/div><\/div><\/div>\n<\/div>\n\n\n\n<div class=\"wp-block-column is-layout-flow wp-block-column-is-layout-flow\">\n<div class=\"wp-block-uagb-modal uagb-block-8efcd5c2 uagb-modal-wrapper zoom-image\" data-escpress=\"enable\" data-overlayclick=\"enable\"><img decoding=\"async\" src=\"http:\/\/festivalduplancton.fr\/wp-content\/uploads\/2025\/06\/Festival-du-Plancton-Concert-en-live.jpg\" alt=\"Festival du Plancton - Concert en live\" class=\"uagb-modal-trigger\" width=\"2000\" height=\"1500\" loading=\"lazy\"\/><div class=\"uagb-effect-default uagb-modal-popup uagb-block-8efcd5c2 uagb-modal-type-undefined\"><div class=\"uagb-modal-popup-wrap\"><div class=\"uagb-modal-popup-content\">\n<div class=\"wp-block-uagb-info-box uagb-block-b9d8a1a7 uagb-infobox__content-wrap  uagb-infobox-icon-above-title uagb-infobox-image-valign-top\"><div class=\"uagb-ifb-content\"><div class=\"uagb-ifb-icon-wrap\"><svg xmlns=\"https:\/\/www.w3.org\/2000\/svg\" viewBox=\"0 0 512 512\"><path d=\"M511.1 367.1c0 44.18-42.98 80-95.1 80s-95.1-35.82-95.1-79.1c0-44.18 42.98-79.1 95.1-79.1c11.28 0 21.95 1.92 32.01 4.898V148.1L192 224l-.0023 208.1C191.1 476.2 149 512 95.1 512S0 476.2 0 432c0-44.18 42.98-79.1 95.1-79.1c11.28 0 21.95 1.92 32 4.898V126.5c0-12.97 10.06-26.63 22.41-30.52l319.1-94.49C472.1 .6615 477.3 0 480 0c17.66 0 31.97 14.34 32 31.99L511.1 367.1z\"><\/path><\/svg><\/div><div class=\"uagb-ifb-title-wrap\"><h3 class=\"uagb-ifb-title-prefix\">Concert en live <\/h3><h5 class=\"uagb-ifb-title\">\u23f0 20h |\ud83d\udccdSalle Marie-de-Beaucaire<\/h5><\/div><p class=\"uagb-ifb-desc\">Quatres groupes se succ\u00e8deront sur la sc\u00e8ne du festival : des polyphonies marines, de l\u2019accord\u00e9on, de la funk pop et du rock \u2019n\u2019 roll !<\/p><div class=\"uagb-ifb-button-wrapper wp-block-button\"><a href=\"#\" class=\"uagb-infobox-cta-link wp-block-button__link\" target=\"_self\" rel=\"noopener noreferrer\" onclick=\"return false;\"><span class=\"uagb-inline-editing\">Pas d&#8217;inscriptions (entr\u00e9e libre)<\/span><\/a><\/div><\/div><\/div>\n<\/div><button class=\"uagb-modal-popup-close\" aria-label=\"Close Modal\"><svg xmlns=\"https:\/\/www.w3.org\/2000\/svg\" viewBox=\"0 0 320 512\"><path d=\"M310.6 361.4c12.5 12.5 12.5 32.75 0 45.25C304.4 412.9 296.2 416 288 416s-16.38-3.125-22.62-9.375L160 301.3L54.63 406.6C48.38 412.9 40.19 416 32 416S15.63 412.9 9.375 406.6c-12.5-12.5-12.5-32.75 0-45.25l105.4-105.4L9.375 150.6c-12.5-12.5-12.5-32.75 0-45.25s32.75-12.5 45.25 0L160 210.8l105.4-105.4c12.5-12.5 32.75-12.5 45.25 0s12.5 32.75 0 45.25l-105.4 105.4L310.6 361.4z\"><\/path><\/svg><\/button><\/div><\/div><\/div>\n<\/div>\n<\/div>\n<\/div>\n\n\n\n<div class=\"wp-block-uagb-tabs-child uagb-tabs__body-container uagb-inner-tab-4 uag-hide-desktop uag-hide-tab\" aria-labelledby=\"uagb-tabs__tab4\">\n<div class=\"wp-block-columns is-layout-flex wp-container-core-columns-is-layout-8351d469 wp-block-columns-is-layout-flex\" style=\"margin-bottom:var(--wp--preset--spacing--50)\">\n<div class=\"wp-block-column is-layout-flow wp-block-column-is-layout-flow\">\n<div class=\"wp-block-uagb-modal uagb-block-4acef4a7 uagb-modal-wrapper zoom-image\" data-escpress=\"enable\" data-overlayclick=\"enable\"><img decoding=\"async\" src=\"http:\/\/festivalduplancton.fr\/wp-content\/uploads\/2025\/04\/Festival-du-Plancton-Ateliers-scientifiques-2-scaled.jpg\" alt=\"Festival du Plancton - Ateliers scientifiques 2\" class=\"uagb-modal-trigger\" width=\"2560\" height=\"1920\" loading=\"lazy\"\/><div class=\"uagb-effect-default uagb-modal-popup uagb-block-4acef4a7 uagb-modal-type-undefined\"><div class=\"uagb-modal-popup-wrap\"><div class=\"uagb-modal-popup-content\">\n<div class=\"wp-block-uagb-info-box uagb-block-88c5b3a8 uagb-infobox__content-wrap  uagb-infobox-icon-above-title uagb-infobox-image-valign-top\"><div class=\"uagb-ifb-content\"><div class=\"uagb-ifb-icon-wrap\"><svg xmlns=\"https:\/\/www.w3.org\/2000\/svg\" viewBox=\"0 0 512 512\"><path d=\"M500.3 443.7l-119.7-119.7c27.22-40.41 40.65-90.9 33.46-144.7C401.8 87.79 326.8 13.32 235.2 1.723C99.01-15.51-15.51 99.01 1.724 235.2c11.6 91.64 86.08 166.7 177.6 178.9c53.8 7.189 104.3-6.236 144.7-33.46l119.7 119.7c15.62 15.62 40.95 15.62 56.57 0C515.9 484.7 515.9 459.3 500.3 443.7zM79.1 208c0-70.58 57.42-128 128-128s128 57.42 128 128c0 70.58-57.42 128-128 128S79.1 278.6 79.1 208z\"><\/path><\/svg><\/div><div class=\"uagb-ifb-title-wrap\"><h3 class=\"uagb-ifb-title-prefix\">Ateliers scientifiques<\/h3><h5 class=\"uagb-ifb-title\">\u23f0 10h &#8211; 15h30 |\ud83d\udccdSalle Marie-de-Beaucaire<\/h5><\/div><p class=\"uagb-ifb-desc\">Par groupe de 10 personnes, partez \u00e0 la d\u00e9couverte du plancton sous forme d\u2019ateliers encadr\u00e9s par un scientifique de l\u2019\u00e9quipe.<\/p><div class=\"uagb-ifb-button-wrapper wp-block-button\"><a href=\"https:\/\/www.helloasso.com\/associations\/missions-citoyennes-oceanes\/evenements\/ateliers-scientifiques-samedi-21-juin\" class=\"uagb-infobox-cta-link wp-block-button__link\" target=\"_blank\" rel=\"noopener noreferrer\" onclick=\"return true;\"><span class=\"uagb-inline-editing\">Inscriptions (prix libre)<\/span><\/a><\/div><\/div><\/div>\n<\/div><button class=\"uagb-modal-popup-close\" aria-label=\"Close Modal\"><svg xmlns=\"https:\/\/www.w3.org\/2000\/svg\" viewBox=\"0 0 320 512\"><path d=\"M310.6 361.4c12.5 12.5 12.5 32.75 0 45.25C304.4 412.9 296.2 416 288 416s-16.38-3.125-22.62-9.375L160 301.3L54.63 406.6C48.38 412.9 40.19 416 32 416S15.63 412.9 9.375 406.6c-12.5-12.5-12.5-32.75 0-45.25l105.4-105.4L9.375 150.6c-12.5-12.5-12.5-32.75 0-45.25s32.75-12.5 45.25 0L160 210.8l105.4-105.4c12.5-12.5 32.75-12.5 45.25 0s12.5 32.75 0 45.25l-105.4 105.4L310.6 361.4z\"><\/path><\/svg><\/button><\/div><\/div><\/div>\n<\/div>\n\n\n\n<div class=\"wp-block-column is-layout-flow wp-block-column-is-layout-flow\">\n<div class=\"wp-block-uagb-modal uagb-block-9a15bd4e uagb-modal-wrapper zoom-image\" data-escpress=\"enable\" data-overlayclick=\"enable\"><img decoding=\"async\" src=\"http:\/\/festivalduplancton.fr\/wp-content\/uploads\/2025\/04\/Festival-du-Plancton-Atelier-decriture-1.png\" alt=\"\" class=\"uagb-modal-trigger\" width=\"1920\" height=\"1440\" loading=\"lazy\"\/><div class=\"uagb-effect-default uagb-modal-popup uagb-block-9a15bd4e uagb-modal-type-undefined\"><div class=\"uagb-modal-popup-wrap\"><div class=\"uagb-modal-popup-content\">\n<div class=\"wp-block-uagb-info-box uagb-block-08bbf973 uagb-infobox__content-wrap  uagb-infobox-icon-above-title uagb-infobox-image-valign-top\"><div class=\"uagb-ifb-content\"><div class=\"uagb-ifb-icon-wrap\"><svg xmlns=\"https:\/\/www.w3.org\/2000\/svg\" viewBox=\"0 0 512 512\"><path d=\"M421.7 220.3L188.5 453.4L154.6 419.5L158.1 416H112C103.2 416 96 408.8 96 400V353.9L92.51 357.4C87.78 362.2 84.31 368 82.42 374.4L59.44 452.6L137.6 429.6C143.1 427.7 149.8 424.2 154.6 419.5L188.5 453.4C178.1 463.8 165.2 471.5 151.1 475.6L30.77 511C22.35 513.5 13.24 511.2 7.03 504.1C.8198 498.8-1.502 489.7 .976 481.2L36.37 360.9C40.53 346.8 48.16 333.9 58.57 323.5L291.7 90.34L421.7 220.3zM492.7 58.75C517.7 83.74 517.7 124.3 492.7 149.3L444.3 197.7L314.3 67.72L362.7 19.32C387.7-5.678 428.3-5.678 453.3 19.32L492.7 58.75z\"><\/path><\/svg><\/div><div class=\"uagb-ifb-title-wrap\"><h3 class=\"uagb-ifb-title-prefix\">Atelier d&#8217;\u00e9criture<\/h3><h5 class=\"uagb-ifb-title\">\u23f0 10h |\ud83d\udccdSalle Marie-de-Beaucaire<\/h5><\/div><p class=\"uagb-ifb-desc\"> Informations \u00e0 venir.&nbsp;<\/p><div class=\"uagb-ifb-button-wrapper wp-block-button\"><a href=\"https:\/\/www.helloasso.com\/associations\/missions-citoyennes-oceanes\/evenements\/atelier-d-ecriture-avec-wilfried-n-sonde\" class=\"uagb-infobox-cta-link wp-block-button__link\" target=\"_blank\" rel=\"noopener noreferrer\" onclick=\"return true;\"><span class=\"uagb-inline-editing\">Inscriptions (prix libre)<\/span><\/a><\/div><\/div><\/div>\n<\/div><button class=\"uagb-modal-popup-close\" aria-label=\"Close Modal\"><svg xmlns=\"https:\/\/www.w3.org\/2000\/svg\" viewBox=\"0 0 320 512\"><path d=\"M310.6 361.4c12.5 12.5 12.5 32.75 0 45.25C304.4 412.9 296.2 416 288 416s-16.38-3.125-22.62-9.375L160 301.3L54.63 406.6C48.38 412.9 40.19 416 32 416S15.63 412.9 9.375 406.6c-12.5-12.5-12.5-32.75 0-45.25l105.4-105.4L9.375 150.6c-12.5-12.5-12.5-32.75 0-45.25s32.75-12.5 45.25 0L160 210.8l105.4-105.4c12.5-12.5 32.75-12.5 45.25 0s12.5 32.75 0 45.25l-105.4 105.4L310.6 361.4z\"><\/path><\/svg><\/button><\/div><\/div><\/div>\n<\/div>\n\n\n\n<div class=\"wp-block-column is-layout-flow wp-block-column-is-layout-flow\">\n<div class=\"wp-block-uagb-modal uagb-block-231ddfbe uagb-modal-wrapper zoom-image\" data-escpress=\"enable\" data-overlayclick=\"enable\"><img decoding=\"async\" src=\"http:\/\/festivalduplancton.fr\/wp-content\/uploads\/2025\/04\/Festival-du-Plancton-Remise-des-prix-concours-Jeune-biologiste-scaled.jpg\" alt=\"Festival du Plancton - Remise des prix concours Jeune biologiste\" class=\"uagb-modal-trigger\" width=\"2560\" height=\"1920\" loading=\"lazy\"\/><div class=\"uagb-effect-default uagb-modal-popup uagb-block-231ddfbe uagb-modal-type-undefined\"><div class=\"uagb-modal-popup-wrap\"><div class=\"uagb-modal-popup-content\">\n<div class=\"wp-block-uagb-info-box uagb-block-48158380 uagb-infobox__content-wrap  uagb-infobox-icon-above-title uagb-infobox-image-valign-top\"><div class=\"uagb-ifb-content\"><div class=\"uagb-ifb-icon-wrap\"><svg xmlns=\"https:\/\/www.w3.org\/2000\/svg\" viewBox=\"0 0 512 512\"><path d=\"M223.7 130.8L149.1 7.77C147.1 2.949 141.9 0 136.3 0H16.03c-12.95 0-20.53 14.58-13.1 25.18l111.3 158.9C143.9 156.4 181.7 137.3 223.7 130.8zM256 160c-97.25 0-176 78.75-176 176S158.8 512 256 512s176-78.75 176-176S353.3 160 256 160zM348.5 317.3l-37.88 37l8.875 52.25c1.625 9.25-8.25 16.5-16.63 12l-46.88-24.62L209.1 418.5c-8.375 4.5-18.25-2.75-16.63-12l8.875-52.25l-37.88-37C156.6 310.6 160.5 299 169.9 297.6l52.38-7.625L245.7 242.5c2-4.25 6.125-6.375 10.25-6.375S264.2 238.3 266.2 242.5l23.5 47.5l52.38 7.625C351.6 299 355.4 310.6 348.5 317.3zM495.1 0H375.7c-5.621 0-10.83 2.949-13.72 7.77l-73.76 122.1c42 6.5 79.88 25.62 109.5 53.38l111.3-158.9C516.5 14.58 508.9 0 495.1 0z\"><\/path><\/svg><\/div><div class=\"uagb-ifb-title-wrap\"><h3 class=\"uagb-ifb-title-prefix\">Remise des prix du concours \u201cla p\u00eache au plancton\u201d <\/h3><h5 class=\"uagb-ifb-title\">\u23f0 16h30 |\ud83d\udccdSalle Marie-de-Beaucaire<\/h5><\/div><p class=\"uagb-ifb-desc\">De nombreux lots \u00e0 gagner.<\/p><div class=\"uagb-ifb-button-wrapper wp-block-button\"><a href=\"#concours\" class=\"uagb-infobox-cta-link wp-block-button__link\" target=\"_self\" rel=\"noopener noreferrer\" onclick=\"return true;\"><span class=\"uagb-inline-editing\">Participez au jeu concours<\/span><\/a><\/div><\/div><\/div>\n<\/div><button class=\"uagb-modal-popup-close\" aria-label=\"Close Modal\"><svg xmlns=\"https:\/\/www.w3.org\/2000\/svg\" viewBox=\"0 0 320 512\"><path d=\"M310.6 361.4c12.5 12.5 12.5 32.75 0 45.25C304.4 412.9 296.2 416 288 416s-16.38-3.125-22.62-9.375L160 301.3L54.63 406.6C48.38 412.9 40.19 416 32 416S15.63 412.9 9.375 406.6c-12.5-12.5-12.5-32.75 0-45.25l105.4-105.4L9.375 150.6c-12.5-12.5-12.5-32.75 0-45.25s32.75-12.5 45.25 0L160 210.8l105.4-105.4c12.5-12.5 32.75-12.5 45.25 0s12.5 32.75 0 45.25l-105.4 105.4L310.6 361.4z\"><\/path><\/svg><\/button><\/div><\/div><\/div>\n<\/div>\n<\/div>\n\n\n\n<div style=\"height:15px\" aria-hidden=\"true\" class=\"wp-block-spacer uag-hide-desktop uag-hide-tab\"><\/div>\n\n\n\n<div class=\"wp-block-columns is-layout-flex wp-container-core-columns-is-layout-1a3f87fd wp-block-columns-is-layout-flex\" style=\"margin-top:0;margin-bottom:0;padding-top:0;padding-bottom:0\">\n<div class=\"wp-block-column is-layout-flow wp-block-column-is-layout-flow\"><\/div>\n\n\n\n<div class=\"wp-block-column is-layout-flow wp-block-column-is-layout-flow\"><\/div>\n\n\n\n<div class=\"wp-block-column is-layout-flow wp-block-column-is-layout-flow\"><\/div>\n<\/div>\n<\/div>\n<\/div><\/div>\n\n\n\n<div style=\"height:50px\" aria-hidden=\"true\" class=\"wp-block-spacer\"><\/div>\n\n\n\n<div class=\"wp-block-buttons is-content-justification-center is-layout-flex wp-container-core-buttons-is-layout-a89b3969 wp-block-buttons-is-layout-flex\">\n<div class=\"wp-block-button\"><a class=\"wp-block-button__link wp-element-button\" href=\"http:\/\/festivalduplancton.fr\/wp-content\/uploads\/2025\/06\/Festival-du-Plancton-Detail-des-animations.pdf\" target=\"_blank\" rel=\"noreferrer noopener\">T\u00e9l\u00e9charger le programme 2025<\/a><\/div>\n<\/div>\n\n\n\n<div style=\"height:100px\" aria-hidden=\"true\" class=\"wp-block-spacer\"><\/div>\n\n\n\n<h2 class=\"wp-block-heading has-ast-global-color-7-color has-text-color has-link-color wp-elements-34be704a74fff5cef0547bb81625c8b6\">Les intervenants 2025<\/h2>\n\n\n\n<div class=\"wp-block-columns uag-hide-mob is-layout-flex wp-container-core-columns-is-layout-a84af439 wp-block-columns-is-layout-flex\" style=\"padding-top:0;padding-right:0;padding-bottom:15px;padding-left:0\">\n<div class=\"wp-block-column is-layout-flow wp-block-column-is-layout-flow\">\n<figure class=\"wp-block-image size-full has-custom-border\"><img loading=\"lazy\" decoding=\"async\" width=\"828\" height=\"828\" src=\"http:\/\/festivalduplancton.fr\/wp-content\/uploads\/2025\/03\/Plankton-Planet-Jean-Louis-Etienne.webp\" alt=\"Plankton Planet - Jean Louis Etienne\" class=\"has-border-color has-ast-global-color-1-border-color wp-image-267\" style=\"border-width:5px;border-radius:100px;aspect-ratio:1;object-fit:cover\" srcset=\"https:\/\/festivalduplancton.fr\/wp-content\/uploads\/2025\/03\/Plankton-Planet-Jean-Louis-Etienne.webp 828w, https:\/\/festivalduplancton.fr\/wp-content\/uploads\/2025\/03\/Plankton-Planet-Jean-Louis-Etienne-300x300.webp 300w, https:\/\/festivalduplancton.fr\/wp-content\/uploads\/2025\/03\/Plankton-Planet-Jean-Louis-Etienne-150x150.webp 150w, https:\/\/festivalduplancton.fr\/wp-content\/uploads\/2025\/03\/Plankton-Planet-Jean-Louis-Etienne-768x768.webp 768w\" sizes=\"auto, (max-width: 828px) 100vw, 828px\" \/><\/figure>\n\n\n\n<p class=\"has-text-align-center\"><strong>Jean-Louis Etienne<\/strong><\/p>\n\n\n\n<p class=\"has-text-align-center\">M\u00e9decin et explorateur polaire, parrain de l&#8217;\u00e9dition 2025 du Festival du Plancton<\/p>\n<\/div>\n\n\n\n<div class=\"wp-block-column is-layout-flow wp-block-column-is-layout-flow\">\n<figure class=\"wp-block-image size-full has-custom-border\"><img loading=\"lazy\" decoding=\"async\" width=\"800\" height=\"800\" src=\"http:\/\/festivalduplancton.fr\/wp-content\/uploads\/2025\/04\/Festival-du-Plancton-Isabelle-Autissier-e1743620856684.jpg\" alt=\"\" class=\"has-border-color has-ast-global-color-1-border-color wp-image-422\" style=\"border-width:5px;border-radius:100px;aspect-ratio:1;object-fit:cover\" srcset=\"https:\/\/festivalduplancton.fr\/wp-content\/uploads\/2025\/04\/Festival-du-Plancton-Isabelle-Autissier-e1743620856684.jpg 800w, https:\/\/festivalduplancton.fr\/wp-content\/uploads\/2025\/04\/Festival-du-Plancton-Isabelle-Autissier-e1743620856684-300x300.jpg 300w, https:\/\/festivalduplancton.fr\/wp-content\/uploads\/2025\/04\/Festival-du-Plancton-Isabelle-Autissier-e1743620856684-150x150.jpg 150w, https:\/\/festivalduplancton.fr\/wp-content\/uploads\/2025\/04\/Festival-du-Plancton-Isabelle-Autissier-e1743620856684-768x768.jpg 768w\" sizes=\"auto, (max-width: 800px) 100vw, 800px\" \/><\/figure>\n\n\n\n<p class=\"has-text-align-center\"><strong>Isabelle Autissier<\/strong><\/p>\n\n\n\n<p class=\"has-text-align-center\">Navigatrice, \u00e9crivaine et pr\u00e9sidente d\u2019honneur du WWF<\/p>\n<\/div>\n\n\n\n<div class=\"wp-block-column is-layout-flow wp-block-column-is-layout-flow\">\n<figure class=\"wp-block-image size-full has-custom-border\"><img loading=\"lazy\" decoding=\"async\" width=\"450\" height=\"387\" src=\"http:\/\/festivalduplancton.fr\/wp-content\/uploads\/2025\/03\/Plankton-Planet-Christian-Sardet.jpg\" alt=\"Plankton Planet - Christian Sardet\" class=\"has-border-color has-ast-global-color-1-border-color wp-image-265\" style=\"border-width:5px;border-radius:100px;aspect-ratio:1;object-fit:cover\" srcset=\"https:\/\/festivalduplancton.fr\/wp-content\/uploads\/2025\/03\/Plankton-Planet-Christian-Sardet.jpg 450w, https:\/\/festivalduplancton.fr\/wp-content\/uploads\/2025\/03\/Plankton-Planet-Christian-Sardet-300x258.jpg 300w\" sizes=\"auto, (max-width: 450px) 100vw, 450px\" \/><\/figure>\n\n\n\n<p class=\"has-text-align-center\"><strong>Christian Sardet<\/strong><\/p>\n\n\n\n<p class=\"has-text-align-center\">Biologiste, photographe et \u00e9crivain. Auteur des ouvrages <em>Plancton : Aux origines du vivant et Cellules : une histoire de la vie<\/em><\/p>\n<\/div>\n\n\n\n<div class=\"wp-block-column is-layout-flow wp-block-column-is-layout-flow\">\n<figure class=\"wp-block-image size-full has-custom-border\"><img loading=\"lazy\" decoding=\"async\" width=\"945\" height=\"845\" src=\"https:\/\/festivalduplancton.fr\/wp-content\/uploads\/2025\/04\/wilfried-1.jpg\" alt=\"\" class=\"has-border-color has-ast-global-color-1-border-color wp-image-870\" style=\"border-width:5px;border-radius:100px;aspect-ratio:1;object-fit:cover\" srcset=\"https:\/\/festivalduplancton.fr\/wp-content\/uploads\/2025\/04\/wilfried-1.jpg 945w, https:\/\/festivalduplancton.fr\/wp-content\/uploads\/2025\/04\/wilfried-1-300x268.jpg 300w, https:\/\/festivalduplancton.fr\/wp-content\/uploads\/2025\/04\/wilfried-1-768x687.jpg 768w\" sizes=\"auto, (max-width: 945px) 100vw, 945px\" \/><\/figure>\n\n\n\n<p class=\"has-text-align-center\"><strong>Wilfried N&#8217;Sond\u00e9<\/strong><\/p>\n\n\n\n<p class=\"has-text-align-center\">\u00c9crivain et chanteur, auteur de <em>Heliosph\u00e9ra, fille des abysses<\/em>, <em>d&#8217;amour et de plancton<\/em><\/p>\n<\/div>\n<\/div>\n\n\n\n<div style=\"height:25px\" aria-hidden=\"true\" class=\"wp-block-spacer\"><\/div>\n\n\n\n<div class=\"wp-block-columns uag-hide-mob is-layout-flex wp-container-core-columns-is-layout-a84af439 wp-block-columns-is-layout-flex\" style=\"padding-top:0;padding-right:0;padding-bottom:15px;padding-left:0\">\n<div class=\"wp-block-column is-layout-flow wp-block-column-is-layout-flow\">\n<figure class=\"wp-block-image size-full has-custom-border\"><img loading=\"lazy\" decoding=\"async\" width=\"800\" height=\"800\" src=\"http:\/\/festivalduplancton.fr\/wp-content\/uploads\/2025\/03\/Plankton-Planet-Colomban-de-Vargas.jpg\" alt=\"Plankton Planet - Colomban de Vargas\" class=\"has-border-color has-ast-global-color-1-border-color wp-image-266\" style=\"border-width:5px;border-radius:100px;aspect-ratio:1;object-fit:cover\" srcset=\"https:\/\/festivalduplancton.fr\/wp-content\/uploads\/2025\/03\/Plankton-Planet-Colomban-de-Vargas.jpg 800w, https:\/\/festivalduplancton.fr\/wp-content\/uploads\/2025\/03\/Plankton-Planet-Colomban-de-Vargas-300x300.jpg 300w, https:\/\/festivalduplancton.fr\/wp-content\/uploads\/2025\/03\/Plankton-Planet-Colomban-de-Vargas-150x150.jpg 150w, https:\/\/festivalduplancton.fr\/wp-content\/uploads\/2025\/03\/Plankton-Planet-Colomban-de-Vargas-768x768.jpg 768w\" sizes=\"auto, (max-width: 800px) 100vw, 800px\" \/><\/figure>\n\n\n\n<p class=\"has-text-align-center\"><strong>Colomban De Vargas<\/strong><\/p>\n\n\n\n<p class=\"has-text-align-center\">Directeur de recherche CNRS, fondateur de <em>Plankton Planet<\/em>, coordinateur scientifique des exp\u00e9ditions TARA<\/p>\n<\/div>\n\n\n\n<div class=\"wp-block-column is-layout-flow wp-block-column-is-layout-flow\">\n<figure class=\"wp-block-image size-full has-custom-border\"><img loading=\"lazy\" decoding=\"async\" width=\"1449\" height=\"1353\" src=\"https:\/\/festivalduplancton.fr\/wp-content\/uploads\/2025\/05\/Macronautes-scaled-copy.jpg.png\" alt=\"\" class=\"has-border-color has-ast-global-color-1-border-color wp-image-899\" style=\"border-width:5px;border-radius:100px;aspect-ratio:1;object-fit:cover\" srcset=\"https:\/\/festivalduplancton.fr\/wp-content\/uploads\/2025\/05\/Macronautes-scaled-copy.jpg.png 1449w, https:\/\/festivalduplancton.fr\/wp-content\/uploads\/2025\/05\/Macronautes-scaled-copy.jpg-300x280.png 300w, https:\/\/festivalduplancton.fr\/wp-content\/uploads\/2025\/05\/Macronautes-scaled-copy.jpg-1024x956.png 1024w, https:\/\/festivalduplancton.fr\/wp-content\/uploads\/2025\/05\/Macronautes-scaled-copy.jpg-768x717.png 768w\" sizes=\"auto, (max-width: 1449px) 100vw, 1449px\" \/><\/figure>\n\n\n\n<p class=\"has-text-align-center\"><strong>No\u00e9 Sardet et Sharif Mirshak<\/strong><\/p>\n\n\n\n<p class=\"has-text-align-center\">Cin\u00e9astes et photographes du collectif Les Macronautes, cr\u00e9ateurs des&nbsp;<em>Chroniques du plancton<\/em>&nbsp;et du&nbsp;<em>Ballet du plancton<\/em><\/p>\n<\/div>\n\n\n\n<div class=\"wp-block-column is-layout-flow wp-block-column-is-layout-flow\">\n<figure class=\"wp-block-image size-full has-custom-border\"><img loading=\"lazy\" decoding=\"async\" width=\"640\" height=\"641\" src=\"https:\/\/festivalduplancton.fr\/wp-content\/uploads\/2025\/04\/IMG_6915.jpg\" alt=\"\" class=\"has-border-color has-ast-global-color-1-border-color wp-image-876\" style=\"border-width:5px;border-radius:100px;aspect-ratio:1;object-fit:cover\" srcset=\"https:\/\/festivalduplancton.fr\/wp-content\/uploads\/2025\/04\/IMG_6915.jpg 640w, https:\/\/festivalduplancton.fr\/wp-content\/uploads\/2025\/04\/IMG_6915-300x300.jpg 300w, https:\/\/festivalduplancton.fr\/wp-content\/uploads\/2025\/04\/IMG_6915-150x150.jpg 150w\" sizes=\"auto, (max-width: 640px) 100vw, 640px\" \/><\/figure>\n\n\n\n<p class=\"has-text-align-center\"><strong><strong>Marie-Kell De Cannart<\/strong><\/strong><\/p>\n\n\n\n<p class=\"has-text-align-center\">Biologiste et violoniste, activiste contre l&#8217;exploitation mini\u00e8re des grands fonds marins<\/p>\n<\/div>\n\n\n\n<div class=\"wp-block-column is-layout-flow wp-block-column-is-layout-flow\">\n<figure class=\"wp-block-image size-full has-custom-border\"><img loading=\"lazy\" decoding=\"async\" width=\"708\" height=\"708\" src=\"https:\/\/festivalduplancton.fr\/wp-content\/uploads\/2025\/03\/Festival-du-Plancton-Marine-Duval.jpg\" alt=\"\" class=\"has-border-color has-ast-global-color-1-border-color wp-image-274\" style=\"border-width:5px;border-radius:100px;aspect-ratio:1;object-fit:cover\" srcset=\"https:\/\/festivalduplancton.fr\/wp-content\/uploads\/2025\/03\/Festival-du-Plancton-Marine-Duval.jpg 708w, https:\/\/festivalduplancton.fr\/wp-content\/uploads\/2025\/03\/Festival-du-Plancton-Marine-Duval-300x300.jpg 300w, https:\/\/festivalduplancton.fr\/wp-content\/uploads\/2025\/03\/Festival-du-Plancton-Marine-Duval-150x150.jpg 150w\" sizes=\"auto, (max-width: 708px) 100vw, 708px\" \/><\/figure>\n\n\n\n<p class=\"has-text-align-center\"><strong>Marine Duval<\/strong><\/p>\n\n\n\n<p class=\"has-text-align-center\">Navigatrice et artiste plasticienne d\u00e9diant son art \u00e0 la protection des oc\u00e9ans<\/p>\n<\/div>\n<\/div>\n\n\n\n<div class=\"wp-block-columns is-not-stacked-on-mobile uag-hide-desktop uag-hide-tab is-layout-flex wp-container-core-columns-is-layout-a84af439 wp-block-columns-is-layout-flex\" style=\"padding-top:0;padding-right:0;padding-bottom:15px;padding-left:0\">\n<div class=\"wp-block-column is-layout-flow wp-block-column-is-layout-flow\">\n<figure class=\"wp-block-image size-full has-custom-border\"><img loading=\"lazy\" decoding=\"async\" width=\"828\" height=\"828\" src=\"http:\/\/festivalduplancton.fr\/wp-content\/uploads\/2025\/03\/Plankton-Planet-Jean-Louis-Etienne.webp\" alt=\"Plankton Planet - Jean Louis Etienne\" class=\"has-border-color has-ast-global-color-1-border-color wp-image-267\" style=\"border-width:5px;border-radius:100px;aspect-ratio:1;object-fit:cover\" srcset=\"https:\/\/festivalduplancton.fr\/wp-content\/uploads\/2025\/03\/Plankton-Planet-Jean-Louis-Etienne.webp 828w, https:\/\/festivalduplancton.fr\/wp-content\/uploads\/2025\/03\/Plankton-Planet-Jean-Louis-Etienne-300x300.webp 300w, https:\/\/festivalduplancton.fr\/wp-content\/uploads\/2025\/03\/Plankton-Planet-Jean-Louis-Etienne-150x150.webp 150w, https:\/\/festivalduplancton.fr\/wp-content\/uploads\/2025\/03\/Plankton-Planet-Jean-Louis-Etienne-768x768.webp 768w\" sizes=\"auto, (max-width: 828px) 100vw, 828px\" \/><\/figure>\n\n\n\n<p class=\"has-text-align-center\"><strong>Jean-Louis Etienne<\/strong><\/p>\n\n\n\n<p class=\"has-text-align-center\">M\u00e9decin et explorateur polaire, parrain de l&#8217;\u00e9dition 2025 du Festival du Plancton<\/p>\n<\/div>\n\n\n\n<div class=\"wp-block-column is-layout-flow wp-block-column-is-layout-flow\">\n<figure class=\"wp-block-image size-full has-custom-border\"><img loading=\"lazy\" decoding=\"async\" width=\"800\" height=\"800\" src=\"http:\/\/festivalduplancton.fr\/wp-content\/uploads\/2025\/04\/Festival-du-Plancton-Isabelle-Autissier-e1743620856684.jpg\" alt=\"Festival du Plancton - Isabelle Autissier\" class=\"has-border-color has-ast-global-color-1-border-color wp-image-422\" style=\"border-width:5px;border-radius:100px;aspect-ratio:1;object-fit:cover\" srcset=\"https:\/\/festivalduplancton.fr\/wp-content\/uploads\/2025\/04\/Festival-du-Plancton-Isabelle-Autissier-e1743620856684.jpg 800w, https:\/\/festivalduplancton.fr\/wp-content\/uploads\/2025\/04\/Festival-du-Plancton-Isabelle-Autissier-e1743620856684-300x300.jpg 300w, https:\/\/festivalduplancton.fr\/wp-content\/uploads\/2025\/04\/Festival-du-Plancton-Isabelle-Autissier-e1743620856684-150x150.jpg 150w, https:\/\/festivalduplancton.fr\/wp-content\/uploads\/2025\/04\/Festival-du-Plancton-Isabelle-Autissier-e1743620856684-768x768.jpg 768w\" sizes=\"auto, (max-width: 800px) 100vw, 800px\" \/><\/figure>\n\n\n\n<p class=\"has-text-align-center\"><strong>Isabelle Autissier<\/strong><\/p>\n\n\n\n<p class=\"has-text-align-center\">Navigatrice, \u00e9crivaine et pr\u00e9sidente d\u2019honneur du WWF<\/p>\n<\/div>\n<\/div>\n\n\n\n<div style=\"height:25px\" aria-hidden=\"true\" class=\"wp-block-spacer uag-hide-desktop uag-hide-tab\"><\/div>\n\n\n\n<div class=\"wp-block-columns is-not-stacked-on-mobile uag-hide-desktop uag-hide-tab is-layout-flex wp-container-core-columns-is-layout-a84af439 wp-block-columns-is-layout-flex\" style=\"padding-top:0;padding-right:0;padding-bottom:15px;padding-left:0\">\n<div class=\"wp-block-column is-layout-flow wp-block-column-is-layout-flow\">\n<figure class=\"wp-block-image size-full has-custom-border\"><img loading=\"lazy\" decoding=\"async\" width=\"450\" height=\"387\" src=\"http:\/\/festivalduplancton.fr\/wp-content\/uploads\/2025\/03\/Plankton-Planet-Christian-Sardet.jpg\" alt=\"Plankton Planet - Christian Sardet\" class=\"has-border-color has-ast-global-color-1-border-color wp-image-265\" style=\"border-width:5px;border-radius:100px;aspect-ratio:1;object-fit:cover\" srcset=\"https:\/\/festivalduplancton.fr\/wp-content\/uploads\/2025\/03\/Plankton-Planet-Christian-Sardet.jpg 450w, https:\/\/festivalduplancton.fr\/wp-content\/uploads\/2025\/03\/Plankton-Planet-Christian-Sardet-300x258.jpg 300w\" sizes=\"auto, (max-width: 450px) 100vw, 450px\" \/><\/figure>\n\n\n\n<p class=\"has-text-align-center\"><strong>Christian Sardet<\/strong><\/p>\n\n\n\n<p class=\"has-text-align-center\">Biologiste, photographe et \u00e9crivain. Auteur des ouvrages <em>Plancton : Aux origines du vivant et Cellules : une histoire de la vie<\/em><\/p>\n<\/div>\n\n\n\n<div class=\"wp-block-column is-layout-flow wp-block-column-is-layout-flow\">\n<figure class=\"wp-block-image size-full has-custom-border\"><img loading=\"lazy\" decoding=\"async\" width=\"945\" height=\"845\" src=\"https:\/\/festivalduplancton.fr\/wp-content\/uploads\/2025\/04\/wilfried-2.jpg\" alt=\"\" class=\"has-border-color has-ast-global-color-1-border-color wp-image-871\" style=\"border-width:5px;border-radius:100px;aspect-ratio:1;object-fit:cover\" srcset=\"https:\/\/festivalduplancton.fr\/wp-content\/uploads\/2025\/04\/wilfried-2.jpg 945w, https:\/\/festivalduplancton.fr\/wp-content\/uploads\/2025\/04\/wilfried-2-300x268.jpg 300w, https:\/\/festivalduplancton.fr\/wp-content\/uploads\/2025\/04\/wilfried-2-768x687.jpg 768w\" sizes=\"auto, (max-width: 945px) 100vw, 945px\" \/><\/figure>\n\n\n\n<p class=\"has-text-align-center\"><strong>Wilfried N&#8217;Sond\u00e9<\/strong><\/p>\n\n\n\n<p class=\"has-text-align-center\">\u00c9crivain et chanteur, auteur de <em>Heliosph\u00e9ra, fille des abysses<\/em>, <em>d&#8217;amour et de plancton<\/em><\/p>\n<\/div>\n<\/div>\n\n\n\n<div style=\"height:25px\" aria-hidden=\"true\" class=\"wp-block-spacer uag-hide-desktop uag-hide-tab\"><\/div>\n\n\n\n<div class=\"wp-block-columns is-not-stacked-on-mobile uag-hide-desktop uag-hide-tab is-layout-flex wp-container-core-columns-is-layout-a84af439 wp-block-columns-is-layout-flex\" style=\"padding-top:0;padding-right:0;padding-bottom:15px;padding-left:0\">\n<div class=\"wp-block-column is-layout-flow wp-block-column-is-layout-flow\">\n<figure class=\"wp-block-image size-full has-custom-border\"><img loading=\"lazy\" decoding=\"async\" width=\"800\" height=\"800\" src=\"http:\/\/festivalduplancton.fr\/wp-content\/uploads\/2025\/03\/Plankton-Planet-Colomban-de-Vargas.jpg\" alt=\"Plankton Planet - Colomban de Vargas\" class=\"has-border-color has-ast-global-color-1-border-color wp-image-266\" style=\"border-width:5px;border-radius:100px;aspect-ratio:1;object-fit:cover\" srcset=\"https:\/\/festivalduplancton.fr\/wp-content\/uploads\/2025\/03\/Plankton-Planet-Colomban-de-Vargas.jpg 800w, https:\/\/festivalduplancton.fr\/wp-content\/uploads\/2025\/03\/Plankton-Planet-Colomban-de-Vargas-300x300.jpg 300w, https:\/\/festivalduplancton.fr\/wp-content\/uploads\/2025\/03\/Plankton-Planet-Colomban-de-Vargas-150x150.jpg 150w, https:\/\/festivalduplancton.fr\/wp-content\/uploads\/2025\/03\/Plankton-Planet-Colomban-de-Vargas-768x768.jpg 768w\" sizes=\"auto, (max-width: 800px) 100vw, 800px\" \/><\/figure>\n\n\n\n<p class=\"has-text-align-center\"><strong>Colomban De Vargas<\/strong><\/p>\n\n\n\n<p class=\"has-text-align-center\">Directeur de recherche CNRS, fondateur de <em>Plankton Planet<\/em>, ex-coordinateur scientifique des exp\u00e9ditions TARA<\/p>\n<\/div>\n\n\n\n<div class=\"wp-block-column is-layout-flow wp-block-column-is-layout-flow\">\n<figure class=\"wp-block-image size-full has-custom-border\"><img loading=\"lazy\" decoding=\"async\" width=\"1449\" height=\"1353\" src=\"https:\/\/festivalduplancton.fr\/wp-content\/uploads\/2025\/05\/Macronautes-scaled-copy.jpg-1.png\" alt=\"\" class=\"has-border-color has-ast-global-color-1-border-color wp-image-900\" style=\"border-width:5px;border-radius:100px;aspect-ratio:1;object-fit:cover\" srcset=\"https:\/\/festivalduplancton.fr\/wp-content\/uploads\/2025\/05\/Macronautes-scaled-copy.jpg-1.png 1449w, https:\/\/festivalduplancton.fr\/wp-content\/uploads\/2025\/05\/Macronautes-scaled-copy.jpg-1-300x280.png 300w, https:\/\/festivalduplancton.fr\/wp-content\/uploads\/2025\/05\/Macronautes-scaled-copy.jpg-1-1024x956.png 1024w, https:\/\/festivalduplancton.fr\/wp-content\/uploads\/2025\/05\/Macronautes-scaled-copy.jpg-1-768x717.png 768w\" sizes=\"auto, (max-width: 1449px) 100vw, 1449px\" \/><\/figure>\n\n\n\n<p class=\"has-text-align-center\"><strong>No\u00e9 Sardet et Sharif Mirshak<\/strong><\/p>\n\n\n\n<p class=\"has-text-align-center\">Cin\u00e9astes et photographes du collectif Les Macronautes, cr\u00e9ateurs des&nbsp;<em>Chroniques du plancton<\/em>&nbsp;et du&nbsp;<em>Ballet du plancton<\/em><\/p>\n<\/div>\n<\/div>\n\n\n\n<div style=\"height:25px\" aria-hidden=\"true\" class=\"wp-block-spacer uag-hide-desktop uag-hide-tab\"><\/div>\n\n\n\n<div class=\"wp-block-columns is-not-stacked-on-mobile uag-hide-desktop uag-hide-tab is-layout-flex wp-container-core-columns-is-layout-a84af439 wp-block-columns-is-layout-flex\" style=\"padding-top:0;padding-right:0;padding-bottom:15px;padding-left:0\">\n<div class=\"wp-block-column is-layout-flow wp-block-column-is-layout-flow\">\n<figure class=\"wp-block-image size-full has-custom-border\"><img loading=\"lazy\" decoding=\"async\" width=\"640\" height=\"641\" src=\"https:\/\/festivalduplancton.fr\/wp-content\/uploads\/2025\/04\/IMG_6915-2.jpg\" alt=\"\" class=\"has-border-color has-ast-global-color-1-border-color wp-image-880\" style=\"border-width:5px;border-radius:100px;aspect-ratio:1;object-fit:cover\" srcset=\"https:\/\/festivalduplancton.fr\/wp-content\/uploads\/2025\/04\/IMG_6915-2.jpg 640w, https:\/\/festivalduplancton.fr\/wp-content\/uploads\/2025\/04\/IMG_6915-2-300x300.jpg 300w, https:\/\/festivalduplancton.fr\/wp-content\/uploads\/2025\/04\/IMG_6915-2-150x150.jpg 150w\" sizes=\"auto, (max-width: 640px) 100vw, 640px\" \/><\/figure>\n\n\n\n<p class=\"has-text-align-center\"><strong><strong>Marie-Kell De Cannart<\/strong><\/strong><\/p>\n\n\n\n<p class=\"has-text-align-center\">Biologiste et violoniste, activiste contre l&#8217;exploitation mini\u00e8re des grands fonds marins<\/p>\n<\/div>\n\n\n\n<div class=\"wp-block-column is-layout-flow wp-block-column-is-layout-flow\">\n<figure class=\"wp-block-image size-full has-custom-border\"><img loading=\"lazy\" decoding=\"async\" width=\"708\" height=\"708\" src=\"https:\/\/festivalduplancton.fr\/wp-content\/uploads\/2025\/03\/Festival-du-Plancton-Marine-Duval.jpg\" alt=\"\" class=\"has-border-color has-ast-global-color-1-border-color wp-image-274\" style=\"border-width:5px;border-radius:100px;aspect-ratio:1;object-fit:cover\" srcset=\"https:\/\/festivalduplancton.fr\/wp-content\/uploads\/2025\/03\/Festival-du-Plancton-Marine-Duval.jpg 708w, https:\/\/festivalduplancton.fr\/wp-content\/uploads\/2025\/03\/Festival-du-Plancton-Marine-Duval-300x300.jpg 300w, https:\/\/festivalduplancton.fr\/wp-content\/uploads\/2025\/03\/Festival-du-Plancton-Marine-Duval-150x150.jpg 150w\" sizes=\"auto, (max-width: 708px) 100vw, 708px\" \/><\/figure>\n\n\n\n<p class=\"has-text-align-center\"><strong>Marine Duval<\/strong><\/p>\n\n\n\n<p class=\"has-text-align-center\">Navigatrice et artiste plasticienne d\u00e9diant son art \u00e0 la protection des oc\u00e9ans<\/p>\n<\/div>\n<\/div>\n\n\n\n<div style=\"height:50px\" aria-hidden=\"true\" class=\"wp-block-spacer uag-hide-desktop uag-hide-tab uag-hide-mob\"><\/div>\n\n\n\n<div id=\"concours\" class=\"wp-block-group has-border-color has-ast-global-color-1-border-color uag-hide-desktop uag-hide-tab uag-hide-mob is-layout-constrained wp-block-group-is-layout-constrained\" style=\"border-width:3px;border-radius:16px\">\n<h2 class=\"wp-block-heading has-ast-global-color-1-color has-text-color has-link-color wp-elements-6a1d273dd88f72c2e60bb792ccd21dac\">Jeu concours &#8211; P\u00eache au plancton dans la ville !<\/h2>\n\n\n\n<p>Partez \u00e0 la recherche des planctons cach\u00e9s dans les commerces de Saint-Gilles-Croix-de-Vie et tentez de remporter de nombreux lots !<\/p>\n\n\n\n<p><strong>\ud83d\udd0e<\/strong> Prenez la place d\u2019un <strong>biologiste marin<\/strong> et partez explorer les <strong>commerces de la ville<\/strong> \u00e0 la recherche des noms des 5 planctons de votre fiche. Ramenez votre <strong>fiche d\u2019identification<\/strong> compl\u00e9t\u00e9e \u00e0 la salle Marie de Beaucaire avant<strong> dimanche 16h<\/strong> pour avoir une chance de gagner !<\/p>\n\n\n\n<p><strong>\ud83c\udfc6<\/strong> <strong>Remise des prix<\/strong> : dimanche 22 juin \u00e0 16h, Salle Marie de Beaucaire, en pr\u00e9sence de repr\u00e9sentants de l\u2019Union des commer\u00e7ants de la ville. De nombreux lots sont \u00e0 gagner !<\/p>\n\n\n\n<div class=\"wp-block-buttons is-content-justification-center is-layout-flex wp-container-core-buttons-is-layout-a89b3969 wp-block-buttons-is-layout-flex\">\n<div class=\"wp-block-button is-style-fill\"><a class=\"wp-block-button__link has-border-color has-ast-global-color-1-border-color wp-element-button\" href=\"http:\/\/festivalduplancton.fr\/wp-content\/uploads\/2025\/05\/Jeu-Concours-Peche-au-Plancton.pdf\" target=\"_blank\" rel=\"noreferrer noopener\">T\u00e9l\u00e9charger votre fiche d&#8217;identification<\/a><\/div>\n<\/div>\n<\/div>\n\n\n\n<div style=\"height:100px\" aria-hidden=\"true\" class=\"wp-block-spacer\"><\/div>\n\n\n\n<h1 class=\"wp-block-heading has-ast-global-color-2-color has-text-color has-link-color wp-elements-fc2d96e0dd986aa0b0d6083f714fd561\" id=\"infos-pratiques\">Infos pratiques<\/h1>\n\n\n\n<p>Plus d&#8217;informations \u00e0 venir.<\/p>\n\n\n\n<h2 class=\"wp-block-heading has-ast-global-color-7-color has-text-color has-link-color uag-hide-desktop uag-hide-tab uag-hide-mob wp-elements-a6418f45c8fda37918c7f0b05286c174\">Se rendre au festival<\/h2>\n\n\n\n<p class=\"uag-hide-desktop uag-hide-tab uag-hide-mob\"><strong>\ud83d\udccd Lieu :<\/strong> Salle Marie-de-Beaucaire, Promenade de la Vie, 85800 Saint-Gilles-Croix-de-Vie, France.<\/p>\n\n\n\t\t\t<div \n\t\t\tclass=\"wp-block-uagb-google-map uagb-google-map__wrap uagb-block-0b7b1197 uag-hide-desktop uag-hide-tab uag-hide-mob  \"\n\t\t\tstyle=\"\" >\n\t\t\t\t<embed\n\t\t\t\t\tclass=\"uagb-google-map__iframe\"\n\t\t\t\t\ttitle=\"Google Map for \"\n\t\t\t\t\tsrc=\"https:\/\/maps.google.com\/maps?q=Salle%20Marie-de-Beaucaire%2C%20Promenade%20de%20la%20Vie%2C%2085800%20Saint-Gilles-Croix-de-Vie%2C%20France&#038;z=12&#038;hl=fr&#038;t=m&#038;output=embed&#038;iwloc=near\"\n\t\t\t\t\twidth=\"640\"\n\t\t\t\t\theight=\"400\"\n\t\t\t\t\tloading=\"lazy\"\n\t\t\t\t><\/embed>\n\t\t\t<\/div>\n\t\t\t\n\n\n<div style=\"height:10px\" aria-hidden=\"true\" class=\"wp-block-spacer\"><\/div>\n\n\n\n<p class=\"uag-hide-desktop uag-hide-tab uag-hide-mob\">\u26a0\ufe0fToutes les animations ont lieu dans cette salle<strong> sauf la grande soir\u00e9e sur l\u2019exploration marine<\/strong>, le vendredi 20 juin \u00e0 20h. Celle-ci aura lieu au <a href=\"https:\/\/maps.app.goo.gl\/SMzhyhQJsi5m4EYp7\" target=\"_blank\" rel=\"noreferrer noopener\">Cin\u00e9 Marine, rue de la f\u00e9licite 85800 Saint-Gilles-Croix-de-Vie<\/a>.<\/p>\n\n\n\n<h2 class=\"wp-block-heading has-ast-global-color-7-color has-text-color has-link-color uag-hide-desktop uag-hide-tab uag-hide-mob wp-elements-b59b4701008b8d95cdf2009f92a3f076\">Autres informations<\/h2>\n\n\n\n<p class=\"uag-hide-desktop uag-hide-tab uag-hide-mob\">\ud83c\udfaa <strong>Acc\u00e8s libre : <\/strong>l&#8217;entr\u00e9e au Festival est gratuite. Des expositions photographiques et immersives sont \u00e0 d\u00e9couvrir sur place. Ouverture des portes Samedi 21 Juin \u00e0 9h00. Fermeture Dimanche 22 Juin \u00e0 17h00.<\/p>\n\n\n\n<p class=\"uag-hide-desktop uag-hide-tab uag-hide-mob\"><strong>\ud83d\udcc5 R\u00e9servations :<\/strong> les inscriptions sont obligatoires pour les soir\u00e9es et les ateliers. Rendez-vous dans l&#8217;onglet <a href=\"#programme-2025\" data-type=\"internal\" data-id=\"#programme-2025\"><strong>Programme 2025<\/strong><\/a> pour prendre votre ticket. Prix libre.<\/p>\n\n\n\n<p class=\"uag-hide-desktop uag-hide-tab uag-hide-mob\">\ud83e\uddc3 <strong>D\u00e9bit de boisson : <\/strong>retrouvez sur place un espace d\u00e9tente et un d\u00e9bit de boisson durant le week-end. Pas de vente de nourriture dans le Festival, mais des tables et des chaises seront mises \u00e0 votre disposition.<\/p>\n\n\n\n<div style=\"height:25px\" aria-hidden=\"true\" class=\"wp-block-spacer\"><\/div>\n\n\n\n<div class=\"wp-block-group has-border-color has-ast-global-color-2-border-color uag-hide-desktop uag-hide-tab uag-hide-mob is-layout-constrained wp-block-group-is-layout-constrained\" style=\"border-width:3px;border-radius:16px\">\n<h2 class=\"wp-block-heading has-ast-global-color-2-color has-text-color has-link-color wp-elements-a05f3d577666911cc2a8ef1b543c0845\">Si possible, privil\u00e9giez les mobilit\u00e9s douces pour venir sur place !<\/h2>\n\n\n\n<p>\ud83d\ude82 <strong>En train :<\/strong> Saint-Gilles-Croix-de-Vie est \u00e0 1h15 de train de Nantes. Depuis la gare de Saint-Gilles-Croix-de-Vie, vous pouvez ensuite vous rendre au Festival en moins de 20 minutes de marche.<\/p>\n\n\n\n<p>\ud83d\udeb2 <strong>En v\u00e9lo :<\/strong> Profitez des nombreuses pistes cyclables de Saint-Gilles-Croix-de-Vie pour venir au Festival. Des espaces pour garer les v\u00e9los sont disponibles \u00e0 proximit\u00e9 du Festival.<\/p>\n\n\n\n<p>\ud83d\ude97 <strong>En voiture : <\/strong>T\u00e9l\u00e9chargez <a href=\"http:\/\/festivalduplancton.fr\/wp-content\/uploads\/2025\/06\/Festival-du-Plancton-Guide-du-stationnement-2025.pdf\" target=\"_blank\" rel=\"noreferrer noopener\">le guide de stationnement de la ville<\/a>.<\/p>\n<\/div>\n\n\n\n<div style=\"height:100px\" aria-hidden=\"true\" class=\"wp-block-spacer\"><\/div>\n\n\n\n<h1 class=\"wp-block-heading has-ast-global-color-3-color has-text-color has-link-color wp-elements-288fc164abbadd2ca4bb309152ba6a79\" id=\"notre-equipe\">Notre \u00e9quipe<\/h1>\n\n\n\n<h2 class=\"wp-block-heading has-ast-global-color-7-color has-text-color has-link-color wp-elements-ce7516aebc333a18c1dc6eaa34d62d08\">Les organisateurs<\/h2>\n\n\n\n<div class=\"wp-block-columns is-layout-flex wp-container-core-columns-is-layout-e0e4babd wp-block-columns-is-layout-flex\" style=\"padding-right:0;padding-left:0\">\n<div class=\"wp-block-column is-layout-flow wp-block-column-is-layout-flow\">\n<figure class=\"wp-block-image size-large has-custom-border zoom-image\"><a href=\"https:\/\/amaury-guerin.fr\" target=\"_blank\" rel=\" noreferrer noopener\"><img loading=\"lazy\" decoding=\"async\" width=\"1024\" height=\"1024\" src=\"http:\/\/festivalduplancton.fr\/wp-content\/uploads\/2025\/03\/DSC02758-3-scaled-e1743021831710-1024x1024.jpg\" alt=\"Festival du Plancton - Amaury Gu\u00e9rin\" class=\"has-border-color has-ast-global-color-3-border-color wp-image-392\" style=\"border-width:5px;border-radius:100%;aspect-ratio:1;object-fit:cover\" srcset=\"https:\/\/festivalduplancton.fr\/wp-content\/uploads\/2025\/03\/DSC02758-3-scaled-e1743021831710-1024x1024.jpg 1024w, https:\/\/festivalduplancton.fr\/wp-content\/uploads\/2025\/03\/DSC02758-3-scaled-e1743021831710-300x300.jpg 300w, https:\/\/festivalduplancton.fr\/wp-content\/uploads\/2025\/03\/DSC02758-3-scaled-e1743021831710-150x150.jpg 150w, https:\/\/festivalduplancton.fr\/wp-content\/uploads\/2025\/03\/DSC02758-3-scaled-e1743021831710-768x768.jpg 768w, https:\/\/festivalduplancton.fr\/wp-content\/uploads\/2025\/03\/DSC02758-3-scaled-e1743021831710.jpg 1536w\" sizes=\"auto, (max-width: 1024px) 100vw, 1024px\" \/><\/a><\/figure>\n\n\n\n<p><strong>Amaury Gu\u00e9rin<\/strong><\/p>\n\n\n\n<p>Fondateur du Festival du Plancton, Amaury est un navigateur vend\u00e9en. Il a men\u00e9 une premi\u00e8re exp\u00e9dition vers le cercle polaire arctique en 2022 aux c\u00f4t\u00e9s de Plankton Planet. Aujourd\u2019hui, il pr\u00e9pare une Boucle Transatlantique en solitaire sur un petit voilier de 6.50 m\u00e8tres.<br><\/p>\n<\/div>\n\n\n\n<div class=\"wp-block-column is-layout-flow wp-block-column-is-layout-flow\">\n<figure class=\"wp-block-image size-full has-custom-border zoom-image\"><a href=\"https:\/\/planktonplanet.org\/\" target=\"_blank\" rel=\" noreferrer noopener\"><img loading=\"lazy\" decoding=\"async\" width=\"512\" height=\"512\" src=\"https:\/\/festivalduplancton.fr\/wp-content\/uploads\/2025\/03\/cropped-logoP2.png\" alt=\"\" class=\"has-border-color has-ast-global-color-3-border-color wp-image-415\" style=\"border-width:5px;border-radius:100%\" srcset=\"https:\/\/festivalduplancton.fr\/wp-content\/uploads\/2025\/03\/cropped-logoP2.png 512w, https:\/\/festivalduplancton.fr\/wp-content\/uploads\/2025\/03\/cropped-logoP2-300x300.png 300w, https:\/\/festivalduplancton.fr\/wp-content\/uploads\/2025\/03\/cropped-logoP2-150x150.png 150w\" sizes=\"auto, (max-width: 512px) 100vw, 512px\" \/><\/a><\/figure>\n\n\n\n<p><strong>Plankton Planet<\/strong><\/p>\n\n\n\n<p>Plankton Planet est un consortium scientifique visant \u00e0 \u00e9tablir une mesure plan\u00e9taire, \u201cseatoyenne\u201d et continue du plancton d\u2019ici \u00e0 2030, gr\u00e2ce aux pr\u00e9l\u00e8vements de tous les usagers de la mer. Le consortium r\u00e9unit des chercheurs et des passionn\u00e9s d\u00e9termin\u00e9s \u00e0 partager leur passion pour le plancton.<\/p>\n<\/div>\n\n\n\n<div class=\"wp-block-column is-layout-flow wp-block-column-is-layout-flow\">\n<figure class=\"wp-block-image size-large has-custom-border\"><img loading=\"lazy\" decoding=\"async\" width=\"1024\" height=\"589\" src=\"http:\/\/festivalduplancton.fr\/wp-content\/uploads\/2025\/03\/Festival-du-Plancton-Photo_groupe_Festival-1-1024x589.jpg\" alt=\"Festival du Plancton - Photo_groupe_Festival\" class=\"has-border-color has-ast-global-color-3-border-color wp-image-408\" style=\"border-width:5px;border-radius:100%;aspect-ratio:1;object-fit:cover\"\/><\/figure>\n\n\n\n<p><strong>Une \u00e9quipe de b\u00e9n\u00e9voles locaux<\/strong><\/p>\n\n\n\n<p>Le Festival pourra vous accueillir gr\u00e2ce \u00e0 la mobilisation de b\u00e9n\u00e9voles gillocruciens pr\u00eat \u00e0 s\u2019engager pour le plancton !<\/p>\n<\/div>\n<\/div>\n\n\n\n<div style=\"height:25px\" aria-hidden=\"true\" class=\"wp-block-spacer\"><\/div>\n\n\n\n<h2 class=\"wp-block-heading has-ast-global-color-7-color has-text-color has-link-color wp-elements-7e6d21f816be1f649a607a8f27b7c1e9\">Ils nous soutiennent<\/h2>\n\n\n\n<div class=\"wp-block-columns are-vertically-aligned-center uag-hide-mob is-layout-flex wp-container-core-columns-is-layout-8f7573de wp-block-columns-is-layout-flex\" style=\"padding-top:var(--wp--preset--spacing--40);padding-right:0;padding-bottom:var(--wp--preset--spacing--40);padding-left:0\">\n<div class=\"wp-block-column is-vertically-aligned-center is-layout-flow wp-block-column-is-layout-flow\" style=\"padding-right:0;padding-left:0\">\n<figure class=\"wp-block-image size-full zoom-image\"><a href=\"https:\/\/www.saintgillescroixdevie.fr\/\" target=\"_blank\" rel=\" noreferrer noopener\"><img loading=\"lazy\" decoding=\"async\" width=\"800\" height=\"800\" src=\"http:\/\/festivalduplancton.fr\/wp-content\/uploads\/2025\/04\/Festival-du-Plancton-Logo-Ville-de-Saint-Gilles-Croix-de-Vie.jpg\" alt=\"Festival du Plancton - Logo Ville de Saint-Gilles-Croix-de-Vie\" class=\"wp-image-434\" srcset=\"https:\/\/festivalduplancton.fr\/wp-content\/uploads\/2025\/04\/Festival-du-Plancton-Logo-Ville-de-Saint-Gilles-Croix-de-Vie.jpg 800w, https:\/\/festivalduplancton.fr\/wp-content\/uploads\/2025\/04\/Festival-du-Plancton-Logo-Ville-de-Saint-Gilles-Croix-de-Vie-300x300.jpg 300w, https:\/\/festivalduplancton.fr\/wp-content\/uploads\/2025\/04\/Festival-du-Plancton-Logo-Ville-de-Saint-Gilles-Croix-de-Vie-150x150.jpg 150w, https:\/\/festivalduplancton.fr\/wp-content\/uploads\/2025\/04\/Festival-du-Plancton-Logo-Ville-de-Saint-Gilles-Croix-de-Vie-768x768.jpg 768w\" sizes=\"auto, (max-width: 800px) 100vw, 800px\" \/><\/a><\/figure>\n<\/div>\n\n\n\n<div class=\"wp-block-column is-vertically-aligned-center is-layout-flow wp-block-column-is-layout-flow\">\n<figure class=\"wp-block-image size-full zoom-image\"><a href=\"https:\/\/payssaintgilles.fr\/\" target=\"_blank\" rel=\" noreferrer noopener\"><img loading=\"lazy\" decoding=\"async\" width=\"675\" height=\"948\" src=\"http:\/\/festivalduplancton.fr\/wp-content\/uploads\/2025\/04\/Festival-du-Plancton-Agglomeration-Saint-Gilles-Croix-de-Vie.jpg\" alt=\"Festival du Plancton - Agglom\u00e9ration Saint-Gilles-Croix-de-Vie\" class=\"wp-image-435\" srcset=\"https:\/\/festivalduplancton.fr\/wp-content\/uploads\/2025\/04\/Festival-du-Plancton-Agglomeration-Saint-Gilles-Croix-de-Vie.jpg 675w, https:\/\/festivalduplancton.fr\/wp-content\/uploads\/2025\/04\/Festival-du-Plancton-Agglomeration-Saint-Gilles-Croix-de-Vie-214x300.jpg 214w\" sizes=\"auto, (max-width: 675px) 100vw, 675px\" \/><\/a><\/figure>\n<\/div>\n\n\n\n<div class=\"wp-block-column is-vertically-aligned-center is-layout-flow wp-block-column-is-layout-flow\">\n<figure class=\"wp-block-image size-full zoom-image\"><a href=\"https:\/\/www.groupesatov.fr\/\" target=\"_blank\" rel=\" noreferrer noopener\"><img loading=\"lazy\" decoding=\"async\" width=\"1234\" height=\"941\" src=\"http:\/\/festivalduplancton.fr\/wp-content\/uploads\/2025\/04\/Festival-du-Plancton-Logo-Satov.jpg\" alt=\"Festival du Plancton - Logo Satov\" class=\"wp-image-436\" srcset=\"https:\/\/festivalduplancton.fr\/wp-content\/uploads\/2025\/04\/Festival-du-Plancton-Logo-Satov.jpg 1234w, https:\/\/festivalduplancton.fr\/wp-content\/uploads\/2025\/04\/Festival-du-Plancton-Logo-Satov-300x229.jpg 300w, https:\/\/festivalduplancton.fr\/wp-content\/uploads\/2025\/04\/Festival-du-Plancton-Logo-Satov-1024x781.jpg 1024w, https:\/\/festivalduplancton.fr\/wp-content\/uploads\/2025\/04\/Festival-du-Plancton-Logo-Satov-768x586.jpg 768w\" sizes=\"auto, (max-width: 1234px) 100vw, 1234px\" \/><\/a><\/figure>\n<\/div>\n\n\n\n<div class=\"wp-block-column is-vertically-aligned-center is-layout-flow wp-block-column-is-layout-flow\">\n<figure class=\"wp-block-image size-full zoom-image\"><a href=\"https:\/\/lions-saintgillescroixdevie.myassoc.org\/\" target=\"_blank\" rel=\" noreferrer noopener\"><img loading=\"lazy\" decoding=\"async\" width=\"250\" height=\"233\" src=\"http:\/\/festivalduplancton.fr\/wp-content\/uploads\/2025\/04\/Festival-du-Plancton-Logo-LIONS-CLUB.jpg\" alt=\"Festival du Plancton - Logo LIONS CLUB\" class=\"wp-image-437\"\/><\/a><\/figure>\n<\/div>\n\n\n\n<div class=\"wp-block-column is-vertically-aligned-center is-layout-flow wp-block-column-is-layout-flow\" style=\"padding-right:0;padding-left:0\">\n<figure class=\"wp-block-image size-large zoom-image\"><a href=\"https:\/\/www.laperledesdieux.com\/\" target=\"_blank\" rel=\" noreferrer noopener\"><img loading=\"lazy\" decoding=\"async\" width=\"1020\" height=\"1024\" src=\"http:\/\/festivalduplancton.fr\/wp-content\/uploads\/2025\/04\/Festival-du-Plancton-Logo-LPDD-1020x1024.jpg\" alt=\"Festival du Plancton - Logo LPDD\" class=\"wp-image-438\" srcset=\"https:\/\/festivalduplancton.fr\/wp-content\/uploads\/2025\/04\/Festival-du-Plancton-Logo-LPDD-1020x1024.jpg 1020w, https:\/\/festivalduplancton.fr\/wp-content\/uploads\/2025\/04\/Festival-du-Plancton-Logo-LPDD-300x300.jpg 300w, https:\/\/festivalduplancton.fr\/wp-content\/uploads\/2025\/04\/Festival-du-Plancton-Logo-LPDD-150x150.jpg 150w, https:\/\/festivalduplancton.fr\/wp-content\/uploads\/2025\/04\/Festival-du-Plancton-Logo-LPDD-768x771.jpg 768w, https:\/\/festivalduplancton.fr\/wp-content\/uploads\/2025\/04\/Festival-du-Plancton-Logo-LPDD-1531x1536.jpg 1531w, https:\/\/festivalduplancton.fr\/wp-content\/uploads\/2025\/04\/Festival-du-Plancton-Logo-LPDD.jpg 1705w\" sizes=\"auto, (max-width: 1020px) 100vw, 1020px\" \/><\/a><\/figure>\n<\/div>\n<\/div>\n\n\n\n<div class=\"wp-block-columns are-vertically-aligned-center uag-hide-mob is-layout-flex wp-container-core-columns-is-layout-8f7573de wp-block-columns-is-layout-flex\" style=\"padding-top:var(--wp--preset--spacing--40);padding-right:0;padding-bottom:var(--wp--preset--spacing--40);padding-left:0\">\n<div class=\"wp-block-column is-vertically-aligned-center is-layout-flow wp-block-column-is-layout-flow\">\n<figure class=\"wp-block-image size-full zoom-image\"><a href=\"https:\/\/www.saintgillescroixdevie.fr\/contacts\/action-saint-gilles-croix-de-vie-union-des-commercants\/#:~:text=L'Union%20des%20Professionnels%20de,Saint%20Gilles%20croix%20de%20Vie.\" target=\"_blank\" rel=\" noreferrer noopener\"><img loading=\"lazy\" decoding=\"async\" width=\"668\" height=\"426\" src=\"http:\/\/festivalduplancton.fr\/wp-content\/uploads\/2025\/04\/Festival-du-Plancton-Logo-Union-des-Professionnels-de-SGA.jpg\" alt=\"Festival du Plancton - Logo Union des Professionnels de SGA\" class=\"wp-image-439\" srcset=\"https:\/\/festivalduplancton.fr\/wp-content\/uploads\/2025\/04\/Festival-du-Plancton-Logo-Union-des-Professionnels-de-SGA.jpg 668w, https:\/\/festivalduplancton.fr\/wp-content\/uploads\/2025\/04\/Festival-du-Plancton-Logo-Union-des-Professionnels-de-SGA-300x191.jpg 300w\" sizes=\"auto, (max-width: 668px) 100vw, 668px\" \/><\/a><\/figure>\n<\/div>\n\n\n\n<div class=\"wp-block-column is-vertically-aligned-center is-layout-flow wp-block-column-is-layout-flow\">\n<figure class=\"wp-block-image size-full zoom-image\"><a href=\"https:\/\/www.sgxv.fr\/\" target=\"_blank\" rel=\" noreferrer noopener\"><img loading=\"lazy\" decoding=\"async\" width=\"355\" height=\"355\" src=\"http:\/\/festivalduplancton.fr\/wp-content\/uploads\/2025\/04\/Festival-du-Plancton-Logo-SGXV.jpg\" alt=\"Festival du Plancton - Logo SGXV\" class=\"wp-image-440\" srcset=\"https:\/\/festivalduplancton.fr\/wp-content\/uploads\/2025\/04\/Festival-du-Plancton-Logo-SGXV.jpg 355w, https:\/\/festivalduplancton.fr\/wp-content\/uploads\/2025\/04\/Festival-du-Plancton-Logo-SGXV-300x300.jpg 300w, https:\/\/festivalduplancton.fr\/wp-content\/uploads\/2025\/04\/Festival-du-Plancton-Logo-SGXV-150x150.jpg 150w\" sizes=\"auto, (max-width: 355px) 100vw, 355px\" \/><\/a><\/figure>\n<\/div>\n\n\n\n<div class=\"wp-block-column is-vertically-aligned-center is-layout-flow wp-block-column-is-layout-flow\">\n<figure class=\"wp-block-image size-full has-custom-border zoom-image\"><a href=\"https:\/\/www.layourtefrancaise.fr\/\" target=\"_blank\" rel=\" noreferrer noopener\"><img loading=\"lazy\" decoding=\"async\" width=\"712\" height=\"712\" src=\"http:\/\/festivalduplancton.fr\/wp-content\/uploads\/2025\/04\/Festival-du-Plancton-Logo-La-yourte-Fr.jpg\" alt=\"Festival du Plancton - Logo La yourte Fr\" class=\"wp-image-441\" style=\"border-radius:200px\" srcset=\"https:\/\/festivalduplancton.fr\/wp-content\/uploads\/2025\/04\/Festival-du-Plancton-Logo-La-yourte-Fr.jpg 712w, https:\/\/festivalduplancton.fr\/wp-content\/uploads\/2025\/04\/Festival-du-Plancton-Logo-La-yourte-Fr-300x300.jpg 300w, https:\/\/festivalduplancton.fr\/wp-content\/uploads\/2025\/04\/Festival-du-Plancton-Logo-La-yourte-Fr-150x150.jpg 150w\" sizes=\"auto, (max-width: 712px) 100vw, 712px\" \/><\/a><\/figure>\n<\/div>\n\n\n\n<div class=\"wp-block-column is-layout-flow wp-block-column-is-layout-flow\">\n<figure class=\"wp-block-image size-full zoom-image\"><a href=\"https:\/\/www.portlavie.fr\/fr\/\" target=\"_blank\" rel=\" noreferrer noopener\"><img loading=\"lazy\" decoding=\"async\" width=\"1700\" height=\"2338\" src=\"http:\/\/festivalduplancton.fr\/wp-content\/uploads\/2025\/04\/Festival-du-Plancton-Logo-Port-la-Vie-JPG.jpg\" alt=\"Festival du Plancton - Logo Port la Vie JPG\" class=\"wp-image-442\" srcset=\"https:\/\/festivalduplancton.fr\/wp-content\/uploads\/2025\/04\/Festival-du-Plancton-Logo-Port-la-Vie-JPG.jpg 1700w, https:\/\/festivalduplancton.fr\/wp-content\/uploads\/2025\/04\/Festival-du-Plancton-Logo-Port-la-Vie-JPG-218x300.jpg 218w, https:\/\/festivalduplancton.fr\/wp-content\/uploads\/2025\/04\/Festival-du-Plancton-Logo-Port-la-Vie-JPG-745x1024.jpg 745w, https:\/\/festivalduplancton.fr\/wp-content\/uploads\/2025\/04\/Festival-du-Plancton-Logo-Port-la-Vie-JPG-768x1056.jpg 768w, https:\/\/festivalduplancton.fr\/wp-content\/uploads\/2025\/04\/Festival-du-Plancton-Logo-Port-la-Vie-JPG-1117x1536.jpg 1117w, https:\/\/festivalduplancton.fr\/wp-content\/uploads\/2025\/04\/Festival-du-Plancton-Logo-Port-la-Vie-JPG-1489x2048.jpg 1489w\" sizes=\"auto, (max-width: 1700px) 100vw, 1700px\" \/><\/a><\/figure>\n<\/div>\n\n\n\n<div class=\"wp-block-column is-vertically-aligned-center is-layout-flow wp-block-column-is-layout-flow\">\n<figure class=\"wp-block-image size-full zoom-image\"><a href=\"https:\/\/fr.foncia.com\/agence-immobiliere\/saint-jean-de-monts-85160\/agence-immobiliere\/foncia-vendee-1923\" target=\"_blank\" rel=\" noreferrer noopener\"><img loading=\"lazy\" decoding=\"async\" width=\"499\" height=\"458\" src=\"http:\/\/festivalduplancton.fr\/wp-content\/uploads\/2025\/04\/Festival-du-Plancton-Logo-Foncia.jpg\" alt=\"Festival du Plancton - Logo Foncia\" class=\"wp-image-444\" srcset=\"https:\/\/festivalduplancton.fr\/wp-content\/uploads\/2025\/04\/Festival-du-Plancton-Logo-Foncia.jpg 499w, https:\/\/festivalduplancton.fr\/wp-content\/uploads\/2025\/04\/Festival-du-Plancton-Logo-Foncia-300x275.jpg 300w\" sizes=\"auto, (max-width: 499px) 100vw, 499px\" \/><\/a><\/figure>\n<\/div>\n<\/div>\n\n\n\n<div class=\"wp-block-columns uag-hide-mob is-layout-flex wp-container-core-columns-is-layout-8f7573de wp-block-columns-is-layout-flex\" style=\"padding-top:var(--wp--preset--spacing--40);padding-right:0;padding-bottom:var(--wp--preset--spacing--40);padding-left:0\">\n<div class=\"wp-block-column is-vertically-aligned-center is-layout-flow wp-block-column-is-layout-flow\" style=\"padding-right:0;padding-left:0\">\n<figure class=\"wp-block-image size-full zoom-image\"><a href=\"https:\/\/institut-ocean.sorbonne-universite.fr\/\" target=\"_blank\" rel=\" noreferrer noopener\"><img loading=\"lazy\" decoding=\"async\" width=\"378\" height=\"133\" src=\"http:\/\/festivalduplancton.fr\/wp-content\/uploads\/2025\/04\/Festival-du-Plancton-Logo-Institut-de-locean.jpg\" alt=\"Festival du Plancton - Logo Institut de l'oce\u0301an\" class=\"wp-image-443\" srcset=\"https:\/\/festivalduplancton.fr\/wp-content\/uploads\/2025\/04\/Festival-du-Plancton-Logo-Institut-de-locean.jpg 378w, https:\/\/festivalduplancton.fr\/wp-content\/uploads\/2025\/04\/Festival-du-Plancton-Logo-Institut-de-locean-300x106.jpg 300w\" sizes=\"auto, (max-width: 378px) 100vw, 378px\" \/><\/a><\/figure>\n<\/div>\n\n\n\n<div class=\"wp-block-column is-vertically-aligned-center is-layout-flow wp-block-column-is-layout-flow\">\n<figure class=\"wp-block-image size-full zoom-image\"><a href=\"https:\/\/www.cine-marine.com\/\" target=\"_blank\" rel=\" noreferrer noopener\"><img loading=\"lazy\" decoding=\"async\" width=\"2048\" height=\"2048\" src=\"http:\/\/festivalduplancton.fr\/wp-content\/uploads\/2025\/04\/Festival-du-Plancton-Logo-Cinemarine.jpg\" alt=\"Festival du Plancton - Logo Cin\u00e9marine\" class=\"wp-image-447\" srcset=\"https:\/\/festivalduplancton.fr\/wp-content\/uploads\/2025\/04\/Festival-du-Plancton-Logo-Cinemarine.jpg 2048w, https:\/\/festivalduplancton.fr\/wp-content\/uploads\/2025\/04\/Festival-du-Plancton-Logo-Cinemarine-300x300.jpg 300w, https:\/\/festivalduplancton.fr\/wp-content\/uploads\/2025\/04\/Festival-du-Plancton-Logo-Cinemarine-1024x1024.jpg 1024w, https:\/\/festivalduplancton.fr\/wp-content\/uploads\/2025\/04\/Festival-du-Plancton-Logo-Cinemarine-150x150.jpg 150w, https:\/\/festivalduplancton.fr\/wp-content\/uploads\/2025\/04\/Festival-du-Plancton-Logo-Cinemarine-768x768.jpg 768w, https:\/\/festivalduplancton.fr\/wp-content\/uploads\/2025\/04\/Festival-du-Plancton-Logo-Cinemarine-1536x1536.jpg 1536w\" sizes=\"auto, (max-width: 2048px) 100vw, 2048px\" \/><\/a><\/figure>\n<\/div>\n\n\n\n<div class=\"wp-block-column is-vertically-aligned-center is-layout-flow wp-block-column-is-layout-flow\">\n<figure class=\"wp-block-image size-full zoom-image\"><a href=\"https:\/\/www.biodiversarium.fr\/fr\/\" target=\"_blank\" rel=\" noreferrer noopener\"><img loading=\"lazy\" decoding=\"async\" width=\"632\" height=\"184\" src=\"http:\/\/festivalduplancton.fr\/wp-content\/uploads\/2025\/04\/Festival-du-Plancton-Logo-Biodiversarium.jpg\" alt=\"Festival du Plancton - Logo Biodiversarium\" class=\"wp-image-445\" srcset=\"https:\/\/festivalduplancton.fr\/wp-content\/uploads\/2025\/04\/Festival-du-Plancton-Logo-Biodiversarium.jpg 632w, https:\/\/festivalduplancton.fr\/wp-content\/uploads\/2025\/04\/Festival-du-Plancton-Logo-Biodiversarium-300x87.jpg 300w\" sizes=\"auto, (max-width: 632px) 100vw, 632px\" \/><\/a><\/figure>\n<\/div>\n\n\n\n<div class=\"wp-block-column is-vertically-aligned-center is-layout-flow wp-block-column-is-layout-flow\">\n<figure class=\"wp-block-image size-full zoom-image\"><a href=\"https:\/\/borea.mnhn.fr\/\" target=\"_blank\" rel=\" noreferrer noopener\"><img loading=\"lazy\" decoding=\"async\" width=\"1237\" height=\"508\" src=\"http:\/\/festivalduplancton.fr\/wp-content\/uploads\/2025\/04\/Festival-du-Plancton-Logo-BOREA.jpg\" alt=\"Festival du Plancton - Logo BOREA\" class=\"wp-image-446\" srcset=\"https:\/\/festivalduplancton.fr\/wp-content\/uploads\/2025\/04\/Festival-du-Plancton-Logo-BOREA.jpg 1237w, https:\/\/festivalduplancton.fr\/wp-content\/uploads\/2025\/04\/Festival-du-Plancton-Logo-BOREA-300x123.jpg 300w, https:\/\/festivalduplancton.fr\/wp-content\/uploads\/2025\/04\/Festival-du-Plancton-Logo-BOREA-1024x421.jpg 1024w, https:\/\/festivalduplancton.fr\/wp-content\/uploads\/2025\/04\/Festival-du-Plancton-Logo-BOREA-768x315.jpg 768w\" sizes=\"auto, (max-width: 1237px) 100vw, 1237px\" \/><\/a><\/figure>\n<\/div>\n\n\n\n<div class=\"wp-block-column is-vertically-aligned-center is-layout-flow wp-block-column-is-layout-flow\">\n<figure class=\"wp-block-image size-full zoom-image\"><a href=\"https:\/\/www.macronautes.com\/fr\" target=\"_blank\" rel=\" noreferrer noopener\"><img loading=\"lazy\" decoding=\"async\" width=\"648\" height=\"132\" src=\"https:\/\/festivalduplancton.fr\/wp-content\/uploads\/2025\/04\/Festival-du-Plancton-Logo-Les-Macronautes.jpg\" alt=\"\" class=\"wp-image-543\" srcset=\"https:\/\/festivalduplancton.fr\/wp-content\/uploads\/2025\/04\/Festival-du-Plancton-Logo-Les-Macronautes.jpg 648w, https:\/\/festivalduplancton.fr\/wp-content\/uploads\/2025\/04\/Festival-du-Plancton-Logo-Les-Macronautes-300x61.jpg 300w\" sizes=\"auto, (max-width: 648px) 100vw, 648px\" \/><\/a><\/figure>\n<\/div>\n<\/div>\n\n\n\n<div class=\"wp-block-columns are-vertically-aligned-center is-not-stacked-on-mobile uag-hide-desktop uag-hide-tab is-layout-flex wp-container-core-columns-is-layout-8f7573de wp-block-columns-is-layout-flex\" style=\"padding-top:var(--wp--preset--spacing--40);padding-right:0;padding-bottom:var(--wp--preset--spacing--40);padding-left:0\">\n<div class=\"wp-block-column is-vertically-aligned-center is-layout-flow wp-block-column-is-layout-flow\" style=\"padding-right:0;padding-left:0\">\n<figure class=\"wp-block-image size-full zoom-image\"><a href=\"https:\/\/www.saintgillescroixdevie.fr\/\" target=\"_blank\" rel=\" noreferrer noopener\"><img loading=\"lazy\" decoding=\"async\" width=\"800\" height=\"800\" src=\"http:\/\/festivalduplancton.fr\/wp-content\/uploads\/2025\/04\/Festival-du-Plancton-Logo-Ville-de-Saint-Gilles-Croix-de-Vie.jpg\" alt=\"Festival du Plancton - Logo Ville de Saint-Gilles-Croix-de-Vie\" class=\"wp-image-434\" srcset=\"https:\/\/festivalduplancton.fr\/wp-content\/uploads\/2025\/04\/Festival-du-Plancton-Logo-Ville-de-Saint-Gilles-Croix-de-Vie.jpg 800w, https:\/\/festivalduplancton.fr\/wp-content\/uploads\/2025\/04\/Festival-du-Plancton-Logo-Ville-de-Saint-Gilles-Croix-de-Vie-300x300.jpg 300w, https:\/\/festivalduplancton.fr\/wp-content\/uploads\/2025\/04\/Festival-du-Plancton-Logo-Ville-de-Saint-Gilles-Croix-de-Vie-150x150.jpg 150w, https:\/\/festivalduplancton.fr\/wp-content\/uploads\/2025\/04\/Festival-du-Plancton-Logo-Ville-de-Saint-Gilles-Croix-de-Vie-768x768.jpg 768w\" sizes=\"auto, (max-width: 800px) 100vw, 800px\" \/><\/a><\/figure>\n<\/div>\n\n\n\n<div class=\"wp-block-column is-vertically-aligned-center is-layout-flow wp-block-column-is-layout-flow\">\n<figure class=\"wp-block-image size-full zoom-image\"><a href=\"https:\/\/payssaintgilles.fr\/\" target=\"_blank\" rel=\" noreferrer noopener\"><img loading=\"lazy\" decoding=\"async\" width=\"675\" height=\"948\" src=\"http:\/\/festivalduplancton.fr\/wp-content\/uploads\/2025\/04\/Festival-du-Plancton-Agglomeration-Saint-Gilles-Croix-de-Vie.jpg\" alt=\"Festival du Plancton - Agglom\u00e9ration Saint-Gilles-Croix-de-Vie\" class=\"wp-image-435\" srcset=\"https:\/\/festivalduplancton.fr\/wp-content\/uploads\/2025\/04\/Festival-du-Plancton-Agglomeration-Saint-Gilles-Croix-de-Vie.jpg 675w, https:\/\/festivalduplancton.fr\/wp-content\/uploads\/2025\/04\/Festival-du-Plancton-Agglomeration-Saint-Gilles-Croix-de-Vie-214x300.jpg 214w\" sizes=\"auto, (max-width: 675px) 100vw, 675px\" \/><\/a><\/figure>\n<\/div>\n\n\n\n<div class=\"wp-block-column is-vertically-aligned-center is-layout-flow wp-block-column-is-layout-flow\">\n<figure class=\"wp-block-image size-full zoom-image\"><a href=\"https:\/\/www.groupesatov.fr\/\" target=\"_blank\" rel=\" noreferrer noopener\"><img loading=\"lazy\" decoding=\"async\" width=\"1234\" height=\"941\" src=\"http:\/\/festivalduplancton.fr\/wp-content\/uploads\/2025\/04\/Festival-du-Plancton-Logo-Satov.jpg\" alt=\"Festival du Plancton - Logo Satov\" class=\"wp-image-436\" srcset=\"https:\/\/festivalduplancton.fr\/wp-content\/uploads\/2025\/04\/Festival-du-Plancton-Logo-Satov.jpg 1234w, https:\/\/festivalduplancton.fr\/wp-content\/uploads\/2025\/04\/Festival-du-Plancton-Logo-Satov-300x229.jpg 300w, https:\/\/festivalduplancton.fr\/wp-content\/uploads\/2025\/04\/Festival-du-Plancton-Logo-Satov-1024x781.jpg 1024w, https:\/\/festivalduplancton.fr\/wp-content\/uploads\/2025\/04\/Festival-du-Plancton-Logo-Satov-768x586.jpg 768w\" sizes=\"auto, (max-width: 1234px) 100vw, 1234px\" \/><\/a><\/figure>\n<\/div>\n<\/div>\n\n\n\n<div class=\"wp-block-columns is-not-stacked-on-mobile uag-hide-desktop uag-hide-tab is-layout-flex wp-container-core-columns-is-layout-8f7573de wp-block-columns-is-layout-flex\" style=\"padding-top:var(--wp--preset--spacing--40);padding-right:0;padding-bottom:var(--wp--preset--spacing--40);padding-left:0\">\n<div class=\"wp-block-column is-vertically-aligned-center is-layout-flow wp-block-column-is-layout-flow\">\n<figure class=\"wp-block-image size-full zoom-image\"><a href=\"https:\/\/lions-saintgillescroixdevie.myassoc.org\/\" target=\"_blank\" rel=\" noreferrer noopener\"><img loading=\"lazy\" decoding=\"async\" width=\"250\" height=\"233\" src=\"http:\/\/festivalduplancton.fr\/wp-content\/uploads\/2025\/04\/Festival-du-Plancton-Logo-LIONS-CLUB.jpg\" alt=\"Festival du Plancton - Logo LIONS CLUB\" class=\"wp-image-437\"\/><\/a><\/figure>\n<\/div>\n\n\n\n<div class=\"wp-block-column is-vertically-aligned-center is-layout-flow wp-block-column-is-layout-flow\" style=\"padding-right:0;padding-left:0\">\n<figure class=\"wp-block-image size-large zoom-image\"><a href=\"https:\/\/www.laperledesdieux.com\/\" target=\"_blank\" rel=\" noreferrer noopener\"><img loading=\"lazy\" decoding=\"async\" width=\"1020\" height=\"1024\" src=\"http:\/\/festivalduplancton.fr\/wp-content\/uploads\/2025\/04\/Festival-du-Plancton-Logo-LPDD-1020x1024.jpg\" alt=\"Festival du Plancton - Logo LPDD\" class=\"wp-image-438\" srcset=\"https:\/\/festivalduplancton.fr\/wp-content\/uploads\/2025\/04\/Festival-du-Plancton-Logo-LPDD-1020x1024.jpg 1020w, https:\/\/festivalduplancton.fr\/wp-content\/uploads\/2025\/04\/Festival-du-Plancton-Logo-LPDD-300x300.jpg 300w, https:\/\/festivalduplancton.fr\/wp-content\/uploads\/2025\/04\/Festival-du-Plancton-Logo-LPDD-150x150.jpg 150w, https:\/\/festivalduplancton.fr\/wp-content\/uploads\/2025\/04\/Festival-du-Plancton-Logo-LPDD-768x771.jpg 768w, https:\/\/festivalduplancton.fr\/wp-content\/uploads\/2025\/04\/Festival-du-Plancton-Logo-LPDD-1531x1536.jpg 1531w, https:\/\/festivalduplancton.fr\/wp-content\/uploads\/2025\/04\/Festival-du-Plancton-Logo-LPDD.jpg 1705w\" sizes=\"auto, (max-width: 1020px) 100vw, 1020px\" \/><\/a><\/figure>\n<\/div>\n\n\n\n<div class=\"wp-block-column is-vertically-aligned-center is-layout-flow wp-block-column-is-layout-flow\">\n<figure class=\"wp-block-image size-full zoom-image\"><a href=\"https:\/\/www.saintgillescroixdevie.fr\/contacts\/action-saint-gilles-croix-de-vie-union-des-commercants\/#:~:text=L'Union%20des%20Professionnels%20de,Saint%20Gilles%20croix%20de%20Vie.\" target=\"_blank\" rel=\" noreferrer noopener\"><img loading=\"lazy\" decoding=\"async\" width=\"668\" height=\"426\" src=\"http:\/\/festivalduplancton.fr\/wp-content\/uploads\/2025\/04\/Festival-du-Plancton-Logo-Union-des-Professionnels-de-SGA.jpg\" alt=\"Festival du Plancton - Logo Union des Professionnels de SGA\" class=\"wp-image-439\" srcset=\"https:\/\/festivalduplancton.fr\/wp-content\/uploads\/2025\/04\/Festival-du-Plancton-Logo-Union-des-Professionnels-de-SGA.jpg 668w, https:\/\/festivalduplancton.fr\/wp-content\/uploads\/2025\/04\/Festival-du-Plancton-Logo-Union-des-Professionnels-de-SGA-300x191.jpg 300w\" sizes=\"auto, (max-width: 668px) 100vw, 668px\" \/><\/a><\/figure>\n<\/div>\n<\/div>\n\n\n\n<div class=\"wp-block-columns are-vertically-aligned-center is-not-stacked-on-mobile uag-hide-desktop uag-hide-tab is-layout-flex wp-container-core-columns-is-layout-8f7573de wp-block-columns-is-layout-flex\" style=\"padding-top:var(--wp--preset--spacing--40);padding-right:0;padding-bottom:var(--wp--preset--spacing--40);padding-left:0\">\n<div class=\"wp-block-column is-vertically-aligned-center is-layout-flow wp-block-column-is-layout-flow\">\n<figure class=\"wp-block-image size-full zoom-image\"><a href=\"https:\/\/www.sgxv.fr\/\" target=\"_blank\" rel=\" noreferrer noopener\"><img loading=\"lazy\" decoding=\"async\" width=\"355\" height=\"355\" src=\"http:\/\/festivalduplancton.fr\/wp-content\/uploads\/2025\/04\/Festival-du-Plancton-Logo-SGXV.jpg\" alt=\"Festival du Plancton - Logo SGXV\" class=\"wp-image-440\" srcset=\"https:\/\/festivalduplancton.fr\/wp-content\/uploads\/2025\/04\/Festival-du-Plancton-Logo-SGXV.jpg 355w, https:\/\/festivalduplancton.fr\/wp-content\/uploads\/2025\/04\/Festival-du-Plancton-Logo-SGXV-300x300.jpg 300w, https:\/\/festivalduplancton.fr\/wp-content\/uploads\/2025\/04\/Festival-du-Plancton-Logo-SGXV-150x150.jpg 150w\" sizes=\"auto, (max-width: 355px) 100vw, 355px\" \/><\/a><\/figure>\n<\/div>\n\n\n\n<div class=\"wp-block-column is-vertically-aligned-center is-layout-flow wp-block-column-is-layout-flow\">\n<figure class=\"wp-block-image size-full has-custom-border zoom-image\"><a href=\"https:\/\/www.layourtefrancaise.fr\/\" target=\"_blank\" rel=\" noreferrer noopener\"><img loading=\"lazy\" decoding=\"async\" width=\"712\" height=\"712\" src=\"http:\/\/festivalduplancton.fr\/wp-content\/uploads\/2025\/04\/Festival-du-Plancton-Logo-La-yourte-Fr.jpg\" alt=\"Festival du Plancton - Logo La yourte Fr\" class=\"wp-image-441\" style=\"border-radius:200px\" srcset=\"https:\/\/festivalduplancton.fr\/wp-content\/uploads\/2025\/04\/Festival-du-Plancton-Logo-La-yourte-Fr.jpg 712w, https:\/\/festivalduplancton.fr\/wp-content\/uploads\/2025\/04\/Festival-du-Plancton-Logo-La-yourte-Fr-300x300.jpg 300w, https:\/\/festivalduplancton.fr\/wp-content\/uploads\/2025\/04\/Festival-du-Plancton-Logo-La-yourte-Fr-150x150.jpg 150w\" sizes=\"auto, (max-width: 712px) 100vw, 712px\" \/><\/a><\/figure>\n<\/div>\n\n\n\n<div class=\"wp-block-column is-layout-flow wp-block-column-is-layout-flow\">\n<figure class=\"wp-block-image size-full zoom-image\"><a href=\"https:\/\/www.portlavie.fr\/fr\/\" target=\"_blank\" rel=\" noreferrer noopener\"><img loading=\"lazy\" decoding=\"async\" width=\"1700\" height=\"2338\" src=\"http:\/\/festivalduplancton.fr\/wp-content\/uploads\/2025\/04\/Festival-du-Plancton-Logo-Port-la-Vie-JPG.jpg\" alt=\"Festival du Plancton - Logo Port la Vie JPG\" class=\"wp-image-442\" srcset=\"https:\/\/festivalduplancton.fr\/wp-content\/uploads\/2025\/04\/Festival-du-Plancton-Logo-Port-la-Vie-JPG.jpg 1700w, https:\/\/festivalduplancton.fr\/wp-content\/uploads\/2025\/04\/Festival-du-Plancton-Logo-Port-la-Vie-JPG-218x300.jpg 218w, https:\/\/festivalduplancton.fr\/wp-content\/uploads\/2025\/04\/Festival-du-Plancton-Logo-Port-la-Vie-JPG-745x1024.jpg 745w, https:\/\/festivalduplancton.fr\/wp-content\/uploads\/2025\/04\/Festival-du-Plancton-Logo-Port-la-Vie-JPG-768x1056.jpg 768w, https:\/\/festivalduplancton.fr\/wp-content\/uploads\/2025\/04\/Festival-du-Plancton-Logo-Port-la-Vie-JPG-1117x1536.jpg 1117w, https:\/\/festivalduplancton.fr\/wp-content\/uploads\/2025\/04\/Festival-du-Plancton-Logo-Port-la-Vie-JPG-1489x2048.jpg 1489w\" sizes=\"auto, (max-width: 1700px) 100vw, 1700px\" \/><\/a><\/figure>\n<\/div>\n<\/div>\n\n\n\n<div class=\"wp-block-columns are-vertically-aligned-center is-not-stacked-on-mobile uag-hide-desktop uag-hide-tab is-layout-flex wp-container-core-columns-is-layout-8f7573de wp-block-columns-is-layout-flex\" style=\"padding-top:var(--wp--preset--spacing--40);padding-right:0;padding-bottom:var(--wp--preset--spacing--40);padding-left:0\">\n<div class=\"wp-block-column is-vertically-aligned-center is-layout-flow wp-block-column-is-layout-flow\">\n<figure class=\"wp-block-image size-full zoom-image\"><a href=\"https:\/\/fr.foncia.com\/agence-immobiliere\/saint-jean-de-monts-85160\/agence-immobiliere\/foncia-vendee-1923\" target=\"_blank\" rel=\" noreferrer noopener\"><img loading=\"lazy\" decoding=\"async\" width=\"499\" height=\"458\" src=\"http:\/\/festivalduplancton.fr\/wp-content\/uploads\/2025\/04\/Festival-du-Plancton-Logo-Foncia.jpg\" alt=\"Festival du Plancton - Logo Foncia\" class=\"wp-image-444\" srcset=\"https:\/\/festivalduplancton.fr\/wp-content\/uploads\/2025\/04\/Festival-du-Plancton-Logo-Foncia.jpg 499w, https:\/\/festivalduplancton.fr\/wp-content\/uploads\/2025\/04\/Festival-du-Plancton-Logo-Foncia-300x275.jpg 300w\" sizes=\"auto, (max-width: 499px) 100vw, 499px\" \/><\/a><\/figure>\n<\/div>\n\n\n\n<div class=\"wp-block-column is-vertically-aligned-center is-layout-flow wp-block-column-is-layout-flow\" style=\"padding-right:0;padding-left:0\">\n<figure class=\"wp-block-image size-full zoom-image\"><a href=\"https:\/\/institut-ocean.sorbonne-universite.fr\/\" target=\"_blank\" rel=\" noreferrer noopener\"><img loading=\"lazy\" decoding=\"async\" width=\"378\" height=\"133\" src=\"http:\/\/festivalduplancton.fr\/wp-content\/uploads\/2025\/04\/Festival-du-Plancton-Logo-Institut-de-locean.jpg\" alt=\"Festival du Plancton - Logo Institut de l'oce\u0301an\" class=\"wp-image-443\" srcset=\"https:\/\/festivalduplancton.fr\/wp-content\/uploads\/2025\/04\/Festival-du-Plancton-Logo-Institut-de-locean.jpg 378w, https:\/\/festivalduplancton.fr\/wp-content\/uploads\/2025\/04\/Festival-du-Plancton-Logo-Institut-de-locean-300x106.jpg 300w\" sizes=\"auto, (max-width: 378px) 100vw, 378px\" \/><\/a><\/figure>\n<\/div>\n\n\n\n<div class=\"wp-block-column is-vertically-aligned-center is-layout-flow wp-block-column-is-layout-flow\">\n<figure class=\"wp-block-image size-full zoom-image\"><a href=\"https:\/\/www.cine-marine.com\/\" target=\"_blank\" rel=\" noreferrer noopener\"><img loading=\"lazy\" decoding=\"async\" width=\"2048\" height=\"2048\" src=\"http:\/\/festivalduplancton.fr\/wp-content\/uploads\/2025\/04\/Festival-du-Plancton-Logo-Cinemarine.jpg\" alt=\"Festival du Plancton - Logo Cin\u00e9marine\" class=\"wp-image-447\" srcset=\"https:\/\/festivalduplancton.fr\/wp-content\/uploads\/2025\/04\/Festival-du-Plancton-Logo-Cinemarine.jpg 2048w, https:\/\/festivalduplancton.fr\/wp-content\/uploads\/2025\/04\/Festival-du-Plancton-Logo-Cinemarine-300x300.jpg 300w, https:\/\/festivalduplancton.fr\/wp-content\/uploads\/2025\/04\/Festival-du-Plancton-Logo-Cinemarine-1024x1024.jpg 1024w, https:\/\/festivalduplancton.fr\/wp-content\/uploads\/2025\/04\/Festival-du-Plancton-Logo-Cinemarine-150x150.jpg 150w, https:\/\/festivalduplancton.fr\/wp-content\/uploads\/2025\/04\/Festival-du-Plancton-Logo-Cinemarine-768x768.jpg 768w, https:\/\/festivalduplancton.fr\/wp-content\/uploads\/2025\/04\/Festival-du-Plancton-Logo-Cinemarine-1536x1536.jpg 1536w\" sizes=\"auto, (max-width: 2048px) 100vw, 2048px\" \/><\/a><\/figure>\n<\/div>\n<\/div>\n\n\n\n<div class=\"wp-block-columns is-not-stacked-on-mobile uag-hide-desktop uag-hide-tab is-layout-flex wp-container-core-columns-is-layout-8f7573de wp-block-columns-is-layout-flex\" style=\"padding-top:var(--wp--preset--spacing--40);padding-right:0;padding-bottom:var(--wp--preset--spacing--40);padding-left:0\">\n<div class=\"wp-block-column is-vertically-aligned-center is-layout-flow wp-block-column-is-layout-flow\">\n<figure class=\"wp-block-image size-full zoom-image\"><a href=\"https:\/\/www.biodiversarium.fr\/fr\/\" target=\"_blank\" rel=\" noreferrer noopener\"><img loading=\"lazy\" decoding=\"async\" width=\"632\" height=\"184\" src=\"http:\/\/festivalduplancton.fr\/wp-content\/uploads\/2025\/04\/Festival-du-Plancton-Logo-Biodiversarium.jpg\" alt=\"Festival du Plancton - Logo Biodiversarium\" class=\"wp-image-445\" srcset=\"https:\/\/festivalduplancton.fr\/wp-content\/uploads\/2025\/04\/Festival-du-Plancton-Logo-Biodiversarium.jpg 632w, https:\/\/festivalduplancton.fr\/wp-content\/uploads\/2025\/04\/Festival-du-Plancton-Logo-Biodiversarium-300x87.jpg 300w\" sizes=\"auto, (max-width: 632px) 100vw, 632px\" \/><\/a><\/figure>\n<\/div>\n\n\n\n<div class=\"wp-block-column is-vertically-aligned-center is-layout-flow wp-block-column-is-layout-flow\">\n<figure class=\"wp-block-image size-full zoom-image\"><a href=\"https:\/\/borea.mnhn.fr\/\" target=\"_blank\" rel=\" noreferrer noopener\"><img loading=\"lazy\" decoding=\"async\" width=\"1237\" height=\"508\" src=\"http:\/\/festivalduplancton.fr\/wp-content\/uploads\/2025\/04\/Festival-du-Plancton-Logo-BOREA.jpg\" alt=\"Festival du Plancton - Logo BOREA\" class=\"wp-image-446\" srcset=\"https:\/\/festivalduplancton.fr\/wp-content\/uploads\/2025\/04\/Festival-du-Plancton-Logo-BOREA.jpg 1237w, https:\/\/festivalduplancton.fr\/wp-content\/uploads\/2025\/04\/Festival-du-Plancton-Logo-BOREA-300x123.jpg 300w, https:\/\/festivalduplancton.fr\/wp-content\/uploads\/2025\/04\/Festival-du-Plancton-Logo-BOREA-1024x421.jpg 1024w, https:\/\/festivalduplancton.fr\/wp-content\/uploads\/2025\/04\/Festival-du-Plancton-Logo-BOREA-768x315.jpg 768w\" sizes=\"auto, (max-width: 1237px) 100vw, 1237px\" \/><\/a><\/figure>\n<\/div>\n\n\n\n<div class=\"wp-block-column is-vertically-aligned-center is-layout-flow wp-block-column-is-layout-flow\">\n<figure class=\"wp-block-image size-full zoom-image\"><a href=\"https:\/\/www.macronautes.com\/fr\" target=\"_blank\" rel=\" noreferrer noopener\"><img loading=\"lazy\" decoding=\"async\" width=\"648\" height=\"132\" src=\"http:\/\/festivalduplancton.fr\/wp-content\/uploads\/2025\/04\/Festival-du-Plancton-Logo-Les-Macronautes.jpg\" alt=\"Festival du Plancton - Logo Les Macronautes\" class=\"wp-image-543\" srcset=\"https:\/\/festivalduplancton.fr\/wp-content\/uploads\/2025\/04\/Festival-du-Plancton-Logo-Les-Macronautes.jpg 648w, https:\/\/festivalduplancton.fr\/wp-content\/uploads\/2025\/04\/Festival-du-Plancton-Logo-Les-Macronautes-300x61.jpg 300w\" sizes=\"auto, (max-width: 648px) 100vw, 648px\" \/><\/a><\/figure>\n<\/div>\n<\/div>\n\n\n\n<div style=\"height:100px\" aria-hidden=\"true\" class=\"wp-block-spacer\"><\/div>\n","protected":false},"excerpt":{"rendered":"<p>Plongez dans l&#8217;univers du plancton Le Festival du Plancton revient pour une 2\u1d49 \u00e9dition \u00e0 Saint-Gilles-Croix-de-Vie ! Pendant quatre jours, [&hellip;]<\/p>\n","protected":false},"author":1,"featured_media":0,"parent":0,"menu_order":0,"comment_status":"closed","ping_status":"closed","template":"","meta":{"_uag_custom_page_level_css":"","site-sidebar-layout":"default","site-content-layout":"","ast-site-content-layout":"","site-content-style":"default","site-sidebar-style":"default","ast-global-header-display":"","ast-banner-title-visibility":"","ast-main-header-display":"","ast-hfb-above-header-display":"","ast-hfb-below-header-display":"","ast-hfb-mobile-header-display":"","site-post-title":"disabled","ast-breadcrumbs-content":"","ast-featured-img":"","footer-sml-layout":"","theme-transparent-header-meta":"","adv-header-id-meta":"","stick-header-meta":"","header-above-stick-meta":"","header-main-stick-meta":"","header-below-stick-meta":"","astra-migrate-meta-layouts":"default","ast-page-background-enabled":"default","ast-page-background-meta":{"desktop":{"background-color":"var(--ast-global-color-5)","background-image":"","background-repeat":"repeat","background-position":"center center","background-size":"auto","background-attachment":"scroll","background-type":"","background-media":"","overlay-type":"","overlay-color":"","overlay-opacity":"","overlay-gradient":""},"tablet":{"background-color":"","background-image":"","background-repeat":"repeat","background-position":"center center","background-size":"auto","background-attachment":"scroll","background-type":"","background-media":"","overlay-type":"","overlay-color":"","overlay-opacity":"","overlay-gradient":""},"mobile":{"background-color":"","background-image":"","background-repeat":"repeat","background-position":"center center","background-size":"auto","background-attachment":"scroll","background-type":"","background-media":"","overlay-type":"","overlay-color":"","overlay-opacity":"","overlay-gradient":""}},"ast-content-background-meta":{"desktop":{"background-color":"var(--ast-global-color-4)","background-image":"","background-repeat":"repeat","background-position":"center center","background-size":"auto","background-attachment":"scroll","background-type":"","background-media":"","overlay-type":"","overlay-color":"","overlay-opacity":"","overlay-gradient":""},"tablet":{"background-color":"var(--ast-global-color-4)","background-image":"","background-repeat":"repeat","background-position":"center center","background-size":"auto","background-attachment":"scroll","background-type":"","background-media":"","overlay-type":"","overlay-color":"","overlay-opacity":"","overlay-gradient":""},"mobile":{"background-color":"var(--ast-global-color-4)","background-image":"","background-repeat":"repeat","background-position":"center center","background-size":"auto","background-attachment":"scroll","background-type":"","background-media":"","overlay-type":"","overlay-color":"","overlay-opacity":"","overlay-gradient":""}},"footnotes":""},"class_list":["post-8","page","type-page","status-publish","hentry"],"yoast_head":"<!-- This site is optimized with the Yoast SEO plugin v27.4 - https:\/\/yoast.com\/product\/yoast-seo-wordpress\/ -->\n<title>Festival du Plancton - Accueil<\/title>\n<meta name=\"description\" content=\"Venez d\u00e9couvrir le peuple de l&#039;invisible lors du Festival du Plancton du 19 au 22 juin 2025 \u00e0 Saint-Gilles-Croix-de-Vie .\" \/>\n<meta name=\"robots\" content=\"index, follow, max-snippet:-1, max-image-preview:large, max-video-preview:-1\" \/>\n<link rel=\"canonical\" href=\"https:\/\/festivalduplancton.fr\/\" \/>\n<meta property=\"og:locale\" content=\"en_US\" \/>\n<meta property=\"og:type\" content=\"article\" \/>\n<meta property=\"og:title\" content=\"Festival du plancton - Accueil\" \/>\n<meta property=\"og:description\" content=\"Venez d\u00e9couvrir le peuple de l&#039;invisible lors du Festival du Plancton du 19 au 22 juin 2025 \u00e0 Saint-Gilles-Croix-de-Vie .\" \/>\n<meta property=\"og:url\" content=\"https:\/\/festivalduplancton.fr\/\" \/>\n<meta property=\"og:site_name\" content=\"Festival du Plancton\" \/>\n<meta property=\"article:modified_time\" content=\"2025-08-09T20:27:10+00:00\" \/>\n<meta property=\"og:image\" content=\"https:\/\/festivalduplancton.fr\/wp-content\/uploads\/2025\/04\/Unknown-2-e1744050210714.png\" \/>\n\t<meta property=\"og:image:width\" content=\"1876\" \/>\n\t<meta property=\"og:image:height\" content=\"1062\" \/>\n\t<meta property=\"og:image:type\" content=\"image\/png\" \/>\n<meta name=\"twitter:card\" content=\"summary_large_image\" \/>\n<meta name=\"twitter:title\" content=\"Festival du plancton - Accueil\" \/>\n<meta name=\"twitter:description\" content=\"Venez d\u00e9couvrir le peuple de l&#039;invisible lors du Festival du Plancton du 19 au 22 juin 2025 \u00e0 Saint-Gilles-Croix-de-Vie .\" \/>\n<meta name=\"twitter:image\" content=\"https:\/\/festivalduplancton.fr\/wp-content\/uploads\/2025\/04\/Unknown-2-e1744050210714.png\" \/>\n<meta name=\"twitter:label1\" content=\"Est. reading time\" \/>\n\t<meta name=\"twitter:data1\" content=\"32 minutes\" \/>\n<script type=\"application\/ld+json\" class=\"yoast-schema-graph\">{\"@context\":\"https:\\\/\\\/schema.org\",\"@graph\":[{\"@type\":\"WebPage\",\"@id\":\"https:\\\/\\\/festivalduplancton.fr\\\/\",\"url\":\"https:\\\/\\\/festivalduplancton.fr\\\/\",\"name\":\"Festival du Plancton - Accueil\",\"isPartOf\":{\"@id\":\"https:\\\/\\\/festivalduplancton.fr\\\/#website\"},\"primaryImageOfPage\":{\"@id\":\"https:\\\/\\\/festivalduplancton.fr\\\/#primaryimage\"},\"image\":{\"@id\":\"https:\\\/\\\/festivalduplancton.fr\\\/#primaryimage\"},\"thumbnailUrl\":\"http:\\\/\\\/festivalduplancton.fr\\\/wp-content\\\/uploads\\\/2025\\\/03\\\/Unknown-2.png\",\"datePublished\":\"2025-02-13T19:02:21+00:00\",\"dateModified\":\"2025-08-09T20:27:10+00:00\",\"description\":\"Venez d\u00e9couvrir le peuple de l'invisible lors du Festival du Plancton du 19 au 22 juin 2025 \u00e0 Saint-Gilles-Croix-de-Vie .\",\"breadcrumb\":{\"@id\":\"https:\\\/\\\/festivalduplancton.fr\\\/#breadcrumb\"},\"inLanguage\":\"en-US\",\"potentialAction\":[{\"@type\":\"ReadAction\",\"target\":[\"https:\\\/\\\/festivalduplancton.fr\\\/\"]}]},{\"@type\":\"ImageObject\",\"inLanguage\":\"en-US\",\"@id\":\"https:\\\/\\\/festivalduplancton.fr\\\/#primaryimage\",\"url\":\"https:\\\/\\\/festivalduplancton.fr\\\/wp-content\\\/uploads\\\/2025\\\/03\\\/Unknown-2.png\",\"contentUrl\":\"https:\\\/\\\/festivalduplancton.fr\\\/wp-content\\\/uploads\\\/2025\\\/03\\\/Unknown-2.png\",\"width\":4789,\"height\":1080,\"caption\":\"Festival du Plancton - Banni\u00e8re\"},{\"@type\":\"BreadcrumbList\",\"@id\":\"https:\\\/\\\/festivalduplancton.fr\\\/#breadcrumb\",\"itemListElement\":[{\"@type\":\"ListItem\",\"position\":1,\"name\":\"Accueil\",\"item\":\"https:\\\/\\\/festivalduplancton.fr\\\/\"},{\"@type\":\"ListItem\",\"position\":2,\"name\":\"Accueil\"}]},{\"@type\":\"WebSite\",\"@id\":\"https:\\\/\\\/festivalduplancton.fr\\\/#website\",\"url\":\"https:\\\/\\\/festivalduplancton.fr\\\/\",\"name\":\"Festival du Plancton\",\"description\":\"\",\"publisher\":{\"@id\":\"https:\\\/\\\/festivalduplancton.fr\\\/#organization\"},\"potentialAction\":[{\"@type\":\"SearchAction\",\"target\":{\"@type\":\"EntryPoint\",\"urlTemplate\":\"https:\\\/\\\/festivalduplancton.fr\\\/?s={search_term_string}\"},\"query-input\":{\"@type\":\"PropertyValueSpecification\",\"valueRequired\":true,\"valueName\":\"search_term_string\"}}],\"inLanguage\":\"en-US\"},{\"@type\":\"Organization\",\"@id\":\"https:\\\/\\\/festivalduplancton.fr\\\/#organization\",\"name\":\"Festival du Plancton\",\"url\":\"https:\\\/\\\/festivalduplancton.fr\\\/\",\"logo\":{\"@type\":\"ImageObject\",\"inLanguage\":\"en-US\",\"@id\":\"https:\\\/\\\/festivalduplancton.fr\\\/#\\\/schema\\\/logo\\\/image\\\/\",\"url\":\"https:\\\/\\\/festivalduplancton.fr\\\/wp-content\\\/uploads\\\/2025\\\/03\\\/cropped-LOGO-SANSFONDcouleurs-scaled.png\",\"contentUrl\":\"https:\\\/\\\/festivalduplancton.fr\\\/wp-content\\\/uploads\\\/2025\\\/03\\\/cropped-LOGO-SANSFONDcouleurs-scaled.png\",\"width\":2560,\"height\":1169,\"caption\":\"Festival du Plancton\"},\"image\":{\"@id\":\"https:\\\/\\\/festivalduplancton.fr\\\/#\\\/schema\\\/logo\\\/image\\\/\"}}]}<\/script>\n<!-- \/ Yoast SEO plugin. -->","yoast_head_json":{"title":"Festival du Plancton - Accueil","description":"Venez d\u00e9couvrir le peuple de l'invisible lors du Festival du Plancton du 19 au 22 juin 2025 \u00e0 Saint-Gilles-Croix-de-Vie .","robots":{"index":"index","follow":"follow","max-snippet":"max-snippet:-1","max-image-preview":"max-image-preview:large","max-video-preview":"max-video-preview:-1"},"canonical":"https:\/\/festivalduplancton.fr\/","og_locale":"en_US","og_type":"article","og_title":"Festival du plancton - Accueil","og_description":"Venez d\u00e9couvrir le peuple de l'invisible lors du Festival du Plancton du 19 au 22 juin 2025 \u00e0 Saint-Gilles-Croix-de-Vie .","og_url":"https:\/\/festivalduplancton.fr\/","og_site_name":"Festival du Plancton","article_modified_time":"2025-08-09T20:27:10+00:00","og_image":[{"width":1876,"height":1062,"url":"https:\/\/festivalduplancton.fr\/wp-content\/uploads\/2025\/04\/Unknown-2-e1744050210714.png","type":"image\/png"}],"twitter_card":"summary_large_image","twitter_title":"Festival du plancton - Accueil","twitter_description":"Venez d\u00e9couvrir le peuple de l'invisible lors du Festival du Plancton du 19 au 22 juin 2025 \u00e0 Saint-Gilles-Croix-de-Vie .","twitter_image":"https:\/\/festivalduplancton.fr\/wp-content\/uploads\/2025\/04\/Unknown-2-e1744050210714.png","twitter_misc":{"Est. reading time":"32 minutes"},"schema":{"@context":"https:\/\/schema.org","@graph":[{"@type":"WebPage","@id":"https:\/\/festivalduplancton.fr\/","url":"https:\/\/festivalduplancton.fr\/","name":"Festival du Plancton - Accueil","isPartOf":{"@id":"https:\/\/festivalduplancton.fr\/#website"},"primaryImageOfPage":{"@id":"https:\/\/festivalduplancton.fr\/#primaryimage"},"image":{"@id":"https:\/\/festivalduplancton.fr\/#primaryimage"},"thumbnailUrl":"http:\/\/festivalduplancton.fr\/wp-content\/uploads\/2025\/03\/Unknown-2.png","datePublished":"2025-02-13T19:02:21+00:00","dateModified":"2025-08-09T20:27:10+00:00","description":"Venez d\u00e9couvrir le peuple de l'invisible lors du Festival du Plancton du 19 au 22 juin 2025 \u00e0 Saint-Gilles-Croix-de-Vie .","breadcrumb":{"@id":"https:\/\/festivalduplancton.fr\/#breadcrumb"},"inLanguage":"en-US","potentialAction":[{"@type":"ReadAction","target":["https:\/\/festivalduplancton.fr\/"]}]},{"@type":"ImageObject","inLanguage":"en-US","@id":"https:\/\/festivalduplancton.fr\/#primaryimage","url":"https:\/\/festivalduplancton.fr\/wp-content\/uploads\/2025\/03\/Unknown-2.png","contentUrl":"https:\/\/festivalduplancton.fr\/wp-content\/uploads\/2025\/03\/Unknown-2.png","width":4789,"height":1080,"caption":"Festival du Plancton - Banni\u00e8re"},{"@type":"BreadcrumbList","@id":"https:\/\/festivalduplancton.fr\/#breadcrumb","itemListElement":[{"@type":"ListItem","position":1,"name":"Accueil","item":"https:\/\/festivalduplancton.fr\/"},{"@type":"ListItem","position":2,"name":"Accueil"}]},{"@type":"WebSite","@id":"https:\/\/festivalduplancton.fr\/#website","url":"https:\/\/festivalduplancton.fr\/","name":"Festival du Plancton","description":"","publisher":{"@id":"https:\/\/festivalduplancton.fr\/#organization"},"potentialAction":[{"@type":"SearchAction","target":{"@type":"EntryPoint","urlTemplate":"https:\/\/festivalduplancton.fr\/?s={search_term_string}"},"query-input":{"@type":"PropertyValueSpecification","valueRequired":true,"valueName":"search_term_string"}}],"inLanguage":"en-US"},{"@type":"Organization","@id":"https:\/\/festivalduplancton.fr\/#organization","name":"Festival du Plancton","url":"https:\/\/festivalduplancton.fr\/","logo":{"@type":"ImageObject","inLanguage":"en-US","@id":"https:\/\/festivalduplancton.fr\/#\/schema\/logo\/image\/","url":"https:\/\/festivalduplancton.fr\/wp-content\/uploads\/2025\/03\/cropped-LOGO-SANSFONDcouleurs-scaled.png","contentUrl":"https:\/\/festivalduplancton.fr\/wp-content\/uploads\/2025\/03\/cropped-LOGO-SANSFONDcouleurs-scaled.png","width":2560,"height":1169,"caption":"Festival du Plancton"},"image":{"@id":"https:\/\/festivalduplancton.fr\/#\/schema\/logo\/image\/"}}]}},"uagb_featured_image_src":{"full":false,"thumbnail":false,"medium":false,"medium_large":false,"large":false,"1536x1536":false,"2048x2048":false},"uagb_author_info":{"display_name":"admin1561","author_link":"https:\/\/festivalduplancton.fr\/index.php\/author\/admin1561\/"},"uagb_comment_info":0,"uagb_excerpt":"Plongez dans l&#8217;univers du plancton Le Festival du Plancton revient pour une 2\u1d49 \u00e9dition \u00e0 Saint-Gilles-Croix-de-Vie ! Pendant quatre jours, [&hellip;]","_links":{"self":[{"href":"https:\/\/festivalduplancton.fr\/index.php\/wp-json\/wp\/v2\/pages\/8","targetHints":{"allow":["GET"]}}],"collection":[{"href":"https:\/\/festivalduplancton.fr\/index.php\/wp-json\/wp\/v2\/pages"}],"about":[{"href":"https:\/\/festivalduplancton.fr\/index.php\/wp-json\/wp\/v2\/types\/page"}],"author":[{"embeddable":true,"href":"https:\/\/festivalduplancton.fr\/index.php\/wp-json\/wp\/v2\/users\/1"}],"replies":[{"embeddable":true,"href":"https:\/\/festivalduplancton.fr\/index.php\/wp-json\/wp\/v2\/comments?post=8"}],"version-history":[{"count":352,"href":"https:\/\/festivalduplancton.fr\/index.php\/wp-json\/wp\/v2\/pages\/8\/revisions"}],"predecessor-version":[{"id":966,"href":"https:\/\/festivalduplancton.fr\/index.php\/wp-json\/wp\/v2\/pages\/8\/revisions\/966"}],"wp:attachment":[{"href":"https:\/\/festivalduplancton.fr\/index.php\/wp-json\/wp\/v2\/media?parent=8"}],"curies":[{"name":"wp","href":"https:\/\/api.w.org\/{rel}","templated":true}]}}